{"id":474,"date":"2018-09-23T12:30:56","date_gmt":"2018-09-23T10:30:56","guid":{"rendered":"http:\/\/alde.lu\/wp\/?page_id=474"},"modified":"2018-09-25T00:22:39","modified_gmt":"2018-09-24T22:22:39","slug":"conferences-liste-des-conferences","status":"publish","type":"page","link":"http:\/\/alde.lu\/?page_id=474","title":{"rendered":"Liste des conf\u00e9rences"},"content":{"rendered":"<div class=\"fusion-fullwidth fullwidth-box fusion-builder-row-1 nonhundred-percent-fullwidth non-hundred-percent-height-scrolling\" style=\"--awb-border-radius-top-left:0px;--awb-border-radius-top-right:0px;--awb-border-radius-bottom-right:0px;--awb-border-radius-bottom-left:0px;--awb-flex-wrap:wrap;\" ><div class=\"fusion-builder-row fusion-row\"><div class=\"fusion-layout-column fusion_builder_column fusion-builder-column-0 fusion_builder_column_1_1 1_1 fusion-one-full fusion-column-first fusion-column-last\" style=\"--awb-bg-size:cover;\"><div class=\"fusion-column-wrapper fusion-flex-column-wrapper-legacy\"><div class=\"fusion-blog-shortcode fusion-blog-shortcode-1 fusion-blog-archive fusion-blog-layout-medium fusion-blog-no\"><div class=\"fusion-posts-container fusion-posts-container-no\" data-pages=\"0\"><article id=\"blog-1-post-43213\" class=\"fusion-post-medium post-43213 post type-post status-publish format-standard has-post-thumbnail hentry category-conference-debat tag-24\">\n\t<style type=\"text\/css\">\n\t\t\n\t\t\n\t\t\n\t\t\n\t\t\t<\/style>\n\n\n\t\t\t<div class=\"fusion-flexslider flexslider fusion-flexslider-loading fusion-post-slideshow\" style=\"\">\n\t\t<ul class=\"slides\">\n\t\t\t\n\t\t\t\t\t\t\t\t\t\t\t\t\t\t<li><div  class=\"fusion-image-wrapper fusion-image-size-fixed\" aria-haspopup=\"true\">\n\t\t\t\t\t\t\t<a href=\"http:\/\/alde.lu\/?p=43213\" aria-label=\"GREEN CITIES AND SUSTAINABLE URBANISM : Yesterday, Today, and Tomorrow\">\n\t\t\t\t\t\t\t<img decoding=\"async\" width=\"320\" height=\"202\" src=\"http:\/\/alde.lu\/wp\/wp-content\/uploads\/2026\/04\/A9k8xjjr_2q0c8g_284s-320x202.png\" class=\"attachment-blog-medium size-blog-medium wp-post-image\" alt=\"\" srcset=\"http:\/\/alde.lu\/wp\/wp-content\/uploads\/2026\/04\/A9k8xjjr_2q0c8g_284s-320x202.png 320w, http:\/\/alde.lu\/wp\/wp-content\/uploads\/2026\/04\/A9k8xjjr_2q0c8g_284s-700x441.png 700w\" sizes=\"(max-width: 320px) 100vw, 320px\" \/>\t\t\t<\/a>\n\t\t\t\t\t\t\t<\/div>\n<\/li>\n\t\t\t\n\t\t\t\n\t\t\t\t\t\t\t\t\t\t\t\t\t\t\t\t\t\t\t\t\t\t\t\t\t\t\t\t\t\t\t\t\t\t\t\t\t\t\t\t\t\t\t\t\t\t\t\t\t\t\t\t\t\t\t\t\t\t\t\t\t\t\t\t\t\t\t\t<\/ul>\n\t<\/div>\n\t<div class=\"fusion-post-content post-content\"><h2 class=\"blog-shortcode-post-title entry-title\"><a href=\"http:\/\/alde.lu\/?p=43213\">GREEN CITIES AND SUSTAINABLE URBANISM : Yesterday, Today, and Tomorrow<\/a><\/h2><div class=\"fusion-post-content-container\"><p> Conf\u00e9rence \u00ab\u00a0GREEN CITIES AND SUSTAINABLE URBANISM : Yesterday, Today, and Tomorrow\u00a0\u00bb Inscription\u00a0: Les personnes qui d\u00e9sirent participer \u00e0 cette conf\u00e9rence sont pri\u00e9es d\u2019utiliser le lien figurant sur le formulaire d\u2019inscription en annexe ou en suivant le lien suivant :\u00a0https:\/\/pretix.eu\/bnl\/green\/ L\u2019inscription est gratuite. Jeudi, 23 avril\u00a0 2026, \u00e0 19h00, \u00e0<\/p><\/div><\/div><div class=\"fusion-clearfix\"><\/div><div class=\"fusion-meta-info\"><div class=\"fusion-alignleft\"><span class=\"vcard\" style=\"display: none;\"><span class=\"fn\"><a href=\"http:\/\/alde.lu\/?author=3\" title=\"Posts by Gerard Schockmel\" rel=\"author\">Gerard Schockmel<\/a><\/span><\/span><span class=\"updated\" style=\"display:none;\">2026-04-01T01:41:06+02:00<\/span><span>01.04.2026<\/span><span class=\"fusion-inline-sep\">|<\/span>Categories: <a href=\"http:\/\/alde.lu\/?cat=5\" rel=\"category\">Conf\u00e9rence-d\u00e9bat<\/a><span class=\"fusion-inline-sep\">|<\/span><span class=\"meta-tags\">Tags: <a href=\"http:\/\/alde.lu\/?tag=2026\" rel=\"tag\">2026<\/a><\/span><span class=\"fusion-inline-sep\">|<\/span><\/div><div class=\"fusion-alignright\"><a class=\"fusion-read-more\" href=\"http:\/\/alde.lu\/?p=43213\" aria-label=\"More on GREEN CITIES AND SUSTAINABLE URBANISM : Yesterday, Today, and Tomorrow\">Read More<\/a><\/div><\/div><\/article>\n<article id=\"blog-1-post-43197\" class=\"fusion-post-medium post-43197 post type-post status-publish format-standard has-post-thumbnail hentry category-conference-debat tag-24\">\n\t<style type=\"text\/css\">\n\t\t\n\t\t\n\t\t\n\t\t\n\t\t\t<\/style>\n\n\n\t\t\t<div class=\"fusion-flexslider flexslider fusion-flexslider-loading fusion-post-slideshow\" style=\"\">\n\t\t<ul class=\"slides\">\n\t\t\t\n\t\t\t\t\t\t\t\t\t\t\t\t\t\t<li><div  class=\"fusion-image-wrapper fusion-image-size-fixed\" aria-haspopup=\"true\">\n\t\t\t\t\t\t\t<a href=\"http:\/\/alde.lu\/?p=43197\" aria-label=\"La place de l\u2019environnement dans la Constitution\">\n\t\t\t\t\t\t\t<img decoding=\"async\" width=\"320\" height=\"202\" src=\"http:\/\/alde.lu\/wp\/wp-content\/uploads\/2026\/04\/c86ed165-be52-40df-8c2d-3e431867b838-320x202.png\" class=\"attachment-blog-medium size-blog-medium wp-post-image\" alt=\"\" srcset=\"http:\/\/alde.lu\/wp\/wp-content\/uploads\/2026\/04\/c86ed165-be52-40df-8c2d-3e431867b838-320x202.png 320w, http:\/\/alde.lu\/wp\/wp-content\/uploads\/2026\/04\/c86ed165-be52-40df-8c2d-3e431867b838-700x441.png 700w\" sizes=\"(max-width: 320px) 100vw, 320px\" \/>\t\t\t<\/a>\n\t\t\t\t\t\t\t<\/div>\n<\/li>\n\t\t\t\n\t\t\t\n\t\t\t\t\t\t\t\t\t\t\t\t\t\t\t\t\t\t\t\t\t\t\t\t\t\t\t\t\t\t\t\t\t\t\t\t\t\t\t\t\t\t\t\t\t\t\t\t\t\t\t\t\t\t\t\t\t\t\t\t\t\t\t\t\t\t\t\t<\/ul>\n\t<\/div>\n\t<div class=\"fusion-post-content post-content\"><h2 class=\"blog-shortcode-post-title entry-title\"><a href=\"http:\/\/alde.lu\/?p=43197\">La place de l\u2019environnement dans la Constitution<\/a><\/h2><div class=\"fusion-post-content-container\"><p> Conf\u00e9rence \u00ab\u00a0La place de l\u2019environnement dans la Constitution Aspects compar\u00e9s : examen des Constitutions allemande, belge, fran\u00e7aise et luxembourgeoise\u00a0\u00bb \u00a0 Pr\u00e9sentation par : Pour le droit luxembourgeois\u00a0:\u00a0\u00a0 Monsieur Hicham Rassafi-Guibal Avocat \u00e0 la Cour \u2013 Docteur en droit \u00a0 Pour le droit belge\u00a0:\u00a0 Monsieur David Renders Professeur \u00e0 l\u2019UCLouvain<\/p><\/div><\/div><div class=\"fusion-clearfix\"><\/div><div class=\"fusion-meta-info\"><div class=\"fusion-alignleft\"><span class=\"vcard\" style=\"display: none;\"><span class=\"fn\"><a href=\"http:\/\/alde.lu\/?author=3\" title=\"Posts by Gerard Schockmel\" rel=\"author\">Gerard Schockmel<\/a><\/span><\/span><span class=\"updated\" style=\"display:none;\">2026-04-29T07:13:43+02:00<\/span><span>01.04.2026<\/span><span class=\"fusion-inline-sep\">|<\/span>Categories: <a href=\"http:\/\/alde.lu\/?cat=5\" rel=\"category\">Conf\u00e9rence-d\u00e9bat<\/a><span class=\"fusion-inline-sep\">|<\/span><span class=\"meta-tags\">Tags: <a href=\"http:\/\/alde.lu\/?tag=2026\" rel=\"tag\">2026<\/a><\/span><span class=\"fusion-inline-sep\">|<\/span><\/div><div class=\"fusion-alignright\"><a class=\"fusion-read-more\" href=\"http:\/\/alde.lu\/?p=43197\" aria-label=\"More on La place de l\u2019environnement dans la Constitution\">Read More<\/a><\/div><\/div><\/article>\n<article id=\"blog-1-post-43140\" class=\"fusion-post-medium post-43140 post type-post status-publish format-standard has-post-thumbnail hentry category-conference-debat tag-24\">\n\t<style type=\"text\/css\">\n\t\t\n\t\t\n\t\t\n\t\t\n\t\t\t<\/style>\n\n\n\t\t\t<div class=\"fusion-flexslider flexslider fusion-flexslider-loading fusion-post-slideshow\" style=\"\">\n\t\t<ul class=\"slides\">\n\t\t\t\n\t\t\t\t\t\t\t\t\t\t\t\t\t\t<li><div  class=\"fusion-image-wrapper fusion-image-size-fixed\" aria-haspopup=\"true\">\n\t\t\t\t\t\t\t<a href=\"http:\/\/alde.lu\/?p=43140\" aria-label=\"G\u00e9oportail : fonctions essentielles et nouveaut\u00e9s\">\n\t\t\t\t\t\t\t<img decoding=\"async\" width=\"320\" height=\"202\" src=\"http:\/\/alde.lu\/wp\/wp-content\/uploads\/2021\/09\/210923-Gepoprtail-320x202.jpg\" class=\"attachment-blog-medium size-blog-medium wp-post-image\" alt=\"\" srcset=\"http:\/\/alde.lu\/wp\/wp-content\/uploads\/2021\/09\/210923-Gepoprtail-320x202.jpg 320w, http:\/\/alde.lu\/wp\/wp-content\/uploads\/2021\/09\/210923-Gepoprtail-700x441.jpg 700w\" sizes=\"(max-width: 320px) 100vw, 320px\" \/>\t\t\t<\/a>\n\t\t\t\t\t\t\t<\/div>\n<\/li>\n\t\t\t\n\t\t\t\n\t\t\t\t\t\t\t\t\t\t\t\t\t\t\t\t\t\t\t\t\t\t\t\t\t\t\t\t\t\t\t\t\t\t\t\t\t\t\t\t\t\t\t\t\t\t\t\t\t\t\t\t\t\t\t\t\t\t\t\t\t\t\t\t\t\t\t\t<\/ul>\n\t<\/div>\n\t<div class=\"fusion-post-content post-content\"><h2 class=\"blog-shortcode-post-title entry-title\"><a href=\"http:\/\/alde.lu\/?p=43140\">G\u00e9oportail : fonctions essentielles et nouveaut\u00e9s<\/a><\/h2><div class=\"fusion-post-content-container\"><p> Conf\u00e9rence \u00ab G\u00e9oportail : fonctions essentielles et nouveaut\u00e9s \u00bb \u00a0 Pr\u00e9sentation par Madame Danielle HORPER Charg\u00e9e de gestion, Responsable du contenu du G\u00e9oportail aupr\u00e8s de l\u2019Administration du Cadastre et de la Topographie Monsieur Jeff KONNEN Charg\u00e9 d\u2019\u00e9tude dirigeant, Chef de Service aupr\u00e8s de l\u2019Administration du Cadastre et de la<\/p><\/div><\/div><div class=\"fusion-clearfix\"><\/div><div class=\"fusion-meta-info\"><div class=\"fusion-alignleft\"><span class=\"vcard\" style=\"display: none;\"><span class=\"fn\"><a href=\"http:\/\/alde.lu\/?author=3\" title=\"Posts by Gerard Schockmel\" rel=\"author\">Gerard Schockmel<\/a><\/span><\/span><span class=\"updated\" style=\"display:none;\">2026-03-18T11:46:04+02:00<\/span><span>27.02.2026<\/span><span class=\"fusion-inline-sep\">|<\/span>Categories: <a href=\"http:\/\/alde.lu\/?cat=5\" rel=\"category\">Conf\u00e9rence-d\u00e9bat<\/a><span class=\"fusion-inline-sep\">|<\/span><span class=\"meta-tags\">Tags: <a href=\"http:\/\/alde.lu\/?tag=2026\" rel=\"tag\">2026<\/a><\/span><span class=\"fusion-inline-sep\">|<\/span><\/div><div class=\"fusion-alignright\"><a class=\"fusion-read-more\" href=\"http:\/\/alde.lu\/?p=43140\" aria-label=\"More on G\u00e9oportail : fonctions essentielles et nouveaut\u00e9s\">Read More<\/a><\/div><\/div><\/article>\n<article id=\"blog-1-post-43137\" class=\"fusion-post-medium post-43137 post type-post status-publish format-standard has-post-thumbnail hentry category-conference-debat tag-24\">\n\t<style type=\"text\/css\">\n\t\t\n\t\t\n\t\t\n\t\t\n\t\t\t<\/style>\n\n\n\t\t\t<div class=\"fusion-flexslider flexslider fusion-flexslider-loading fusion-post-slideshow\" style=\"\">\n\t\t<ul class=\"slides\">\n\t\t\t\n\t\t\t\t\t\t\t\t\t\t\t\t\t\t<li><div  class=\"fusion-image-wrapper fusion-image-size-fixed\" aria-haspopup=\"true\">\n\t\t\t\t\t\t\t<a href=\"http:\/\/alde.lu\/?p=43137\" aria-label=\"L&#8217;animal en droit luxembourgeois et en droit de l&#8217;UE\">\n\t\t\t\t\t\t\t<img decoding=\"async\" width=\"320\" height=\"202\" src=\"http:\/\/alde.lu\/wp\/wp-content\/uploads\/2026\/02\/260226-320x202.jpg\" class=\"attachment-blog-medium size-blog-medium wp-post-image\" alt=\"\" \/>\t\t\t<\/a>\n\t\t\t\t\t\t\t<\/div>\n<\/li>\n\t\t\t\n\t\t\t\n\t\t\t\t\t\t\t\t\t\t\t\t\t\t\t\t\t\t\t\t\t\t\t\t\t\t\t\t\t\t\t\t\t\t\t\t\t\t\t\t\t\t\t\t\t\t\t\t\t\t\t\t\t\t\t\t\t\t\t\t\t\t\t\t\t\t\t\t<\/ul>\n\t<\/div>\n\t<div class=\"fusion-post-content post-content\"><h2 class=\"blog-shortcode-post-title entry-title\"><a href=\"http:\/\/alde.lu\/?p=43137\">L&#8217;animal en droit luxembourgeois et en droit de l&#8217;UE<\/a><\/h2><div class=\"fusion-post-content-container\"><p> Conf\u00e9rence \u00abL\u2019animal en droit luxembourgeois et en droit de l\u2019UE\u00bb \u00a0 Pr\u00e9sentation par Madame Alice Di Concetto LL.M. Chief Legal Advisor, The European Institute for Animal Law &amp; Policy Jeudi, 26 f\u00e9vrier 2026, \u00e0 18h30, au 5, Place Winston Churchill \u00e0 Luxembourg-Ville    Pr\u00e9sentation   <\/p><\/div><\/div><div class=\"fusion-clearfix\"><\/div><div class=\"fusion-meta-info\"><div class=\"fusion-alignleft\"><span class=\"vcard\" style=\"display: none;\"><span class=\"fn\"><a href=\"http:\/\/alde.lu\/?author=3\" title=\"Posts by Gerard Schockmel\" rel=\"author\">Gerard Schockmel<\/a><\/span><\/span><span class=\"updated\" style=\"display:none;\">2026-02-27T12:18:34+02:00<\/span><span>27.02.2026<\/span><span class=\"fusion-inline-sep\">|<\/span>Categories: <a href=\"http:\/\/alde.lu\/?cat=5\" rel=\"category\">Conf\u00e9rence-d\u00e9bat<\/a><span class=\"fusion-inline-sep\">|<\/span><span class=\"meta-tags\">Tags: <a href=\"http:\/\/alde.lu\/?tag=2026\" rel=\"tag\">2026<\/a><\/span><span class=\"fusion-inline-sep\">|<\/span><\/div><div class=\"fusion-alignright\"><a class=\"fusion-read-more\" href=\"http:\/\/alde.lu\/?p=43137\" aria-label=\"More on L&#8217;animal en droit luxembourgeois et en droit de l&#8217;UE\">Read More<\/a><\/div><\/div><\/article>\n<article id=\"blog-1-post-42928\" class=\"fusion-post-medium post-42928 post type-post status-publish format-standard has-post-thumbnail hentry category-conference-debat tag-23\">\n\t<style type=\"text\/css\">\n\t\t\n\t\t\n\t\t\n\t\t\n\t\t\t<\/style>\n\n\n\t\t\t<div class=\"fusion-flexslider flexslider fusion-flexslider-loading fusion-post-slideshow\" style=\"\">\n\t\t<ul class=\"slides\">\n\t\t\t\n\t\t\t\t\t\t\t\t\t\t\t\t\t\t<li><div  class=\"fusion-image-wrapper fusion-image-size-fixed\" aria-haspopup=\"true\">\n\t\t\t\t\t\t\t<a href=\"http:\/\/alde.lu\/?p=42928\" aria-label=\"Actualit\u00e9s du droit p\u00e9nal europ\u00e9en de l\u2019environnement\">\n\t\t\t\t\t\t\t<img decoding=\"async\" width=\"320\" height=\"202\" src=\"http:\/\/alde.lu\/wp\/wp-content\/uploads\/2024\/01\/pexels-md-jawadur-rahman-3927126-320x202.jpg\" class=\"attachment-blog-medium size-blog-medium wp-post-image\" alt=\"\" srcset=\"http:\/\/alde.lu\/wp\/wp-content\/uploads\/2024\/01\/pexels-md-jawadur-rahman-3927126-320x202.jpg 320w, http:\/\/alde.lu\/wp\/wp-content\/uploads\/2024\/01\/pexels-md-jawadur-rahman-3927126-700x441.jpg 700w\" sizes=\"(max-width: 320px) 100vw, 320px\" \/>\t\t\t<\/a>\n\t\t\t\t\t\t\t<\/div>\n<\/li>\n\t\t\t\n\t\t\t\n\t\t\t\t\t\t\t\t\t\t\t\t\t\t\t\t\t\t\t\t\t\t\t\t\t\t\t\t\t\t\t\t\t\t\t\t\t\t\t\t\t\t\t\t\t\t\t\t\t\t\t\t\t\t\t\t\t\t\t\t\t\t\t\t\t\t\t\t<\/ul>\n\t<\/div>\n\t<div class=\"fusion-post-content post-content\"><h2 class=\"blog-shortcode-post-title entry-title\"><a href=\"http:\/\/alde.lu\/?p=42928\">Actualit\u00e9s du droit p\u00e9nal europ\u00e9en de l\u2019environnement<\/a><\/h2><div class=\"fusion-post-content-container\"><p> Conf\u00e9rence \u00abActualit\u00e9s du droit p\u00e9nal europ\u00e9en de l\u2019environnement\u00bb \u00a0 Pr\u00e9sentation par Ma\u00eetre Joris FONTAINE Avocat au Barreau de Luxembourg Jeudi, 16 octobre 2025, \u00e0 18h30, au 5, Place Winston Churchill \u00e0 Luxembourg-Ville    Pr\u00e9sentation    <\/p><\/div><\/div><div class=\"fusion-clearfix\"><\/div><div class=\"fusion-meta-info\"><div class=\"fusion-alignleft\"><span class=\"vcard\" style=\"display: none;\"><span class=\"fn\"><a href=\"http:\/\/alde.lu\/?author=3\" title=\"Posts by Gerard Schockmel\" rel=\"author\">Gerard Schockmel<\/a><\/span><\/span><span class=\"updated\" style=\"display:none;\">2025-12-01T01:06:05+02:00<\/span><span>09.10.2025<\/span><span class=\"fusion-inline-sep\">|<\/span>Categories: <a href=\"http:\/\/alde.lu\/?cat=5\" rel=\"category\">Conf\u00e9rence-d\u00e9bat<\/a><span class=\"fusion-inline-sep\">|<\/span><span class=\"meta-tags\">Tags: <a href=\"http:\/\/alde.lu\/?tag=2025\" rel=\"tag\">2025<\/a><\/span><span class=\"fusion-inline-sep\">|<\/span><\/div><div class=\"fusion-alignright\"><a class=\"fusion-read-more\" href=\"http:\/\/alde.lu\/?p=42928\" aria-label=\"More on Actualit\u00e9s du droit p\u00e9nal europ\u00e9en de l\u2019environnement\">Read More<\/a><\/div><\/div><\/article>\n<article id=\"blog-1-post-42626\" class=\"fusion-post-medium post-42626 post type-post status-publish format-standard has-post-thumbnail hentry category-conference-debat tag-23\">\n\t<style type=\"text\/css\">\n\t\t\n\t\t\n\t\t\n\t\t\n\t\t\t<\/style>\n\n\n\t\t\t<div class=\"fusion-flexslider flexslider fusion-flexslider-loading fusion-post-slideshow\" style=\"\">\n\t\t<ul class=\"slides\">\n\t\t\t\n\t\t\t\t\t\t\t\t\t\t\t\t\t\t<li><div  class=\"fusion-image-wrapper fusion-image-size-fixed\" aria-haspopup=\"true\">\n\t\t\t\t\t\t\t<a href=\"http:\/\/alde.lu\/?p=42626\" aria-label=\"Les polluants du b\u00e2ti\">\n\t\t\t\t\t\t\t<img decoding=\"async\" width=\"320\" height=\"202\" src=\"http:\/\/alde.lu\/wp\/wp-content\/uploads\/2025\/05\/pexels-sevenstormphotography-439416-320x202.jpg\" class=\"attachment-blog-medium size-blog-medium wp-post-image\" alt=\"\" srcset=\"http:\/\/alde.lu\/wp\/wp-content\/uploads\/2025\/05\/pexels-sevenstormphotography-439416-320x202.jpg 320w, http:\/\/alde.lu\/wp\/wp-content\/uploads\/2025\/05\/pexels-sevenstormphotography-439416-700x441.jpg 700w\" sizes=\"(max-width: 320px) 100vw, 320px\" \/>\t\t\t<\/a>\n\t\t\t\t\t\t\t<\/div>\n<\/li>\n\t\t\t\n\t\t\t\n\t\t\t\t\t\t\t\t\t\t\t\t\t\t\t\t\t\t\t\t\t\t\t\t\t\t\t\t\t\t\t\t\t\t\t\t\t\t\t\t\t\t\t\t\t\t\t\t\t\t\t\t\t\t\t\t\t\t\t\t\t\t\t\t\t\t\t\t<\/ul>\n\t<\/div>\n\t<div class=\"fusion-post-content post-content\"><h2 class=\"blog-shortcode-post-title entry-title\"><a href=\"http:\/\/alde.lu\/?p=42626\">Les polluants du b\u00e2ti<\/a><\/h2><div class=\"fusion-post-content-container\"><p> Conf\u00e9rence \u00ab Les polluants du b\u00e2ti \u00bb \u00a0 Pr\u00e9sentation par Madame La\u00ebtitia SEHAD Directrice du D\u00e9partement Environnement de G\u00e9oconseils SA, Madame Nicole ANGEL Cheffe de projet dans le D\u00e9partement Environnement &amp; Sites et Sols pollu\u00e9s de G\u00e9oconseils SA et Monsieur Xavier VERNI Senior Environmental Engineer au sein de l\u2019unit\u00e9<\/p><\/div><\/div><div class=\"fusion-clearfix\"><\/div><div class=\"fusion-meta-info\"><div class=\"fusion-alignleft\"><span class=\"vcard\" style=\"display: none;\"><span class=\"fn\"><a href=\"http:\/\/alde.lu\/?author=3\" title=\"Posts by Gerard Schockmel\" rel=\"author\">Gerard Schockmel<\/a><\/span><\/span><span class=\"updated\" style=\"display:none;\">2026-01-07T01:49:19+02:00<\/span><span>26.05.2025<\/span><span class=\"fusion-inline-sep\">|<\/span>Categories: <a href=\"http:\/\/alde.lu\/?cat=5\" rel=\"category\">Conf\u00e9rence-d\u00e9bat<\/a><span class=\"fusion-inline-sep\">|<\/span><span class=\"meta-tags\">Tags: <a href=\"http:\/\/alde.lu\/?tag=2025\" rel=\"tag\">2025<\/a><\/span><span class=\"fusion-inline-sep\">|<\/span><\/div><div class=\"fusion-alignright\"><a class=\"fusion-read-more\" href=\"http:\/\/alde.lu\/?p=42626\" aria-label=\"More on Les polluants du b\u00e2ti\">Read More<\/a><\/div><\/div><\/article>\n<article id=\"blog-1-post-42565\" class=\"fusion-post-medium post-42565 post type-post status-publish format-standard has-post-thumbnail hentry category-conference-debat tag-23\">\n\t<style type=\"text\/css\">\n\t\t\n\t\t\n\t\t\n\t\t\n\t\t\t<\/style>\n\n\n\t\t\t<div class=\"fusion-flexslider flexslider fusion-flexslider-loading fusion-post-slideshow\" style=\"\">\n\t\t<ul class=\"slides\">\n\t\t\t\n\t\t\t\t\t\t\t\t\t\t\t\t\t\t<li><div  class=\"fusion-image-wrapper fusion-image-size-fixed\" aria-haspopup=\"true\">\n\t\t\t\t\t\t\t<a href=\"http:\/\/alde.lu\/?p=42565\" aria-label=\"La Convention d\u2019Aarhus et le contentieux d\u00e9claratoire devant la Cour de justice de l\u2019UE\">\n\t\t\t\t\t\t\t<img decoding=\"async\" width=\"320\" height=\"202\" src=\"http:\/\/alde.lu\/wp\/wp-content\/uploads\/2025\/05\/cour-ue-320x202.jpg\" class=\"attachment-blog-medium size-blog-medium wp-post-image\" alt=\"\" \/>\t\t\t<\/a>\n\t\t\t\t\t\t\t<\/div>\n<\/li>\n\t\t\t\n\t\t\t\n\t\t\t\t\t\t\t\t\t\t\t\t\t\t\t\t\t\t\t\t\t\t\t\t\t\t\t\t\t\t\t\t\t\t\t\t\t\t\t\t\t\t\t\t\t\t\t\t\t\t\t\t\t\t\t\t\t\t\t\t\t\t\t\t\t\t\t\t<\/ul>\n\t<\/div>\n\t<div class=\"fusion-post-content post-content\"><h2 class=\"blog-shortcode-post-title entry-title\"><a href=\"http:\/\/alde.lu\/?p=42565\">La Convention d\u2019Aarhus et le contentieux d\u00e9claratoire devant la Cour de justice de l\u2019UE<\/a><\/h2><div class=\"fusion-post-content-container\"><p> Conf\u00e9rence \u00ab La Convention d\u2019Aarhus et le contentieux d\u00e9claratoire devant la Cour de justice de l\u2019UE \u00bb \u00a0 avec l'intervention de Monsieur Athanase Popov, Docteur en droit de l\u2019UE, Membre associ\u00e9 de l\u2019IREDIES (Sorbonne), Charg\u00e9 d\u2019affaires \u00e0 la Commission europ\u00e9enne. Jeudi, 15 mai 2025, \u00e0 18h30, au 5, Place<\/p><\/div><\/div><div class=\"fusion-clearfix\"><\/div><div class=\"fusion-meta-info\"><div class=\"fusion-alignleft\"><span class=\"vcard\" style=\"display: none;\"><span class=\"fn\"><a href=\"http:\/\/alde.lu\/?author=3\" title=\"Posts by Gerard Schockmel\" rel=\"author\">Gerard Schockmel<\/a><\/span><\/span><span class=\"updated\" style=\"display:none;\">2025-05-26T22:46:55+02:00<\/span><span>08.05.2025<\/span><span class=\"fusion-inline-sep\">|<\/span>Categories: <a href=\"http:\/\/alde.lu\/?cat=5\" rel=\"category\">Conf\u00e9rence-d\u00e9bat<\/a><span class=\"fusion-inline-sep\">|<\/span><span class=\"meta-tags\">Tags: <a href=\"http:\/\/alde.lu\/?tag=2025\" rel=\"tag\">2025<\/a><\/span><span class=\"fusion-inline-sep\">|<\/span><\/div><div class=\"fusion-alignright\"><a class=\"fusion-read-more\" href=\"http:\/\/alde.lu\/?p=42565\" aria-label=\"More on La Convention d\u2019Aarhus et le contentieux d\u00e9claratoire devant la Cour de justice de l\u2019UE\">Read More<\/a><\/div><\/div><\/article>\n<article id=\"blog-1-post-42530\" class=\"fusion-post-medium post-42530 post type-post status-publish format-standard has-post-thumbnail hentry category-conference-debat tag-23\">\n\t<style type=\"text\/css\">\n\t\t\n\t\t\n\t\t\n\t\t\n\t\t\t<\/style>\n\n\n\t\t\t<div class=\"fusion-flexslider flexslider fusion-flexslider-loading fusion-post-slideshow\" style=\"\">\n\t\t<ul class=\"slides\">\n\t\t\t\n\t\t\t\t\t\t\t\t\t\t\t\t\t\t<li><div  class=\"fusion-image-wrapper fusion-image-size-fixed\" aria-haspopup=\"true\">\n\t\t\t\t\t\t\t<a href=\"http:\/\/alde.lu\/?p=42530\" aria-label=\"Les PFAS ou polluants \u00e9ternels: situation actuelle\">\n\t\t\t\t\t\t\t<img decoding=\"async\" width=\"320\" height=\"202\" src=\"http:\/\/alde.lu\/wp\/wp-content\/uploads\/2025\/04\/FireFighters-320x202.jpg\" class=\"attachment-blog-medium size-blog-medium wp-post-image\" alt=\"\" srcset=\"http:\/\/alde.lu\/wp\/wp-content\/uploads\/2025\/04\/FireFighters-320x202.jpg 320w, http:\/\/alde.lu\/wp\/wp-content\/uploads\/2025\/04\/FireFighters-700x441.jpg 700w\" sizes=\"(max-width: 320px) 100vw, 320px\" \/>\t\t\t<\/a>\n\t\t\t\t\t\t\t<\/div>\n<\/li>\n\t\t\t\n\t\t\t\n\t\t\t\t\t\t\t\t\t\t\t\t\t\t\t\t\t\t\t\t\t\t\t\t\t\t\t\t\t\t\t\t\t\t\t\t\t\t\t\t\t\t\t\t\t\t\t\t\t\t\t\t\t\t\t\t\t\t\t\t\t\t\t\t\t\t\t\t<\/ul>\n\t<\/div>\n\t<div class=\"fusion-post-content post-content\"><h2 class=\"blog-shortcode-post-title entry-title\"><a href=\"http:\/\/alde.lu\/?p=42530\">Les PFAS ou polluants \u00e9ternels: situation actuelle<\/a><\/h2><div class=\"fusion-post-content-container\"><p> Conf\u00e9rence \u00ab\u00a0Les PFAS ou polluants \u00e9ternels: situation actuelle\u00a0\u00bb \u00a0 avec l'intervention de Alfred Bernard, professeur \u00e9m\u00e9rit\u00e9 UCLouvain, Directeur de recherches FNRS honoraire. Jeudi, 25 avril 2025, \u00e0 18h30, en pr\u00e9sentiel au 5, Place Winston Churchill \u00e0 Luxembourg    T\u00e9l\u00e9chargez la pr\u00e9sentation    <\/p><\/div><\/div><div class=\"fusion-clearfix\"><\/div><div class=\"fusion-meta-info\"><div class=\"fusion-alignleft\"><span class=\"vcard\" style=\"display: none;\"><span class=\"fn\"><a href=\"http:\/\/alde.lu\/?author=3\" title=\"Posts by Gerard Schockmel\" rel=\"author\">Gerard Schockmel<\/a><\/span><\/span><span class=\"updated\" style=\"display:none;\">2025-04-26T01:13:04+02:00<\/span><span>26.04.2025<\/span><span class=\"fusion-inline-sep\">|<\/span>Categories: <a href=\"http:\/\/alde.lu\/?cat=5\" rel=\"category\">Conf\u00e9rence-d\u00e9bat<\/a><span class=\"fusion-inline-sep\">|<\/span><span class=\"meta-tags\">Tags: <a href=\"http:\/\/alde.lu\/?tag=2025\" rel=\"tag\">2025<\/a><\/span><span class=\"fusion-inline-sep\">|<\/span><\/div><div class=\"fusion-alignright\"><a class=\"fusion-read-more\" href=\"http:\/\/alde.lu\/?p=42530\" aria-label=\"More on Les PFAS ou polluants \u00e9ternels: situation actuelle\">Read More<\/a><\/div><\/div><\/article>\n<article id=\"blog-1-post-42361\" class=\"fusion-post-medium post-42361 post type-post status-publish format-standard has-post-thumbnail hentry category-conference-debat tag-22\">\n\t<style type=\"text\/css\">\n\t\t\n\t\t\n\t\t\n\t\t\n\t\t\t<\/style>\n\n\n\t\t\t<div class=\"fusion-flexslider flexslider fusion-flexslider-loading fusion-post-slideshow\" style=\"\">\n\t\t<ul class=\"slides\">\n\t\t\t\n\t\t\t\t\t\t\t\t\t\t\t\t\t\t<li><div  class=\"fusion-image-wrapper fusion-image-size-fixed\" aria-haspopup=\"true\">\n\t\t\t\t\t\t\t<a href=\"http:\/\/alde.lu\/?p=42361\" aria-label=\"La proposition de directive Green Claims\">\n\t\t\t\t\t\t\t<img decoding=\"async\" width=\"320\" height=\"202\" src=\"http:\/\/alde.lu\/wp\/wp-content\/uploads\/2025\/02\/greeneu-320x202.jpg\" class=\"attachment-blog-medium size-blog-medium wp-post-image\" alt=\"\" srcset=\"http:\/\/alde.lu\/wp\/wp-content\/uploads\/2025\/02\/greeneu-320x202.jpg 320w, http:\/\/alde.lu\/wp\/wp-content\/uploads\/2025\/02\/greeneu-700x441.jpg 700w\" sizes=\"(max-width: 320px) 100vw, 320px\" \/>\t\t\t<\/a>\n\t\t\t\t\t\t\t<\/div>\n<\/li>\n\t\t\t\n\t\t\t\n\t\t\t\t\t\t\t\t\t\t\t\t\t\t\t\t\t\t\t\t\t\t\t\t\t\t\t\t\t\t\t\t\t\t\t\t\t\t\t\t\t\t\t\t\t\t\t\t\t\t\t\t\t\t\t\t\t\t\t\t\t\t\t\t\t\t\t\t<\/ul>\n\t<\/div>\n\t<div class=\"fusion-post-content post-content\"><h2 class=\"blog-shortcode-post-title entry-title\"><a href=\"http:\/\/alde.lu\/?p=42361\">La proposition de directive Green Claims<\/a><\/h2><div class=\"fusion-post-content-container\"><p> Conf\u00e9rence \u00ab\u00a0La proposition de directive \u00ab Green Claims \u00bb : un cadre juridique pour une publicit\u00e9 environnementale fiable ?\u00a0\u00bb \u00a0 avec l'intervention de C\u00e9line Marchand, avocat \u00e0 la Cour. Jeudi, 12 d\u00e9cembre 2024, \u00e0 18h30, en pr\u00e9sentiel au 5, Place Winston Churchill \u00e0 Luxembourg    T\u00e9l\u00e9chargez la<\/p><\/div><\/div><div class=\"fusion-clearfix\"><\/div><div class=\"fusion-meta-info\"><div class=\"fusion-alignleft\"><span class=\"vcard\" style=\"display: none;\"><span class=\"fn\"><a href=\"http:\/\/alde.lu\/?author=3\" title=\"Posts by Gerard Schockmel\" rel=\"author\">Gerard Schockmel<\/a><\/span><\/span><span class=\"updated\" style=\"display:none;\">2025-02-07T02:29:55+02:00<\/span><span>07.02.2025<\/span><span class=\"fusion-inline-sep\">|<\/span>Categories: <a href=\"http:\/\/alde.lu\/?cat=5\" rel=\"category\">Conf\u00e9rence-d\u00e9bat<\/a><span class=\"fusion-inline-sep\">|<\/span><span class=\"meta-tags\">Tags: <a href=\"http:\/\/alde.lu\/?tag=2024\" rel=\"tag\">2024<\/a><\/span><span class=\"fusion-inline-sep\">|<\/span><\/div><div class=\"fusion-alignright\"><a class=\"fusion-read-more\" href=\"http:\/\/alde.lu\/?p=42361\" aria-label=\"More on La proposition de directive Green Claims\">Read More<\/a><\/div><\/div><\/article>\n<article id=\"blog-1-post-42356\" class=\"fusion-post-medium post-42356 post type-post status-publish format-standard has-post-thumbnail hentry category-conference-debat tag-22\">\n\t<style type=\"text\/css\">\n\t\t\n\t\t\n\t\t\n\t\t\n\t\t\t<\/style>\n\n\n\t\t\t<div class=\"fusion-flexslider flexslider fusion-flexslider-loading fusion-post-slideshow\" style=\"\">\n\t\t<ul class=\"slides\">\n\t\t\t\n\t\t\t\t\t\t\t\t\t\t\t\t\t\t<li><div  class=\"fusion-image-wrapper fusion-image-size-fixed\" aria-haspopup=\"true\">\n\t\t\t\t\t\t\t<a href=\"http:\/\/alde.lu\/?p=42356\" aria-label=\"La CEDH et le droit de l\u2019environnement\">\n\t\t\t\t\t\t\t<img decoding=\"async\" width=\"320\" height=\"202\" src=\"http:\/\/alde.lu\/wp\/wp-content\/uploads\/2025\/02\/KlimaSeniorinnen-320x202.jpg\" class=\"attachment-blog-medium size-blog-medium wp-post-image\" alt=\"\" srcset=\"http:\/\/alde.lu\/wp\/wp-content\/uploads\/2025\/02\/KlimaSeniorinnen-320x202.jpg 320w, http:\/\/alde.lu\/wp\/wp-content\/uploads\/2025\/02\/KlimaSeniorinnen-700x441.jpg 700w\" sizes=\"(max-width: 320px) 100vw, 320px\" \/>\t\t\t<\/a>\n\t\t\t\t\t\t\t<\/div>\n<\/li>\n\t\t\t\n\t\t\t\n\t\t\t\t\t\t\t\t\t\t\t\t\t\t\t\t\t\t\t\t\t\t\t\t\t\t\t\t\t\t\t\t\t\t\t\t\t\t\t\t\t\t\t\t\t\t\t\t\t\t\t\t\t\t\t\t\t\t\t\t\t\t\t\t\t\t\t\t<\/ul>\n\t<\/div>\n\t<div class=\"fusion-post-content post-content\"><h2 class=\"blog-shortcode-post-title entry-title\"><a href=\"http:\/\/alde.lu\/?p=42356\">La CEDH et le droit de l\u2019environnement<\/a><\/h2><div class=\"fusion-post-content-container\"><p> Conf\u00e9rence \u00ab La CEDH et le droit de l\u2019environnement, l\u2019arr\u00eat Verein KlimaSeniorinnen c\/ Suisse du 9 avril 2024 \u00bb \u00a0 avec l'intervention de Me Vincent Richard, avocat \u00e0 la Cour. Jeudi, 14 novembre 2024, \u00e0 18h30, en pr\u00e9sentiel au 5, Place Winston Churchill \u00e0 Luxembourg    T\u00e9l\u00e9chargez<\/p><\/div><\/div><div class=\"fusion-clearfix\"><\/div><div class=\"fusion-meta-info\"><div class=\"fusion-alignleft\"><span class=\"vcard\" style=\"display: none;\"><span class=\"fn\"><a href=\"http:\/\/alde.lu\/?author=3\" title=\"Posts by Gerard Schockmel\" rel=\"author\">Gerard Schockmel<\/a><\/span><\/span><span class=\"updated\" style=\"display:none;\">2025-02-07T02:10:35+02:00<\/span><span>07.02.2025<\/span><span class=\"fusion-inline-sep\">|<\/span>Categories: <a href=\"http:\/\/alde.lu\/?cat=5\" rel=\"category\">Conf\u00e9rence-d\u00e9bat<\/a><span class=\"fusion-inline-sep\">|<\/span><span class=\"meta-tags\">Tags: <a href=\"http:\/\/alde.lu\/?tag=2024\" rel=\"tag\">2024<\/a><\/span><span class=\"fusion-inline-sep\">|<\/span><\/div><div class=\"fusion-alignright\"><a class=\"fusion-read-more\" href=\"http:\/\/alde.lu\/?p=42356\" aria-label=\"More on La CEDH et le droit de l\u2019environnement\">Read More<\/a><\/div><\/div><\/article>\n<article id=\"blog-1-post-42118\" class=\"fusion-post-medium post-42118 post type-post status-publish format-standard has-post-thumbnail hentry category-conference-debat tag-22\">\n\t<style type=\"text\/css\">\n\t\t\n\t\t\n\t\t\n\t\t\n\t\t\t<\/style>\n\n\n\t\t\t<div class=\"fusion-flexslider flexslider fusion-flexslider-loading fusion-post-slideshow\" style=\"\">\n\t\t<ul class=\"slides\">\n\t\t\t\n\t\t\t\t\t\t\t\t\t\t\t\t\t\t<li><div  class=\"fusion-image-wrapper fusion-image-size-fixed\" aria-haspopup=\"true\">\n\t\t\t\t\t\t\t<a href=\"http:\/\/alde.lu\/?p=42118\" aria-label=\"La d\u00e9croissance et le droit de l\u2019environnement\">\n\t\t\t\t\t\t\t<img decoding=\"async\" width=\"320\" height=\"202\" src=\"http:\/\/alde.lu\/wp\/wp-content\/uploads\/2021\/05\/325185-resize-320x202.jpg\" class=\"attachment-blog-medium size-blog-medium wp-post-image\" alt=\"\" srcset=\"http:\/\/alde.lu\/wp\/wp-content\/uploads\/2021\/05\/325185-resize-320x202.jpg 320w, http:\/\/alde.lu\/wp\/wp-content\/uploads\/2021\/05\/325185-resize-700x441.jpg 700w\" sizes=\"(max-width: 320px) 100vw, 320px\" \/>\t\t\t<\/a>\n\t\t\t\t\t\t\t<\/div>\n<\/li>\n\t\t\t\n\t\t\t\n\t\t\t\t\t\t\t\t\t\t\t\t\t\t\t\t\t\t\t\t\t\t\t\t\t\t\t\t\t\t\t\t\t\t\t\t\t\t\t\t\t\t\t\t\t\t\t\t\t\t\t\t\t\t\t\t\t\t\t\t\t\t\t\t\t\t\t\t<\/ul>\n\t<\/div>\n\t<div class=\"fusion-post-content post-content\"><h2 class=\"blog-shortcode-post-title entry-title\"><a href=\"http:\/\/alde.lu\/?p=42118\">La d\u00e9croissance et le droit de l\u2019environnement<\/a><\/h2><div class=\"fusion-post-content-container\"><p> Conf\u00e9rence \u00ab La d\u00e9croissance et le droit de l\u2019environnement Au-del\u00e0 du droit de l\u2019environnement, un droit \u00e9cologique \u00bb \u00a0 avec l'intervention de Monsieur David HIEZ, Professeur de droit priv\u00e9 \u00e0 l\u2019Universit\u00e9 du Luxembourg. Jeudi, 27 juin 2024, \u00e0 18h30, en pr\u00e9sentiel au 5, Place Winston Churchill \u00e0 Luxembourg <\/p><\/div><\/div><div class=\"fusion-clearfix\"><\/div><div class=\"fusion-meta-info\"><div class=\"fusion-alignleft\"><span class=\"vcard\" style=\"display: none;\"><span class=\"fn\"><a href=\"http:\/\/alde.lu\/?author=3\" title=\"Posts by Gerard Schockmel\" rel=\"author\">Gerard Schockmel<\/a><\/span><\/span><span class=\"updated\" style=\"display:none;\">2024-06-22T00:58:28+02:00<\/span><span>22.06.2024<\/span><span class=\"fusion-inline-sep\">|<\/span>Categories: <a href=\"http:\/\/alde.lu\/?cat=5\" rel=\"category\">Conf\u00e9rence-d\u00e9bat<\/a><span class=\"fusion-inline-sep\">|<\/span><span class=\"meta-tags\">Tags: <a href=\"http:\/\/alde.lu\/?tag=2024\" rel=\"tag\">2024<\/a><\/span><span class=\"fusion-inline-sep\">|<\/span><\/div><div class=\"fusion-alignright\"><a class=\"fusion-read-more\" href=\"http:\/\/alde.lu\/?p=42118\" aria-label=\"More on La d\u00e9croissance et le droit de l\u2019environnement\">Read More<\/a><\/div><\/div><\/article>\n<article id=\"blog-1-post-42085\" class=\"fusion-post-medium post-42085 post type-post status-publish format-standard has-post-thumbnail hentry category-conference-debat tag-22\">\n\t<style type=\"text\/css\">\n\t\t\n\t\t\n\t\t\n\t\t\n\t\t\t<\/style>\n\n\n\t\t\t<div class=\"fusion-flexslider flexslider fusion-flexslider-loading fusion-post-slideshow\" style=\"\">\n\t\t<ul class=\"slides\">\n\t\t\t\n\t\t\t\t\t\t\t\t\t\t\t\t\t\t<li><div  class=\"fusion-image-wrapper fusion-image-size-fixed\" aria-haspopup=\"true\">\n\t\t\t\t\t\t\t<a href=\"http:\/\/alde.lu\/?p=42085\" aria-label=\"La proposition de nouvelle directive relative \u00e0 la protection de l&#8217;environnement par le droit p\u00e9nal\">\n\t\t\t\t\t\t\t<img decoding=\"async\" width=\"320\" height=\"202\" src=\"http:\/\/alde.lu\/wp\/wp-content\/uploads\/2024\/03\/eu-320x202.jpg\" class=\"attachment-blog-medium size-blog-medium wp-post-image\" alt=\"\" srcset=\"http:\/\/alde.lu\/wp\/wp-content\/uploads\/2024\/03\/eu-320x202.jpg 320w, http:\/\/alde.lu\/wp\/wp-content\/uploads\/2024\/03\/eu-700x441.jpg 700w\" sizes=\"(max-width: 320px) 100vw, 320px\" \/>\t\t\t<\/a>\n\t\t\t\t\t\t\t<\/div>\n<\/li>\n\t\t\t\n\t\t\t\n\t\t\t\t\t\t\t\t\t\t\t\t\t\t\t\t\t\t\t\t\t\t\t\t\t\t\t\t\t\t\t\t\t\t\t\t\t\t\t\t\t\t\t\t\t\t\t\t\t\t\t\t\t\t\t\t\t\t\t\t\t\t\t\t\t\t\t\t<\/ul>\n\t<\/div>\n\t<div class=\"fusion-post-content post-content\"><h2 class=\"blog-shortcode-post-title entry-title\"><a href=\"http:\/\/alde.lu\/?p=42085\">La proposition de nouvelle directive relative \u00e0 la protection de l&#8217;environnement par le droit p\u00e9nal<\/a><\/h2><div class=\"fusion-post-content-container\"><p> Conf\u00e9rence \u00ab La proposition de nouvelle directive relative \u00e0 la protection de l'environnement par le droit p\u00e9nal \u00bb \u00a0 avec l'intervention de Ma\u00eetre Joris FONTAINE, Avocat. Jeudi, 21 mars 2024, \u00e0 18h30, 5, Place Winston Churchill \u00e0\u00a0Luxembourg    Pr\u00e9sentation    <\/p><\/div><\/div><div class=\"fusion-clearfix\"><\/div><div class=\"fusion-meta-info\"><div class=\"fusion-alignleft\"><span class=\"vcard\" style=\"display: none;\"><span class=\"fn\"><a href=\"http:\/\/alde.lu\/?author=3\" title=\"Posts by Gerard Schockmel\" rel=\"author\">Gerard Schockmel<\/a><\/span><\/span><span class=\"updated\" style=\"display:none;\">2024-04-03T22:56:03+02:00<\/span><span>10.03.2024<\/span><span class=\"fusion-inline-sep\">|<\/span>Categories: <a href=\"http:\/\/alde.lu\/?cat=5\" rel=\"category\">Conf\u00e9rence-d\u00e9bat<\/a><span class=\"fusion-inline-sep\">|<\/span><span class=\"meta-tags\">Tags: <a href=\"http:\/\/alde.lu\/?tag=2024\" rel=\"tag\">2024<\/a><\/span><span class=\"fusion-inline-sep\">|<\/span><\/div><div class=\"fusion-alignright\"><a class=\"fusion-read-more\" href=\"http:\/\/alde.lu\/?p=42085\" aria-label=\"More on La proposition de nouvelle directive relative \u00e0 la protection de l&#8217;environnement par le droit p\u00e9nal\">Read More<\/a><\/div><\/div><\/article>\n<article id=\"blog-1-post-42005\" class=\"fusion-post-medium post-42005 post type-post status-publish format-standard has-post-thumbnail hentry category-conference-debat tag-22\">\n\t<style type=\"text\/css\">\n\t\t\n\t\t\n\t\t\n\t\t\n\t\t\t<\/style>\n\n\n\t\t\t<div class=\"fusion-flexslider flexslider fusion-flexslider-loading fusion-post-slideshow\" style=\"\">\n\t\t<ul class=\"slides\">\n\t\t\t\n\t\t\t\t\t\t\t\t\t\t\t\t\t\t<li><div  class=\"fusion-image-wrapper fusion-image-size-fixed\" aria-haspopup=\"true\">\n\t\t\t\t\t\t\t<a href=\"http:\/\/alde.lu\/?p=42005\" aria-label=\"Le droit constitutionnel de l\u2019environnement\">\n\t\t\t\t\t\t\t<img decoding=\"async\" width=\"320\" height=\"202\" src=\"http:\/\/alde.lu\/wp\/wp-content\/uploads\/2024\/01\/pexels-md-jawadur-rahman-3927126-320x202.jpg\" class=\"attachment-blog-medium size-blog-medium wp-post-image\" alt=\"\" srcset=\"http:\/\/alde.lu\/wp\/wp-content\/uploads\/2024\/01\/pexels-md-jawadur-rahman-3927126-320x202.jpg 320w, http:\/\/alde.lu\/wp\/wp-content\/uploads\/2024\/01\/pexels-md-jawadur-rahman-3927126-700x441.jpg 700w\" sizes=\"(max-width: 320px) 100vw, 320px\" \/>\t\t\t<\/a>\n\t\t\t\t\t\t\t<\/div>\n<\/li>\n\t\t\t\n\t\t\t\n\t\t\t\t\t\t\t\t\t\t\t\t\t\t\t\t\t\t\t\t\t\t\t\t\t\t\t\t\t\t\t\t\t\t\t\t\t\t\t\t\t\t\t\t\t\t\t\t\t\t\t\t\t\t\t\t\t\t\t\t\t\t\t\t\t\t\t\t<\/ul>\n\t<\/div>\n\t<div class=\"fusion-post-content post-content\"><h2 class=\"blog-shortcode-post-title entry-title\"><a href=\"http:\/\/alde.lu\/?p=42005\">Le droit constitutionnel de l\u2019environnement<\/a><\/h2><div class=\"fusion-post-content-container\"><p> Conf\u00e9rence \u00ab Le droit constitutionnel de l\u2019environnement \u00bb \u00a0 avec l'intervention de Ma\u00eetre Hicham RASSAFI-GUIBAL, Docteur en Droit, Avocat. Jeudi, 25 janvier 2024, \u00e0 18h30, 16-18, Boulevard Emmanuel Servais \u00e0 Luxembourg    Invitation  Inscription    <\/p><\/div><\/div><div class=\"fusion-clearfix\"><\/div><div class=\"fusion-meta-info\"><div class=\"fusion-alignleft\"><span class=\"vcard\" style=\"display: none;\"><span class=\"fn\"><a href=\"http:\/\/alde.lu\/?author=3\" title=\"Posts by Gerard Schockmel\" rel=\"author\">Gerard Schockmel<\/a><\/span><\/span><span class=\"updated\" style=\"display:none;\">2024-01-14T02:14:20+02:00<\/span><span>14.01.2024<\/span><span class=\"fusion-inline-sep\">|<\/span>Categories: <a href=\"http:\/\/alde.lu\/?cat=5\" rel=\"category\">Conf\u00e9rence-d\u00e9bat<\/a><span class=\"fusion-inline-sep\">|<\/span><span class=\"meta-tags\">Tags: <a href=\"http:\/\/alde.lu\/?tag=2024\" rel=\"tag\">2024<\/a><\/span><span class=\"fusion-inline-sep\">|<\/span><\/div><div class=\"fusion-alignright\"><a class=\"fusion-read-more\" href=\"http:\/\/alde.lu\/?p=42005\" aria-label=\"More on Le droit constitutionnel de l\u2019environnement\">Read More<\/a><\/div><\/div><\/article>\n<article id=\"blog-1-post-41956\" class=\"fusion-post-medium post-41956 post type-post status-publish format-standard has-post-thumbnail hentry category-conference-debat tag-21\">\n\t<style type=\"text\/css\">\n\t\t\n\t\t\n\t\t\n\t\t\n\t\t\t<\/style>\n\n\n\t\t\t<div class=\"fusion-flexslider flexslider fusion-flexslider-loading fusion-post-slideshow\" style=\"\">\n\t\t<ul class=\"slides\">\n\t\t\t\n\t\t\t\t\t\t\t\t\t\t\t\t\t\t<li><div  class=\"fusion-image-wrapper fusion-image-size-fixed\" aria-haspopup=\"true\">\n\t\t\t\t\t\t\t<a href=\"http:\/\/alde.lu\/?p=41956\" aria-label=\"La d\u00e9pollution d&#8217;un terrain dans le cadre de la cessation d&#8217;activit\u00e9 d&#8217;un \u00e9tablissement class\u00e9\">\n\t\t\t\t\t\t\t<img decoding=\"async\" width=\"320\" height=\"202\" src=\"http:\/\/alde.lu\/wp\/wp-content\/uploads\/2023\/12\/pexels-jacoby-clarke-19-320x202.jpg\" class=\"attachment-blog-medium size-blog-medium wp-post-image\" alt=\"\" srcset=\"http:\/\/alde.lu\/wp\/wp-content\/uploads\/2023\/12\/pexels-jacoby-clarke-19-320x202.jpg 320w, http:\/\/alde.lu\/wp\/wp-content\/uploads\/2023\/12\/pexels-jacoby-clarke-19-700x441.jpg 700w\" sizes=\"(max-width: 320px) 100vw, 320px\" \/>\t\t\t<\/a>\n\t\t\t\t\t\t\t<\/div>\n<\/li>\n\t\t\t\n\t\t\t\n\t\t\t\t\t\t\t\t\t\t\t\t\t\t\t\t\t\t\t\t\t\t\t\t\t\t\t\t\t\t\t\t\t\t\t\t\t\t\t\t\t\t\t\t\t\t\t\t\t\t\t\t\t\t\t\t\t\t\t\t\t\t\t\t\t\t\t\t<\/ul>\n\t<\/div>\n\t<div class=\"fusion-post-content post-content\"><h2 class=\"blog-shortcode-post-title entry-title\"><a href=\"http:\/\/alde.lu\/?p=41956\">La d\u00e9pollution d&#8217;un terrain dans le cadre de la cessation d&#8217;activit\u00e9 d&#8217;un \u00e9tablissement class\u00e9<\/a><\/h2><div class=\"fusion-post-content-container\"><p> Conf\u00e9rence \u00ab La d\u00e9pollution d'un terrain dans le cadre de la cessation d'activit\u00e9 d'un \u00e9tablissement class\u00e9 \u00bb \u00a0 par Madame La\u00ebtitia Sehad, Hydrog\u00e9ologue sp\u00e9cialis\u00e9e en Sites et Sols pollu\u00e9s chez G\u00e9oconseils S.A. et Ma\u00eetre C\u00e9line Marchand, Avocat \u00e0 la Cour, Jeudi, 29 f\u00e9vrier 2024, \u00e0 18 heures, 5, Place<\/p><\/div><\/div><div class=\"fusion-clearfix\"><\/div><div class=\"fusion-meta-info\"><div class=\"fusion-alignleft\"><span class=\"vcard\" style=\"display: none;\"><span class=\"fn\"><a href=\"http:\/\/alde.lu\/?author=3\" title=\"Posts by Gerard Schockmel\" rel=\"author\">Gerard Schockmel<\/a><\/span><\/span><span class=\"updated\" style=\"display:none;\">2024-03-10T17:47:25+02:00<\/span><span>11.12.2023<\/span><span class=\"fusion-inline-sep\">|<\/span>Categories: <a href=\"http:\/\/alde.lu\/?cat=5\" rel=\"category\">Conf\u00e9rence-d\u00e9bat<\/a><span class=\"fusion-inline-sep\">|<\/span><span class=\"meta-tags\">Tags: <a href=\"http:\/\/alde.lu\/?tag=2023\" rel=\"tag\">2023<\/a><\/span><span class=\"fusion-inline-sep\">|<\/span><\/div><div class=\"fusion-alignright\"><a class=\"fusion-read-more\" href=\"http:\/\/alde.lu\/?p=41956\" aria-label=\"More on La d\u00e9pollution d&#8217;un terrain dans le cadre de la cessation d&#8217;activit\u00e9 d&#8217;un \u00e9tablissement class\u00e9\">Read More<\/a><\/div><\/div><\/article>\n<article id=\"blog-1-post-41905\" class=\"fusion-post-medium post-41905 post type-post status-publish format-standard has-post-thumbnail hentry category-conference-debat tag-21\">\n\t<style type=\"text\/css\">\n\t\t\n\t\t\n\t\t\n\t\t\n\t\t\t<\/style>\n\n\n\t\t\t<div class=\"fusion-flexslider flexslider fusion-flexslider-loading fusion-post-slideshow\" style=\"\">\n\t\t<ul class=\"slides\">\n\t\t\t\n\t\t\t\t\t\t\t\t\t\t\t\t\t\t<li><div  class=\"fusion-image-wrapper fusion-image-size-fixed\" aria-haspopup=\"true\">\n\t\t\t\t\t\t\t<a href=\"http:\/\/alde.lu\/?p=41905\" aria-label=\"Glyphosate :  Pr\u00e9sentation des derni\u00e8res d\u00e9cisions au Luxembourg sous le prisme du droit  europ\u00e9en de l\u2019environnement\">\n\t\t\t\t\t\t\t<img decoding=\"async\" width=\"320\" height=\"202\" src=\"http:\/\/alde.lu\/wp\/wp-content\/uploads\/2023\/10\/dietmar-reichle-caiX9QloFc8-unsplash-320x202.jpg\" class=\"attachment-blog-medium size-blog-medium wp-post-image\" alt=\"\" srcset=\"http:\/\/alde.lu\/wp\/wp-content\/uploads\/2023\/10\/dietmar-reichle-caiX9QloFc8-unsplash-320x202.jpg 320w, http:\/\/alde.lu\/wp\/wp-content\/uploads\/2023\/10\/dietmar-reichle-caiX9QloFc8-unsplash-700x441.jpg 700w\" sizes=\"(max-width: 320px) 100vw, 320px\" \/>\t\t\t<\/a>\n\t\t\t\t\t\t\t<\/div>\n<\/li>\n\t\t\t\n\t\t\t\n\t\t\t\t\t\t\t\t\t\t\t\t\t\t\t\t\t\t\t\t\t\t\t\t\t\t\t\t\t\t\t\t\t\t\t\t\t\t\t\t\t\t\t\t\t\t\t\t\t\t\t\t\t\t\t\t\t\t\t\t\t\t\t\t\t\t\t\t<\/ul>\n\t<\/div>\n\t<div class=\"fusion-post-content post-content\"><h2 class=\"blog-shortcode-post-title entry-title\"><a href=\"http:\/\/alde.lu\/?p=41905\">Glyphosate :  Pr\u00e9sentation des derni\u00e8res d\u00e9cisions au Luxembourg sous le prisme du droit  europ\u00e9en de l\u2019environnement<\/a><\/h2><div class=\"fusion-post-content-container\"><p> Conf\u00e9rence \u00ab Glyphosate : Pr\u00e9sentation des derni\u00e8res d\u00e9cisions au Luxembourg sous le prisme du droit europ\u00e9en de l\u2019environnement \u00bb \u00a0 par Mme Alessandra DONATI, R\u00e9f\u00e9rendaire aupr\u00e8s du Tribunal de l\u2019Union Europ\u00e9enne et par Me Thibault CHEVRIER, Avocat \u00e0 la Cour Jeudi, 16 novembre, \u00e0 18 heures, 5, Place Winston<\/p><\/div><\/div><div class=\"fusion-clearfix\"><\/div><div class=\"fusion-meta-info\"><div class=\"fusion-alignleft\"><span class=\"vcard\" style=\"display: none;\"><span class=\"fn\"><a href=\"http:\/\/alde.lu\/?author=3\" title=\"Posts by Gerard Schockmel\" rel=\"author\">Gerard Schockmel<\/a><\/span><\/span><span class=\"updated\" style=\"display:none;\">2023-12-11T01:12:05+02:00<\/span><span>23.10.2023<\/span><span class=\"fusion-inline-sep\">|<\/span>Categories: <a href=\"http:\/\/alde.lu\/?cat=5\" rel=\"category\">Conf\u00e9rence-d\u00e9bat<\/a><span class=\"fusion-inline-sep\">|<\/span><span class=\"meta-tags\">Tags: <a href=\"http:\/\/alde.lu\/?tag=2023\" rel=\"tag\">2023<\/a><\/span><span class=\"fusion-inline-sep\">|<\/span><\/div><div class=\"fusion-alignright\"><a class=\"fusion-read-more\" href=\"http:\/\/alde.lu\/?p=41905\" aria-label=\"More on Glyphosate :  Pr\u00e9sentation des derni\u00e8res d\u00e9cisions au Luxembourg sous le prisme du droit  europ\u00e9en de l\u2019environnement\">Read More<\/a><\/div><\/div><\/article>\n<article id=\"blog-1-post-41765\" class=\"fusion-post-medium post-41765 post type-post status-publish format-standard has-post-thumbnail hentry category-assemblee-generale category-conference-debat tag-21\">\n\t<style type=\"text\/css\">\n\t\t\n\t\t\n\t\t\n\t\t\n\t\t\t<\/style>\n\n\n\t\t\t<div class=\"fusion-flexslider flexslider fusion-flexslider-loading fusion-post-slideshow\" style=\"\">\n\t\t<ul class=\"slides\">\n\t\t\t\n\t\t\t\t\t\t\t\t\t\t\t\t\t\t<li><div  class=\"fusion-image-wrapper fusion-image-size-fixed\" aria-haspopup=\"true\">\n\t\t\t\t\t\t\t<a href=\"http:\/\/alde.lu\/?p=41765\" aria-label=\"Assembl\u00e9e g\u00e9n\u00e9rale annuelle 2023\">\n\t\t\t\t\t\t\t<img decoding=\"async\" width=\"320\" height=\"202\" src=\"http:\/\/alde.lu\/wp\/wp-content\/uploads\/2018\/11\/assemble-challenge-combine-269399-cropped-320x202.jpg\" class=\"attachment-blog-medium size-blog-medium wp-post-image\" alt=\"\" srcset=\"http:\/\/alde.lu\/wp\/wp-content\/uploads\/2018\/11\/assemble-challenge-combine-269399-cropped-320x202.jpg 320w, http:\/\/alde.lu\/wp\/wp-content\/uploads\/2018\/11\/assemble-challenge-combine-269399-cropped-700x441.jpg 700w\" sizes=\"(max-width: 320px) 100vw, 320px\" \/>\t\t\t<\/a>\n\t\t\t\t\t\t\t<\/div>\n<\/li>\n\t\t\t\n\t\t\t\n\t\t\t\t\t\t\t\t\t\t\t\t\t\t\t\t\t\t\t\t\t\t\t\t\t\t\t\t\t\t\t\t\t\t\t\t\t\t\t\t\t\t\t\t\t\t\t\t\t\t\t\t\t\t\t\t\t\t\t\t\t\t\t\t\t\t\t\t<\/ul>\n\t<\/div>\n\t<div class=\"fusion-post-content post-content\"><h2 class=\"blog-shortcode-post-title entry-title\"><a href=\"http:\/\/alde.lu\/?p=41765\">Assembl\u00e9e g\u00e9n\u00e9rale annuelle 2023<\/a><\/h2><div class=\"fusion-post-content-container\"><p> Assembl\u00e9e g\u00e9n\u00e9rale Assembl\u00e9e g\u00e9n\u00e9rale annuelle Jeudi 25 mai 2023 \u00e0 18h Forum Da Vinci 6, Boulevard Grande-Duchesse Charlotte \u00e0 Luxembourg \u00a0 L\u2019Assembl\u00e9e g\u00e9n\u00e9rale sera suivie \u00e0 18h30 d\u2019une conf\u00e9rence sur : \u00a0\u00ab La protection p\u00e9nale de l'environnement en droit fran\u00e7ais et luxembourgeois \u00bb Orateurs: Monsieur Claude Hirsch, Premier Substitut<\/p><\/div><\/div><div class=\"fusion-clearfix\"><\/div><div class=\"fusion-meta-info\"><div class=\"fusion-alignleft\"><span class=\"vcard\" style=\"display: none;\"><span class=\"fn\"><a href=\"http:\/\/alde.lu\/?author=3\" title=\"Posts by Gerard Schockmel\" rel=\"author\">Gerard Schockmel<\/a><\/span><\/span><span class=\"updated\" style=\"display:none;\">2023-05-22T22:10:42+02:00<\/span><span>22.05.2023<\/span><span class=\"fusion-inline-sep\">|<\/span>Categories: <a href=\"http:\/\/alde.lu\/?cat=11\" rel=\"category\">Assembl\u00e9e g\u00e9n\u00e9rale<\/a>, <a href=\"http:\/\/alde.lu\/?cat=5\" rel=\"category\">Conf\u00e9rence-d\u00e9bat<\/a><span class=\"fusion-inline-sep\">|<\/span><span class=\"meta-tags\">Tags: <a href=\"http:\/\/alde.lu\/?tag=2023\" rel=\"tag\">2023<\/a><\/span><span class=\"fusion-inline-sep\">|<\/span><\/div><div class=\"fusion-alignright\"><a class=\"fusion-read-more\" href=\"http:\/\/alde.lu\/?p=41765\" aria-label=\"More on Assembl\u00e9e g\u00e9n\u00e9rale annuelle 2023\">Read More<\/a><\/div><\/div><\/article>\n<article id=\"blog-1-post-41735\" class=\"fusion-post-medium post-41735 post type-post status-publish format-standard has-post-thumbnail hentry category-conference-debat tag-21\">\n\t<style type=\"text\/css\">\n\t\t\n\t\t\n\t\t\n\t\t\n\t\t\t<\/style>\n\n\n\t\t\t<div class=\"fusion-flexslider flexslider fusion-flexslider-loading fusion-post-slideshow\" style=\"\">\n\t\t<ul class=\"slides\">\n\t\t\t\n\t\t\t\t\t\t\t\t\t\t\t\t\t\t<li><div  class=\"fusion-image-wrapper fusion-image-size-fixed\" aria-haspopup=\"true\">\n\t\t\t\t\t\t\t<a href=\"http:\/\/alde.lu\/?p=41735\" aria-label=\"Enjeux et d\u00e9fis du droit de l\u2019\u00e9nergie\">\n\t\t\t\t\t\t\t<img decoding=\"async\" width=\"320\" height=\"202\" src=\"http:\/\/alde.lu\/wp\/wp-content\/uploads\/2019\/03\/alternative-energy-blur-business-1076807-320x202.jpg\" class=\"attachment-blog-medium size-blog-medium wp-post-image\" alt=\"\" srcset=\"http:\/\/alde.lu\/wp\/wp-content\/uploads\/2019\/03\/alternative-energy-blur-business-1076807-320x202.jpg 320w, http:\/\/alde.lu\/wp\/wp-content\/uploads\/2019\/03\/alternative-energy-blur-business-1076807-700x441.jpg 700w\" sizes=\"(max-width: 320px) 100vw, 320px\" \/>\t\t\t<\/a>\n\t\t\t\t\t\t\t<\/div>\n<\/li>\n\t\t\t\n\t\t\t\n\t\t\t\t\t\t\t\t\t\t\t\t\t\t\t\t\t\t\t\t\t\t\t\t\t\t\t\t\t\t\t\t\t\t\t\t\t\t\t\t\t\t\t\t\t\t\t\t\t\t\t\t\t\t\t\t\t\t\t\t\t\t\t\t\t\t\t\t<\/ul>\n\t<\/div>\n\t<div class=\"fusion-post-content post-content\"><h2 class=\"blog-shortcode-post-title entry-title\"><a href=\"http:\/\/alde.lu\/?p=41735\">Enjeux et d\u00e9fis du droit de l\u2019\u00e9nergie<\/a><\/h2><div class=\"fusion-post-content-container\"><p> Conf\u00e9rence \u00a0\u00ab Enjeux et d\u00e9fis du droit de l'\u00e9nergie \u00bb De la s\u00e9curit\u00e9 de l\u2019approvisionnement \u00e0 la transition \u00e9nerg\u00e9tique en droit international, europ\u00e9en et luxembourgeois \u00ab International cooperation in the energy sector and the modernisation of the Energy Charter Treaty \u00bb par Monsieur Matthew Happold, Professeur de droit international<\/p><\/div><\/div><div class=\"fusion-clearfix\"><\/div><div class=\"fusion-meta-info\"><div class=\"fusion-alignleft\"><span class=\"vcard\" style=\"display: none;\"><span class=\"fn\"><a href=\"http:\/\/alde.lu\/?author=3\" title=\"Posts by Gerard Schockmel\" rel=\"author\">Gerard Schockmel<\/a><\/span><\/span><span class=\"updated\" style=\"display:none;\">2023-04-16T23:24:02+02:00<\/span><span>20.02.2023<\/span><span class=\"fusion-inline-sep\">|<\/span>Categories: <a href=\"http:\/\/alde.lu\/?cat=5\" rel=\"category\">Conf\u00e9rence-d\u00e9bat<\/a><span class=\"fusion-inline-sep\">|<\/span><span class=\"meta-tags\">Tags: <a href=\"http:\/\/alde.lu\/?tag=2023\" rel=\"tag\">2023<\/a><\/span><span class=\"fusion-inline-sep\">|<\/span><\/div><div class=\"fusion-alignright\"><a class=\"fusion-read-more\" href=\"http:\/\/alde.lu\/?p=41735\" aria-label=\"More on Enjeux et d\u00e9fis du droit de l\u2019\u00e9nergie\">Read More<\/a><\/div><\/div><\/article>\n<article id=\"blog-1-post-41715\" class=\"fusion-post-medium post-41715 post type-post status-publish format-standard has-post-thumbnail hentry category-conference-debat tag-21\">\n\t<style type=\"text\/css\">\n\t\t\n\t\t\n\t\t\n\t\t\n\t\t\t<\/style>\n\n\n\t\t\t<div class=\"fusion-flexslider flexslider fusion-flexslider-loading fusion-post-slideshow\" style=\"\">\n\t\t<ul class=\"slides\">\n\t\t\t\n\t\t\t\t\t\t\t\t\t\t\t\t\t\t<li><div  class=\"fusion-image-wrapper fusion-image-size-fixed\" aria-haspopup=\"true\">\n\t\t\t\t\t\t\t<a href=\"http:\/\/alde.lu\/?p=41715\" aria-label=\"Changement climatique, l&#8217;Europe \u00e0 l&#8217;\u00e9preuve des g\u00e9n\u00e9rations futures\">\n\t\t\t\t\t\t\t<img decoding=\"async\" width=\"320\" height=\"202\" src=\"http:\/\/alde.lu\/wp\/wp-content\/uploads\/revslider\/slidingoverlays\/tree1-e1674050531215-320x202.jpg\" class=\"attachment-blog-medium size-blog-medium wp-post-image\" alt=\"\" srcset=\"http:\/\/alde.lu\/wp\/wp-content\/uploads\/revslider\/slidingoverlays\/tree1-e1674050531215-320x202.jpg 320w, http:\/\/alde.lu\/wp\/wp-content\/uploads\/revslider\/slidingoverlays\/tree1-e1674050531215-700x441.jpg 700w\" sizes=\"(max-width: 320px) 100vw, 320px\" \/>\t\t\t<\/a>\n\t\t\t\t\t\t\t<\/div>\n<\/li>\n\t\t\t\n\t\t\t\n\t\t\t\t\t\t\t\t\t\t\t\t\t\t\t\t\t\t\t\t\t\t\t\t\t\t\t\t\t\t\t\t\t\t\t\t\t\t\t\t\t\t\t\t\t\t\t\t\t\t\t\t\t\t\t\t\t\t\t\t\t\t\t\t\t\t\t\t<\/ul>\n\t<\/div>\n\t<div class=\"fusion-post-content post-content\"><h2 class=\"blog-shortcode-post-title entry-title\"><a href=\"http:\/\/alde.lu\/?p=41715\">Changement climatique, l&#8217;Europe \u00e0 l&#8217;\u00e9preuve des g\u00e9n\u00e9rations futures<\/a><\/h2><div class=\"fusion-post-content-container\"><p> Conf\u00e9rence \u00a0\u00ab Changement climatique l\u2019Europe \u00e0 l\u2019\u00e9preuve des g\u00e9n\u00e9rations futures \u00bb par Mme Alessandra Donati, R\u00e9f\u00e9rendaire aupr\u00e8s du Tribunal de l\u2019Union Europ\u00e9enne et M. Gu\u00e9nol\u00e9 Houitte de la Chesnais, \u00e9tudiant \u00e0 SciencesPo Paris Jeudi, 26 janvier 2023, \u00e0 18:30 heures, 5, Place Winston Churchill, Luxembourg et par visio-conf\u00e9rence T\u00e9l\u00e9chargez<\/p><\/div><\/div><div class=\"fusion-clearfix\"><\/div><div class=\"fusion-meta-info\"><div class=\"fusion-alignleft\"><span class=\"vcard\" style=\"display: none;\"><span class=\"fn\"><a href=\"http:\/\/alde.lu\/?author=3\" title=\"Posts by Gerard Schockmel\" rel=\"author\">Gerard Schockmel<\/a><\/span><\/span><span class=\"updated\" style=\"display:none;\">2023-01-18T16:07:49+02:00<\/span><span>18.01.2023<\/span><span class=\"fusion-inline-sep\">|<\/span>Categories: <a href=\"http:\/\/alde.lu\/?cat=5\" rel=\"category\">Conf\u00e9rence-d\u00e9bat<\/a><span class=\"fusion-inline-sep\">|<\/span><span class=\"meta-tags\">Tags: <a href=\"http:\/\/alde.lu\/?tag=2023\" rel=\"tag\">2023<\/a><\/span><span class=\"fusion-inline-sep\">|<\/span><\/div><div class=\"fusion-alignright\"><a class=\"fusion-read-more\" href=\"http:\/\/alde.lu\/?p=41715\" aria-label=\"More on Changement climatique, l&#8217;Europe \u00e0 l&#8217;\u00e9preuve des g\u00e9n\u00e9rations futures\">Read More<\/a><\/div><\/div><\/article>\n<article id=\"blog-1-post-41634\" class=\"fusion-post-medium post-41634 post type-post status-publish format-standard has-post-thumbnail hentry category-conference-debat tag-20\">\n\t<style type=\"text\/css\">\n\t\t\n\t\t\n\t\t\n\t\t\n\t\t\t<\/style>\n\n\n\t\t\t<div class=\"fusion-flexslider flexslider fusion-flexslider-loading fusion-post-slideshow\" style=\"\">\n\t\t<ul class=\"slides\">\n\t\t\t\n\t\t\t\t\t\t\t\t\t\t\t\t\t\t<li><div  class=\"fusion-image-wrapper fusion-image-size-fixed\" aria-haspopup=\"true\">\n\t\t\t\t\t\t\t<a href=\"http:\/\/alde.lu\/?p=41634\" aria-label=\"Le r\u00e9gime juridique des \u00ab biotopes \u00bb, des \u00ab habitats \u00bb et des \u00ab esp\u00e8ces prot\u00e9g\u00e9es \u00bb\">\n\t\t\t\t\t\t\t<img decoding=\"async\" width=\"320\" height=\"202\" src=\"http:\/\/alde.lu\/wp\/wp-content\/uploads\/2018\/09\/planks_lake_cropped-320x202.jpg\" class=\"attachment-blog-medium size-blog-medium wp-post-image\" alt=\"\" srcset=\"http:\/\/alde.lu\/wp\/wp-content\/uploads\/2018\/09\/planks_lake_cropped-320x202.jpg 320w, http:\/\/alde.lu\/wp\/wp-content\/uploads\/2018\/09\/planks_lake_cropped-700x441.jpg 700w\" sizes=\"(max-width: 320px) 100vw, 320px\" \/>\t\t\t<\/a>\n\t\t\t\t\t\t\t<\/div>\n<\/li>\n\t\t\t\n\t\t\t\n\t\t\t\t\t\t\t\t\t\t\t\t\t\t\t\t\t\t\t\t\t\t\t\t\t\t\t\t\t\t\t\t\t\t\t\t\t\t\t\t\t\t\t\t\t\t\t\t\t\t\t\t\t\t\t\t\t\t\t\t\t\t\t\t\t\t\t\t<\/ul>\n\t<\/div>\n\t<div class=\"fusion-post-content post-content\"><h2 class=\"blog-shortcode-post-title entry-title\"><a href=\"http:\/\/alde.lu\/?p=41634\">Le r\u00e9gime juridique des \u00ab biotopes \u00bb, des \u00ab habitats \u00bb et des \u00ab esp\u00e8ces prot\u00e9g\u00e9es \u00bb<\/a><\/h2><div class=\"fusion-post-content-container\"><p> Conf\u00e9rence Le r\u00e9gime juridique des \u00ab biotopes \u00bb, des \u00ab habitats \u00bb et des \u00ab esp\u00e8ces prot\u00e9g\u00e9es \u00bb Par S\u00e9bastien COUVREUR \u2013 avocat \u00e0 la Cour, Partner chez KRIEGER Associates Jean-Claude KIRPACH \u2013 avocat chez KRIEGER Associates et ancien chef du service conservation de la nature de l\u2019ANF Jeudi,<\/p><\/div><\/div><div class=\"fusion-clearfix\"><\/div><div class=\"fusion-meta-info\"><div class=\"fusion-alignleft\"><span class=\"vcard\" style=\"display: none;\"><span class=\"fn\"><a href=\"http:\/\/alde.lu\/?author=3\" title=\"Posts by Gerard Schockmel\" rel=\"author\">Gerard Schockmel<\/a><\/span><\/span><span class=\"updated\" style=\"display:none;\">2023-01-06T01:22:15+02:00<\/span><span>17.11.2022<\/span><span class=\"fusion-inline-sep\">|<\/span>Categories: <a href=\"http:\/\/alde.lu\/?cat=5\" rel=\"category\">Conf\u00e9rence-d\u00e9bat<\/a><span class=\"fusion-inline-sep\">|<\/span><span class=\"meta-tags\">Tags: <a href=\"http:\/\/alde.lu\/?tag=2022\" rel=\"tag\">2022<\/a><\/span><span class=\"fusion-inline-sep\">|<\/span><\/div><div class=\"fusion-alignright\"><a class=\"fusion-read-more\" href=\"http:\/\/alde.lu\/?p=41634\" aria-label=\"More on Le r\u00e9gime juridique des \u00ab biotopes \u00bb, des \u00ab habitats \u00bb et des \u00ab esp\u00e8ces prot\u00e9g\u00e9es \u00bb\">Read More<\/a><\/div><\/div><\/article>\n<article id=\"blog-1-post-41137\" class=\"fusion-post-medium post-41137 post type-post status-publish format-standard has-post-thumbnail hentry category-conference-debat tag-20\">\n\t<style type=\"text\/css\">\n\t\t\n\t\t\n\t\t\n\t\t\n\t\t\t<\/style>\n\n\n\t\t\t<div class=\"fusion-flexslider flexslider fusion-flexslider-loading fusion-post-slideshow\" style=\"\">\n\t\t<ul class=\"slides\">\n\t\t\t\n\t\t\t\t\t\t\t\t\t\t\t\t\t\t<li><div  class=\"fusion-image-wrapper fusion-image-size-fixed\" aria-haspopup=\"true\">\n\t\t\t\t\t\t\t<a href=\"http:\/\/alde.lu\/?p=41137\" aria-label=\"Les clauses environnementales dans les march\u00e9s publics\">\n\t\t\t\t\t\t\t<img decoding=\"async\" width=\"320\" height=\"202\" src=\"http:\/\/alde.lu\/wp\/wp-content\/uploads\/2022\/09\/resized-pexels-cogua-kiteboading-10118368-320x202.jpg\" class=\"attachment-blog-medium size-blog-medium wp-post-image\" alt=\"\" srcset=\"http:\/\/alde.lu\/wp\/wp-content\/uploads\/2022\/09\/resized-pexels-cogua-kiteboading-10118368-320x202.jpg 320w, http:\/\/alde.lu\/wp\/wp-content\/uploads\/2022\/09\/resized-pexels-cogua-kiteboading-10118368-700x441.jpg 700w\" sizes=\"(max-width: 320px) 100vw, 320px\" \/>\t\t\t<\/a>\n\t\t\t\t\t\t\t<\/div>\n<\/li>\n\t\t\t\n\t\t\t\n\t\t\t\t\t\t\t\t\t\t\t\t\t\t\t\t\t\t\t\t\t\t\t\t\t\t\t\t\t\t\t\t\t\t\t\t\t\t\t\t\t\t\t\t\t\t\t\t\t\t\t\t\t\t\t\t\t\t\t\t\t\t\t\t\t\t\t\t<\/ul>\n\t<\/div>\n\t<div class=\"fusion-post-content post-content\"><h2 class=\"blog-shortcode-post-title entry-title\"><a href=\"http:\/\/alde.lu\/?p=41137\">Les clauses environnementales dans les march\u00e9s publics<\/a><\/h2><div class=\"fusion-post-content-container\"><p> Conf\u00e9rence \u00ab Les clauses environnementales dans les march\u00e9s publics\u00a0\u00bb Par Me Thibault Chevrier, avocat. Jeudi, 29 septembre 2022, \u00e0 18:00 heures, 5, Place Winston Churchill, Luxembourg et par visio-conf\u00e9rence T\u00e9l\u00e9chargez la pr\u00e9sentation    <\/p><\/div><\/div><div class=\"fusion-clearfix\"><\/div><div class=\"fusion-meta-info\"><div class=\"fusion-alignleft\"><span class=\"vcard\" style=\"display: none;\"><span class=\"fn\"><a href=\"http:\/\/alde.lu\/?author=3\" title=\"Posts by Gerard Schockmel\" rel=\"author\">Gerard Schockmel<\/a><\/span><\/span><span class=\"updated\" style=\"display:none;\">2022-10-12T21:35:15+02:00<\/span><span>19.09.2022<\/span><span class=\"fusion-inline-sep\">|<\/span>Categories: <a href=\"http:\/\/alde.lu\/?cat=5\" rel=\"category\">Conf\u00e9rence-d\u00e9bat<\/a><span class=\"fusion-inline-sep\">|<\/span><span class=\"meta-tags\">Tags: <a href=\"http:\/\/alde.lu\/?tag=2022\" rel=\"tag\">2022<\/a><\/span><span class=\"fusion-inline-sep\">|<\/span><\/div><div class=\"fusion-alignright\"><a class=\"fusion-read-more\" href=\"http:\/\/alde.lu\/?p=41137\" aria-label=\"More on Les clauses environnementales dans les march\u00e9s publics\">Read More<\/a><\/div><\/div><\/article>\n<article id=\"blog-1-post-40628\" class=\"fusion-post-medium post-40628 post type-post status-publish format-standard has-post-thumbnail hentry category-assemblee-generale tag-20\">\n\t<style type=\"text\/css\">\n\t\t\n\t\t\n\t\t\n\t\t\n\t\t\t<\/style>\n\n\n\t\t\t<div class=\"fusion-flexslider flexslider fusion-flexslider-loading fusion-post-slideshow\" style=\"\">\n\t\t<ul class=\"slides\">\n\t\t\t\n\t\t\t\t\t\t\t\t\t\t\t\t\t\t<li><div  class=\"fusion-image-wrapper fusion-image-size-fixed\" aria-haspopup=\"true\">\n\t\t\t\t\t\t\t<a href=\"http:\/\/alde.lu\/?p=40628\" aria-label=\"Assembl\u00e9e g\u00e9n\u00e9rale 2022\">\n\t\t\t\t\t\t\t<img decoding=\"async\" width=\"320\" height=\"202\" src=\"http:\/\/alde.lu\/wp\/wp-content\/uploads\/2018\/11\/assemble-challenge-combine-269399-cropped-320x202.jpg\" class=\"attachment-blog-medium size-blog-medium wp-post-image\" alt=\"\" srcset=\"http:\/\/alde.lu\/wp\/wp-content\/uploads\/2018\/11\/assemble-challenge-combine-269399-cropped-320x202.jpg 320w, http:\/\/alde.lu\/wp\/wp-content\/uploads\/2018\/11\/assemble-challenge-combine-269399-cropped-700x441.jpg 700w\" sizes=\"(max-width: 320px) 100vw, 320px\" \/>\t\t\t<\/a>\n\t\t\t\t\t\t\t<\/div>\n<\/li>\n\t\t\t\n\t\t\t\n\t\t\t\t\t\t\t\t\t\t\t\t\t\t\t\t\t\t\t\t\t\t\t\t\t\t\t\t\t\t\t\t\t\t\t\t\t\t\t\t\t\t\t\t\t\t\t\t\t\t\t\t\t\t\t\t\t\t\t\t\t\t\t\t\t\t\t\t<\/ul>\n\t<\/div>\n\t<div class=\"fusion-post-content post-content\"><h2 class=\"blog-shortcode-post-title entry-title\"><a href=\"http:\/\/alde.lu\/?p=40628\">Assembl\u00e9e g\u00e9n\u00e9rale 2022<\/a><\/h2><div class=\"fusion-post-content-container\"><p> Assembl\u00e9e g\u00e9n\u00e9rale ordinaire 2022  Assembl\u00e9e g\u00e9n\u00e9rale annuelle Lundi, 27 mars 2021 \u00e0 18h 5, Place Winston Churchill, Luxembourg et par visio-conf\u00e9rence  Ordre du jour  Hommage \u00e0 Rita Raum-Degr\u00e8ve, pr\u00e9sidente honoraire de l\u2019ALDE par Edgard Arendt, membre fondateur de l\u2019ALDE Conf\u00e9rence \u00ab La gestion des terres excav\u00e9es<\/p><\/div><\/div><div class=\"fusion-clearfix\"><\/div><div class=\"fusion-meta-info\"><div class=\"fusion-alignleft\"><span class=\"vcard\" style=\"display: none;\"><span class=\"fn\"><a href=\"http:\/\/alde.lu\/?author=3\" title=\"Posts by Gerard Schockmel\" rel=\"author\">Gerard Schockmel<\/a><\/span><\/span><span class=\"updated\" style=\"display:none;\">2022-09-01T23:45:03+02:00<\/span><span>03.07.2022<\/span><span class=\"fusion-inline-sep\">|<\/span>Categories: <a href=\"http:\/\/alde.lu\/?cat=11\" rel=\"category\">Assembl\u00e9e g\u00e9n\u00e9rale<\/a><span class=\"fusion-inline-sep\">|<\/span><span class=\"meta-tags\">Tags: <a href=\"http:\/\/alde.lu\/?tag=2022\" rel=\"tag\">2022<\/a><\/span><span class=\"fusion-inline-sep\">|<\/span><\/div><div class=\"fusion-alignright\"><a class=\"fusion-read-more\" href=\"http:\/\/alde.lu\/?p=40628\" aria-label=\"More on Assembl\u00e9e g\u00e9n\u00e9rale 2022\">Read More<\/a><\/div><\/div><\/article>\n<article id=\"blog-1-post-40519\" class=\"fusion-post-medium post-40519 post type-post status-publish format-standard has-post-thumbnail hentry category-conference-debat tag-20\">\n\t<style type=\"text\/css\">\n\t\t\n\t\t\n\t\t\n\t\t\n\t\t\t<\/style>\n\n\n\t\t\t<div class=\"fusion-flexslider flexslider fusion-flexslider-loading fusion-post-slideshow\" style=\"\">\n\t\t<ul class=\"slides\">\n\t\t\t\n\t\t\t\t\t\t\t\t\t\t\t\t\t\t<li><div  class=\"fusion-image-wrapper fusion-image-size-fixed\" aria-haspopup=\"true\">\n\t\t\t\t\t\t\t<a href=\"http:\/\/alde.lu\/?p=40519\" aria-label=\"Pr\u00e9sentation de la COP26 de Glasgow\">\n\t\t\t\t\t\t\t<img decoding=\"async\" width=\"320\" height=\"202\" src=\"http:\/\/alde.lu\/wp\/wp-content\/uploads\/2022\/03\/cop_cropped-320x202.jpg\" class=\"attachment-blog-medium size-blog-medium wp-post-image\" alt=\"\" srcset=\"http:\/\/alde.lu\/wp\/wp-content\/uploads\/2022\/03\/cop_cropped-320x202.jpg 320w, http:\/\/alde.lu\/wp\/wp-content\/uploads\/2022\/03\/cop_cropped-700x441.jpg 700w\" sizes=\"(max-width: 320px) 100vw, 320px\" \/>\t\t\t<\/a>\n\t\t\t\t\t\t\t<\/div>\n<\/li>\n\t\t\t\n\t\t\t\n\t\t\t\t\t\t\t\t\t\t\t\t\t\t\t\t\t\t\t\t\t\t\t\t\t\t\t\t\t\t\t\t\t\t\t\t\t\t\t\t\t\t\t\t\t\t\t\t\t\t\t\t\t\t\t\t\t\t\t\t\t\t\t\t\t\t\t\t<\/ul>\n\t<\/div>\n\t<div class=\"fusion-post-content post-content\"><h2 class=\"blog-shortcode-post-title entry-title\"><a href=\"http:\/\/alde.lu\/?p=40519\">Pr\u00e9sentation de la COP26 de Glasgow<\/a><\/h2><div class=\"fusion-post-content-container\"><p> Conf\u00e9rence \u00ab Pr\u00e9sentation de la COP26 de Glasgow\u00a0\u00bb Par M, Andr\u00e9 Weidenhaupt, Premier Conseiller de Gouvernement, Minist\u00e8re de l'Environnement, du Climat et du D\u00e9veloppement durable. Jeudi, 10 mars 2022, \u00e0 18:00 heures, en pr\u00e9sentiel (nombre tr\u00e8s limit\u00e9 de personnes) et par visioconf\u00e9rence Invitation    <\/p><\/div><\/div><div class=\"fusion-clearfix\"><\/div><div class=\"fusion-meta-info\"><div class=\"fusion-alignleft\"><span class=\"vcard\" style=\"display: none;\"><span class=\"fn\"><a href=\"http:\/\/alde.lu\/?author=3\" title=\"Posts by Gerard Schockmel\" rel=\"author\">Gerard Schockmel<\/a><\/span><\/span><span class=\"updated\" style=\"display:none;\">2022-03-04T01:12:16+02:00<\/span><span>04.03.2022<\/span><span class=\"fusion-inline-sep\">|<\/span>Categories: <a href=\"http:\/\/alde.lu\/?cat=5\" rel=\"category\">Conf\u00e9rence-d\u00e9bat<\/a><span class=\"fusion-inline-sep\">|<\/span><span class=\"meta-tags\">Tags: <a href=\"http:\/\/alde.lu\/?tag=2022\" rel=\"tag\">2022<\/a><\/span><span class=\"fusion-inline-sep\">|<\/span><\/div><div class=\"fusion-alignright\"><a class=\"fusion-read-more\" href=\"http:\/\/alde.lu\/?p=40519\" aria-label=\"More on Pr\u00e9sentation de la COP26 de Glasgow\">Read More<\/a><\/div><\/div><\/article>\n<article id=\"blog-1-post-40483\" class=\"fusion-post-medium post-40483 post type-post status-publish format-standard has-post-thumbnail hentry category-conference-debat tag-20\">\n\t<style type=\"text\/css\">\n\t\t\n\t\t\n\t\t\n\t\t\n\t\t\t<\/style>\n\n\n\t\t\t<div class=\"fusion-flexslider flexslider fusion-flexslider-loading fusion-post-slideshow\" style=\"\">\n\t\t<ul class=\"slides\">\n\t\t\t\n\t\t\t\t\t\t\t\t\t\t\t\t\t\t<li><div  class=\"fusion-image-wrapper fusion-image-size-fixed\" aria-haspopup=\"true\">\n\t\t\t\t\t\t\t<a href=\"http:\/\/alde.lu\/?p=40483\" aria-label=\"La loi europ\u00e9enne sur le climat\">\n\t\t\t\t\t\t\t<img decoding=\"async\" width=\"320\" height=\"202\" src=\"http:\/\/alde.lu\/wp\/wp-content\/uploads\/2019\/03\/alternative-energy-blur-business-1076807-320x202.jpg\" class=\"attachment-blog-medium size-blog-medium wp-post-image\" alt=\"\" srcset=\"http:\/\/alde.lu\/wp\/wp-content\/uploads\/2019\/03\/alternative-energy-blur-business-1076807-320x202.jpg 320w, http:\/\/alde.lu\/wp\/wp-content\/uploads\/2019\/03\/alternative-energy-blur-business-1076807-700x441.jpg 700w\" sizes=\"(max-width: 320px) 100vw, 320px\" \/>\t\t\t<\/a>\n\t\t\t\t\t\t\t<\/div>\n<\/li>\n\t\t\t\n\t\t\t\n\t\t\t\t\t\t\t\t\t\t\t\t\t\t\t\t\t\t\t\t\t\t\t\t\t\t\t\t\t\t\t\t\t\t\t\t\t\t\t\t\t\t\t\t\t\t\t\t\t\t\t\t\t\t\t\t\t\t\t\t\t\t\t\t\t\t\t\t<\/ul>\n\t<\/div>\n\t<div class=\"fusion-post-content post-content\"><h2 class=\"blog-shortcode-post-title entry-title\"><a href=\"http:\/\/alde.lu\/?p=40483\">La loi europ\u00e9enne sur le climat<\/a><\/h2><div class=\"fusion-post-content-container\"><p> Conf\u00e9rence \u00ab La loi europ\u00e9enne sur le climat\u00a0: expos\u00e9 sommaire du r\u00e8glement 2021\/1119 sur la neutralit\u00e9 climatique, modifiant le r\u00e8glement\u00a0401\/2009\u00a0relatif \u00e0 l\u2019agence europ\u00e9enne pour l\u2019environnement et au r\u00e9seau europ\u00e9en d\u2019information et d\u2019observation pour l\u2019environnement et le\u00a0r\u00e8glement 2018\/1999 sur la gouvernance de l\u2019union de l\u2019\u00e9nergie et de l\u2019action pour le<\/p><\/div><\/div><div class=\"fusion-clearfix\"><\/div><div class=\"fusion-meta-info\"><div class=\"fusion-alignleft\"><span class=\"vcard\" style=\"display: none;\"><span class=\"fn\"><a href=\"http:\/\/alde.lu\/?author=3\" title=\"Posts by Gerard Schockmel\" rel=\"author\">Gerard Schockmel<\/a><\/span><\/span><span class=\"updated\" style=\"display:none;\">2022-02-07T23:43:39+02:00<\/span><span>24.01.2022<\/span><span class=\"fusion-inline-sep\">|<\/span>Categories: <a href=\"http:\/\/alde.lu\/?cat=5\" rel=\"category\">Conf\u00e9rence-d\u00e9bat<\/a><span class=\"fusion-inline-sep\">|<\/span><span class=\"meta-tags\">Tags: <a href=\"http:\/\/alde.lu\/?tag=2022\" rel=\"tag\">2022<\/a><\/span><span class=\"fusion-inline-sep\">|<\/span><\/div><div class=\"fusion-alignright\"><a class=\"fusion-read-more\" href=\"http:\/\/alde.lu\/?p=40483\" aria-label=\"More on La loi europ\u00e9enne sur le climat\">Read More<\/a><\/div><\/div><\/article>\n<article id=\"blog-1-post-40490\" class=\"fusion-post-medium post-40490 post type-post status-publish format-standard has-post-thumbnail hentry category-conference-debat tag-18\">\n\t<style type=\"text\/css\">\n\t\t\n\t\t\n\t\t\n\t\t\n\t\t\t<\/style>\n\n\n\t\t\t<div class=\"fusion-flexslider flexslider fusion-flexslider-loading fusion-post-slideshow\" style=\"\">\n\t\t<ul class=\"slides\">\n\t\t\t\n\t\t\t\t\t\t\t\t\t\t\t\t\t\t<li><div  class=\"fusion-image-wrapper fusion-image-size-fixed\" aria-haspopup=\"true\">\n\t\t\t\t\t\t\t<a href=\"http:\/\/alde.lu\/?p=40490\" aria-label=\"Le syst\u00e8me luxembourgeois d\u2019obligation \u00e9conomie d\u2019\u00e9nergie (EEOS)\">\n\t\t\t\t\t\t\t<img decoding=\"async\" width=\"320\" height=\"202\" src=\"http:\/\/alde.lu\/wp\/wp-content\/uploads\/2019\/01\/alternative-energy-building-clouds-356036-320x202.jpg\" class=\"attachment-blog-medium size-blog-medium wp-post-image\" alt=\"Solar panels\" srcset=\"http:\/\/alde.lu\/wp\/wp-content\/uploads\/2019\/01\/alternative-energy-building-clouds-356036-320x202.jpg 320w, http:\/\/alde.lu\/wp\/wp-content\/uploads\/2019\/01\/alternative-energy-building-clouds-356036-700x441.jpg 700w\" sizes=\"(max-width: 320px) 100vw, 320px\" \/>\t\t\t<\/a>\n\t\t\t\t\t\t\t<\/div>\n<\/li>\n\t\t\t\n\t\t\t\n\t\t\t\t\t\t\t\t\t\t\t\t\t\t\t\t\t\t\t\t\t\t\t\t\t\t\t\t\t\t\t\t\t\t\t\t\t\t\t\t\t\t\t\t\t\t\t\t\t\t\t\t\t\t\t\t\t\t\t\t\t\t\t\t\t\t\t\t<\/ul>\n\t<\/div>\n\t<div class=\"fusion-post-content post-content\"><h2 class=\"blog-shortcode-post-title entry-title\"><a href=\"http:\/\/alde.lu\/?p=40490\">Le syst\u00e8me luxembourgeois d\u2019obligation \u00e9conomie d\u2019\u00e9nergie (EEOS)<\/a><\/h2><div class=\"fusion-post-content-container\"><p> Conf\u00e9rence \u00ab\u00a0Le syst\u00e8me luxembourgeois d\u2019obligation \u00e9conomie d\u2019\u00e9nergie (EEOS) et les diff\u00e9rences avec le syst\u00e8me fran\u00e7ais des Certificats d\u2019\u00e9conomie d\u2019Energie (CEE)\u00a0\u00bb Par M. Pascal Worr\u00e9, charg\u00e9 de Direction aupr\u00e8s de la Direction de l\u2019efficacit\u00e9 \u00e9nerg\u00e9tique et Mme Isaure d\u2019Archimbaud, fondatrice d\u2019IA Conseils. Jeudi, 25 novembre 2021, \u00e0 18:00 heures, par<\/p><\/div><\/div><div class=\"fusion-clearfix\"><\/div><div class=\"fusion-meta-info\"><div class=\"fusion-alignleft\"><span class=\"vcard\" style=\"display: none;\"><span class=\"fn\"><a href=\"http:\/\/alde.lu\/?author=3\" title=\"Posts by Gerard Schockmel\" rel=\"author\">Gerard Schockmel<\/a><\/span><\/span><span class=\"updated\" style=\"display:none;\">2022-01-25T00:41:07+02:00<\/span><span>25.11.2021<\/span><span class=\"fusion-inline-sep\">|<\/span>Categories: <a href=\"http:\/\/alde.lu\/?cat=5\" rel=\"category\">Conf\u00e9rence-d\u00e9bat<\/a><span class=\"fusion-inline-sep\">|<\/span><span class=\"meta-tags\">Tags: <a href=\"http:\/\/alde.lu\/?tag=2021\" rel=\"tag\">2021<\/a><\/span><span class=\"fusion-inline-sep\">|<\/span><\/div><div class=\"fusion-alignright\"><a class=\"fusion-read-more\" href=\"http:\/\/alde.lu\/?p=40490\" aria-label=\"More on Le syst\u00e8me luxembourgeois d\u2019obligation \u00e9conomie d\u2019\u00e9nergie (EEOS)\">Read More<\/a><\/div><\/div><\/article>\n<article id=\"blog-1-post-40449\" class=\"fusion-post-medium post-40449 post type-post status-publish format-standard has-post-thumbnail hentry category-colloque\">\n\t<style type=\"text\/css\">\n\t\t\n\t\t\n\t\t\n\t\t\n\t\t\t<\/style>\n\n\n\t\t\t<div class=\"fusion-flexslider flexslider fusion-flexslider-loading fusion-post-slideshow\" style=\"\">\n\t\t<ul class=\"slides\">\n\t\t\t\n\t\t\t\t\t\t\t\t\t\t\t\t\t\t<li><div  class=\"fusion-image-wrapper fusion-image-size-fixed\" aria-haspopup=\"true\">\n\t\t\t\t\t\t\t<a href=\"http:\/\/alde.lu\/?p=40449\" aria-label=\"Colloque &#8211; Actualit\u00e9 des contentieux climatiques\">\n\t\t\t\t\t\t\t<img decoding=\"async\" width=\"320\" height=\"202\" src=\"http:\/\/alde.lu\/wp\/wp-content\/uploads\/2021\/10\/forum_da_vinci-320x202.jpg\" class=\"attachment-blog-medium size-blog-medium wp-post-image\" alt=\"\" \/>\t\t\t<\/a>\n\t\t\t\t\t\t\t<\/div>\n<\/li>\n\t\t\t\n\t\t\t\n\t\t\t\t\t\t\t\t\t\t\t\t\t\t\t\t\t\t\t\t\t\t\t\t\t\t\t\t\t\t\t\t\t\t\t\t\t\t\t\t\t\t\t\t\t\t\t\t\t\t\t\t\t\t\t\t\t\t\t\t\t\t\t\t\t\t\t\t<\/ul>\n\t<\/div>\n\t<div class=\"fusion-post-content post-content\"><h2 class=\"blog-shortcode-post-title entry-title\"><a href=\"http:\/\/alde.lu\/?p=40449\">Colloque &#8211; Actualit\u00e9 des contentieux climatiques<\/a><\/h2><div class=\"fusion-post-content-container\"><p> Colloque \u00ab Actualit\u00e9 des contentieux climatiques\u00a0\u00bb Jeudi, 28 octobre 2021 de 14h \u00e0 17h Forum Da Vinci T\u00e9l\u00e9chargez la pr\u00e9sentation \u00a0 Programme \u00a0   Pr\u00e9sentation \u00ab L\u2019actualit\u00e9 des contentieux climatiques en France \u00bb par Madame Marta Torre-Schaub, Directrice de Recherche CNRS, R\u00e9seau Droit et Changement climatique ClimaLex, ISJPS<\/p><\/div><\/div><div class=\"fusion-clearfix\"><\/div><div class=\"fusion-meta-info\"><div class=\"fusion-alignleft\"><span class=\"vcard\" style=\"display: none;\"><span class=\"fn\"><a href=\"http:\/\/alde.lu\/?author=3\" title=\"Posts by Gerard Schockmel\" rel=\"author\">Gerard Schockmel<\/a><\/span><\/span><span class=\"updated\" style=\"display:none;\">2022-01-25T00:46:07+02:00<\/span><span>11.10.2021<\/span><span class=\"fusion-inline-sep\">|<\/span>Categories: <a href=\"http:\/\/alde.lu\/?cat=19\" rel=\"category\">Colloque<\/a><span class=\"fusion-inline-sep\">|<\/span><\/div><div class=\"fusion-alignright\"><a class=\"fusion-read-more\" href=\"http:\/\/alde.lu\/?p=40449\" aria-label=\"More on Colloque &#8211; Actualit\u00e9 des contentieux climatiques\">Read More<\/a><\/div><\/div><\/article>\n<article id=\"blog-1-post-40430\" class=\"fusion-post-medium post-40430 post type-post status-publish format-standard has-post-thumbnail hentry category-conference-debat tag-18\">\n\t<style type=\"text\/css\">\n\t\t\n\t\t\n\t\t\n\t\t\n\t\t\t<\/style>\n\n\n\t\t\t<div class=\"fusion-flexslider flexslider fusion-flexslider-loading fusion-post-slideshow\" style=\"\">\n\t\t<ul class=\"slides\">\n\t\t\t\n\t\t\t\t\t\t\t\t\t\t\t\t\t\t<li><div  class=\"fusion-image-wrapper fusion-image-size-fixed\" aria-haspopup=\"true\">\n\t\t\t\t\t\t\t<a href=\"http:\/\/alde.lu\/?p=40430\" aria-label=\"Pr\u00e9sentation des nouveaut\u00e9s du G\u00e9oportail\">\n\t\t\t\t\t\t\t<img decoding=\"async\" width=\"320\" height=\"202\" src=\"http:\/\/alde.lu\/wp\/wp-content\/uploads\/2021\/09\/210923-Gepoprtail-320x202.jpg\" class=\"attachment-blog-medium size-blog-medium wp-post-image\" alt=\"\" srcset=\"http:\/\/alde.lu\/wp\/wp-content\/uploads\/2021\/09\/210923-Gepoprtail-320x202.jpg 320w, http:\/\/alde.lu\/wp\/wp-content\/uploads\/2021\/09\/210923-Gepoprtail-700x441.jpg 700w\" sizes=\"(max-width: 320px) 100vw, 320px\" \/>\t\t\t<\/a>\n\t\t\t\t\t\t\t<\/div>\n<\/li>\n\t\t\t\n\t\t\t\n\t\t\t\t\t\t\t\t\t\t\t\t\t\t\t\t\t\t\t\t\t\t\t\t\t\t\t\t\t\t\t\t\t\t\t\t\t\t\t\t\t\t\t\t\t\t\t\t\t\t\t\t\t\t\t\t\t\t\t\t\t\t\t\t\t\t\t\t<\/ul>\n\t<\/div>\n\t<div class=\"fusion-post-content post-content\"><h2 class=\"blog-shortcode-post-title entry-title\"><a href=\"http:\/\/alde.lu\/?p=40430\">Pr\u00e9sentation des nouveaut\u00e9s du G\u00e9oportail<\/a><\/h2><div class=\"fusion-post-content-container\"><p> Conf\u00e9rence \u00ab Pr\u00e9sentation des nouveaut\u00e9s du G\u00e9oportail \u00bb Par M. Jeff Konnen, Responsable du service aupr\u00e8s de l'Administration du cadastre et de la topographie, du G\u00e9oportail. Jeudi, 23 septembre 2021, \u00e0 12:30 heures, par vid\u00e9oconf\u00e9rence T\u00e9l\u00e9chargez la pr\u00e9sentation    <\/p><\/div><\/div><div class=\"fusion-clearfix\"><\/div><div class=\"fusion-meta-info\"><div class=\"fusion-alignleft\"><span class=\"vcard\" style=\"display: none;\"><span class=\"fn\"><a href=\"http:\/\/alde.lu\/?author=3\" title=\"Posts by Gerard Schockmel\" rel=\"author\">Gerard Schockmel<\/a><\/span><\/span><span class=\"updated\" style=\"display:none;\">2022-01-25T00:09:21+02:00<\/span><span>06.09.2021<\/span><span class=\"fusion-inline-sep\">|<\/span>Categories: <a href=\"http:\/\/alde.lu\/?cat=5\" rel=\"category\">Conf\u00e9rence-d\u00e9bat<\/a><span class=\"fusion-inline-sep\">|<\/span><span class=\"meta-tags\">Tags: <a href=\"http:\/\/alde.lu\/?tag=2021\" rel=\"tag\">2021<\/a><\/span><span class=\"fusion-inline-sep\">|<\/span><\/div><div class=\"fusion-alignright\"><a class=\"fusion-read-more\" href=\"http:\/\/alde.lu\/?p=40430\" aria-label=\"More on Pr\u00e9sentation des nouveaut\u00e9s du G\u00e9oportail\">Read More<\/a><\/div><\/div><\/article>\n<article id=\"blog-1-post-40378\" class=\"fusion-post-medium post-40378 post type-post status-publish format-standard has-post-thumbnail hentry category-conference-debat tag-18\">\n\t<style type=\"text\/css\">\n\t\t\n\t\t\n\t\t\n\t\t\n\t\t\t<\/style>\n\n\n\t\t\t<div class=\"fusion-flexslider flexslider fusion-flexslider-loading fusion-post-slideshow\" style=\"\">\n\t\t<ul class=\"slides\">\n\t\t\t\n\t\t\t\t\t\t\t\t\t\t\t\t\t\t<li><div  class=\"fusion-image-wrapper fusion-image-size-fixed\" aria-haspopup=\"true\">\n\t\t\t\t\t\t\t<a href=\"http:\/\/alde.lu\/?p=40378\" aria-label=\"Le droit de l&#8217;environnement et le droit bancaire et financier\">\n\t\t\t\t\t\t\t<img decoding=\"async\" width=\"320\" height=\"202\" src=\"http:\/\/alde.lu\/wp\/wp-content\/uploads\/2021\/05\/325185-resize-320x202.jpg\" class=\"attachment-blog-medium size-blog-medium wp-post-image\" alt=\"\" srcset=\"http:\/\/alde.lu\/wp\/wp-content\/uploads\/2021\/05\/325185-resize-320x202.jpg 320w, http:\/\/alde.lu\/wp\/wp-content\/uploads\/2021\/05\/325185-resize-700x441.jpg 700w\" sizes=\"(max-width: 320px) 100vw, 320px\" \/>\t\t\t<\/a>\n\t\t\t\t\t\t\t<\/div>\n<\/li>\n\t\t\t\n\t\t\t\n\t\t\t\t\t\t\t\t\t\t\t\t\t\t\t\t\t\t\t\t\t\t\t\t\t\t\t\t\t\t\t\t\t\t\t\t\t\t\t\t\t\t\t\t\t\t\t\t\t\t\t\t\t\t\t\t\t\t\t\t\t\t\t\t\t\t\t\t<\/ul>\n\t<\/div>\n\t<div class=\"fusion-post-content post-content\"><h2 class=\"blog-shortcode-post-title entry-title\"><a href=\"http:\/\/alde.lu\/?p=40378\">Le droit de l&#8217;environnement et le droit bancaire et financier<\/a><\/h2><div class=\"fusion-post-content-container\"><p> Conf\u00e9rence-d\u00e9bat \u00ab LE DROIT DE L\u2019ENVIRONNEMENT ET LE DROIT BANCAIRE ET FINANCIER Le r\u00e8glement 2019\/2088 sur la publication d\u2019informations en mati\u00e8re de durabilit\u00e9 dans le secteur des activit\u00e9s financi\u00e8res et son impact sur la place du Luxembourg \u00bb.\u00a0 Cette conf\u00e9rence sera tenue en collaboration avec la Conf\u00e9rence Saint-Yves. Lundi,<\/p><\/div><\/div><div class=\"fusion-clearfix\"><\/div><div class=\"fusion-meta-info\"><div class=\"fusion-alignleft\"><span class=\"vcard\" style=\"display: none;\"><span class=\"fn\"><a href=\"http:\/\/alde.lu\/?author=3\" title=\"Posts by Gerard Schockmel\" rel=\"author\">Gerard Schockmel<\/a><\/span><\/span><span class=\"updated\" style=\"display:none;\">2021-09-06T23:40:24+02:00<\/span><span>31.05.2021<\/span><span class=\"fusion-inline-sep\">|<\/span>Categories: <a href=\"http:\/\/alde.lu\/?cat=5\" rel=\"category\">Conf\u00e9rence-d\u00e9bat<\/a><span class=\"fusion-inline-sep\">|<\/span><span class=\"meta-tags\">Tags: <a href=\"http:\/\/alde.lu\/?tag=2021\" rel=\"tag\">2021<\/a><\/span><span class=\"fusion-inline-sep\">|<\/span><\/div><div class=\"fusion-alignright\"><a class=\"fusion-read-more\" href=\"http:\/\/alde.lu\/?p=40378\" aria-label=\"More on Le droit de l&#8217;environnement et le droit bancaire et financier\">Read More<\/a><\/div><\/div><\/article>\n<article id=\"blog-1-post-40340\" class=\"fusion-post-medium post-40340 post type-post status-publish format-standard has-post-thumbnail hentry category-conference-debat tag-18\">\n\t<style type=\"text\/css\">\n\t\t\n\t\t\n\t\t\n\t\t\n\t\t\t<\/style>\n\n\n\t\t\t<div class=\"fusion-flexslider flexslider fusion-flexslider-loading fusion-post-slideshow\" style=\"\">\n\t\t<ul class=\"slides\">\n\t\t\t\n\t\t\t\t\t\t\t\t\t\t\t\t\t\t<li><div  class=\"fusion-image-wrapper fusion-image-size-fixed\" aria-haspopup=\"true\">\n\t\t\t\t\t\t\t<a href=\"http:\/\/alde.lu\/?p=40340\" aria-label=\"Le principe de pr\u00e9caution : un outil de gestion des crises en droit  de l&#8217;Union europ\u00e9enne?\">\n\t\t\t\t\t\t\t<img decoding=\"async\" width=\"320\" height=\"202\" src=\"http:\/\/alde.lu\/wp\/wp-content\/uploads\/2021\/04\/pexels-slondotpics-408503-320x202.jpg\" class=\"attachment-blog-medium size-blog-medium wp-post-image\" alt=\"\" srcset=\"http:\/\/alde.lu\/wp\/wp-content\/uploads\/2021\/04\/pexels-slondotpics-408503-320x202.jpg 320w, http:\/\/alde.lu\/wp\/wp-content\/uploads\/2021\/04\/pexels-slondotpics-408503-700x441.jpg 700w\" sizes=\"(max-width: 320px) 100vw, 320px\" \/>\t\t\t<\/a>\n\t\t\t\t\t\t\t<\/div>\n<\/li>\n\t\t\t\n\t\t\t\n\t\t\t\t\t\t\t\t\t\t\t\t\t\t\t\t\t\t\t\t\t\t\t\t\t\t\t\t\t\t\t\t\t\t\t\t\t\t\t\t\t\t\t\t\t\t\t\t\t\t\t\t\t\t\t\t\t\t\t\t\t\t\t\t\t\t\t\t<\/ul>\n\t<\/div>\n\t<div class=\"fusion-post-content post-content\"><h2 class=\"blog-shortcode-post-title entry-title\"><a href=\"http:\/\/alde.lu\/?p=40340\">Le principe de pr\u00e9caution : un outil de gestion des crises en droit  de l&#8217;Union europ\u00e9enne?<\/a><\/h2><div class=\"fusion-post-content-container\"><p> Conf\u00e9rence-d\u00e9bat \u00ab Le principe de pr\u00e9caution : un outil de gestion des crises en droit de l'Union europ\u00e9enne? \u00bb Par Dr. Alessandra Donati, Senior Research Fellow, Max Planck Institute Luxembourg for Procedural Law Jeudi, 06 mai 2021, \u00e0 18:00 heures, par vid\u00e9oconf\u00e9rence T\u00e9l\u00e9chargez l'invitation    <\/p><\/div><\/div><div class=\"fusion-clearfix\"><\/div><div class=\"fusion-meta-info\"><div class=\"fusion-alignleft\"><span class=\"vcard\" style=\"display: none;\"><span class=\"fn\"><a href=\"http:\/\/alde.lu\/?author=3\" title=\"Posts by Gerard Schockmel\" rel=\"author\">Gerard Schockmel<\/a><\/span><\/span><span class=\"updated\" style=\"display:none;\">2021-05-28T00:08:04+02:00<\/span><span>21.04.2021<\/span><span class=\"fusion-inline-sep\">|<\/span>Categories: <a href=\"http:\/\/alde.lu\/?cat=5\" rel=\"category\">Conf\u00e9rence-d\u00e9bat<\/a><span class=\"fusion-inline-sep\">|<\/span><span class=\"meta-tags\">Tags: <a href=\"http:\/\/alde.lu\/?tag=2021\" rel=\"tag\">2021<\/a><\/span><span class=\"fusion-inline-sep\">|<\/span><\/div><div class=\"fusion-alignright\"><a class=\"fusion-read-more\" href=\"http:\/\/alde.lu\/?p=40340\" aria-label=\"More on Le principe de pr\u00e9caution : un outil de gestion des crises en droit  de l&#8217;Union europ\u00e9enne?\">Read More<\/a><\/div><\/div><\/article>\n<article id=\"blog-1-post-40295\" class=\"fusion-post-medium post-40295 post type-post status-publish format-standard has-post-thumbnail hentry category-conference-debat tag-17\">\n\t<style type=\"text\/css\">\n\t\t\n\t\t\n\t\t\n\t\t\n\t\t\t<\/style>\n\n\n\t\t\t<div class=\"fusion-flexslider flexslider fusion-flexslider-loading fusion-post-slideshow\" style=\"\">\n\t\t<ul class=\"slides\">\n\t\t\t\n\t\t\t\t\t\t\t\t\t\t\t\t\t\t<li><div  class=\"fusion-image-wrapper fusion-image-size-fixed\" aria-haspopup=\"true\">\n\t\t\t\t\t\t\t<a href=\"http:\/\/alde.lu\/?p=40295\" aria-label=\"Le Luxembourg en 2050\">\n\t\t\t\t\t\t\t<img decoding=\"async\" width=\"320\" height=\"202\" src=\"http:\/\/alde.lu\/wp\/wp-content\/uploads\/2021\/03\/pexels-lorenzo-240834-320x202.jpg\" class=\"attachment-blog-medium size-blog-medium wp-post-image\" alt=\"\" srcset=\"http:\/\/alde.lu\/wp\/wp-content\/uploads\/2021\/03\/pexels-lorenzo-240834-320x202.jpg 320w, http:\/\/alde.lu\/wp\/wp-content\/uploads\/2021\/03\/pexels-lorenzo-240834-700x441.jpg 700w\" sizes=\"(max-width: 320px) 100vw, 320px\" \/>\t\t\t<\/a>\n\t\t\t\t\t\t\t<\/div>\n<\/li>\n\t\t\t\n\t\t\t\n\t\t\t\t\t\t\t\t\t\t\t\t\t\t\t\t\t\t\t\t\t\t\t\t\t\t\t\t\t\t\t\t\t\t\t\t\t\t\t\t\t\t\t\t\t\t\t\t\t\t\t\t\t\t\t\t\t\t\t\t\t\t\t\t\t\t\t\t<\/ul>\n\t<\/div>\n\t<div class=\"fusion-post-content post-content\"><h2 class=\"blog-shortcode-post-title entry-title\"><a href=\"http:\/\/alde.lu\/?p=40295\">Le Luxembourg en 2050<\/a><\/h2><div class=\"fusion-post-content-container\"><p> Conf\u00e9rence-d\u00e9bat \u00ab Le Luxembourg en 2050 - De l'am\u00e9nagement au m\u00e9nagement du territoire \u00bb Par Madame Pascale Junker, auteur de l'ouvrage Pr\u00e9sentation des principales th\u00e9matiques de cet ouvrage Jeudi, 25 mars 2021, \u00e0 18:00 heures, par vid\u00e9oconf\u00e9rence T\u00e9l\u00e9chargez la pr\u00e9sentation    <\/p><\/div><\/div><div class=\"fusion-clearfix\"><\/div><div class=\"fusion-meta-info\"><div class=\"fusion-alignleft\"><span class=\"vcard\" style=\"display: none;\"><span class=\"fn\"><a href=\"http:\/\/alde.lu\/?author=3\" title=\"Posts by Gerard Schockmel\" rel=\"author\">Gerard Schockmel<\/a><\/span><\/span><span class=\"updated\" style=\"display:none;\">2021-04-04T22:55:38+02:00<\/span><span>12.03.2021<\/span><span class=\"fusion-inline-sep\">|<\/span>Categories: <a href=\"http:\/\/alde.lu\/?cat=5\" rel=\"category\">Conf\u00e9rence-d\u00e9bat<\/a><span class=\"fusion-inline-sep\">|<\/span><span class=\"meta-tags\">Tags: <a href=\"http:\/\/alde.lu\/?tag=2020\" rel=\"tag\">2020<\/a><\/span><span class=\"fusion-inline-sep\">|<\/span><\/div><div class=\"fusion-alignright\"><a class=\"fusion-read-more\" href=\"http:\/\/alde.lu\/?p=40295\" aria-label=\"More on Le Luxembourg en 2050\">Read More<\/a><\/div><\/div><\/article>\n<article id=\"blog-1-post-40288\" class=\"fusion-post-medium post-40288 post type-post status-publish format-standard has-post-thumbnail hentry category-assemblee-generale tag-18\">\n\t<style type=\"text\/css\">\n\t\t\n\t\t\n\t\t\n\t\t\n\t\t\t<\/style>\n\n\n\t\t\t<div class=\"fusion-flexslider flexslider fusion-flexslider-loading fusion-post-slideshow\" style=\"\">\n\t\t<ul class=\"slides\">\n\t\t\t\n\t\t\t\t\t\t\t\t\t\t\t\t\t\t<li><div  class=\"fusion-image-wrapper fusion-image-size-fixed\" aria-haspopup=\"true\">\n\t\t\t\t\t\t\t<a href=\"http:\/\/alde.lu\/?p=40288\" aria-label=\"Assembl\u00e9e g\u00e9n\u00e9rale 2021\">\n\t\t\t\t\t\t\t<img decoding=\"async\" width=\"320\" height=\"202\" src=\"http:\/\/alde.lu\/wp\/wp-content\/uploads\/2018\/11\/assemble-challenge-combine-269399-cropped-320x202.jpg\" class=\"attachment-blog-medium size-blog-medium wp-post-image\" alt=\"\" srcset=\"http:\/\/alde.lu\/wp\/wp-content\/uploads\/2018\/11\/assemble-challenge-combine-269399-cropped-320x202.jpg 320w, http:\/\/alde.lu\/wp\/wp-content\/uploads\/2018\/11\/assemble-challenge-combine-269399-cropped-700x441.jpg 700w\" sizes=\"(max-width: 320px) 100vw, 320px\" \/>\t\t\t<\/a>\n\t\t\t\t\t\t\t<\/div>\n<\/li>\n\t\t\t\n\t\t\t\n\t\t\t\t\t\t\t\t\t\t\t\t\t\t\t\t\t\t\t\t\t\t\t\t\t\t\t\t\t\t\t\t\t\t\t\t\t\t\t\t\t\t\t\t\t\t\t\t\t\t\t\t\t\t\t\t\t\t\t\t\t\t\t\t\t\t\t\t<\/ul>\n\t<\/div>\n\t<div class=\"fusion-post-content post-content\"><h2 class=\"blog-shortcode-post-title entry-title\"><a href=\"http:\/\/alde.lu\/?p=40288\">Assembl\u00e9e g\u00e9n\u00e9rale 2021<\/a><\/h2><div class=\"fusion-post-content-container\"><p> Assembl\u00e9e g\u00e9n\u00e9rale ordinaire 2021  Assembl\u00e9e g\u00e9n\u00e9rale annuelle Jeudi 25 mars 2021 \u00e0 19h30 via videoconf\u00e9rence  Ordre du jour  Allocution de la Pr\u00e9sidente, Acceptation de l\u2019ordre du jour de l\u2019assembl\u00e9e g\u00e9n\u00e9rale, Rapport du Secr\u00e9taire sur l\u2019ann\u00e9e associative \u00e9coul\u00e9e, Pr\u00e9sentation des comptes par la Tr\u00e9sori\u00e8re, Soumission et approbation<\/p><\/div><\/div><div class=\"fusion-clearfix\"><\/div><div class=\"fusion-meta-info\"><div class=\"fusion-alignleft\"><span class=\"vcard\" style=\"display: none;\"><span class=\"fn\"><a href=\"http:\/\/alde.lu\/?author=3\" title=\"Posts by Gerard Schockmel\" rel=\"author\">Gerard Schockmel<\/a><\/span><\/span><span class=\"updated\" style=\"display:none;\">2022-07-03T18:55:21+02:00<\/span><span>12.03.2021<\/span><span class=\"fusion-inline-sep\">|<\/span>Categories: <a href=\"http:\/\/alde.lu\/?cat=11\" rel=\"category\">Assembl\u00e9e g\u00e9n\u00e9rale<\/a><span class=\"fusion-inline-sep\">|<\/span><span class=\"meta-tags\">Tags: <a href=\"http:\/\/alde.lu\/?tag=2021\" rel=\"tag\">2021<\/a><\/span><span class=\"fusion-inline-sep\">|<\/span><\/div><div class=\"fusion-alignright\"><a class=\"fusion-read-more\" href=\"http:\/\/alde.lu\/?p=40288\" aria-label=\"More on Assembl\u00e9e g\u00e9n\u00e9rale 2021\">Read More<\/a><\/div><\/div><\/article>\n<article id=\"blog-1-post-40229\" class=\"fusion-post-medium post-40229 post type-post status-publish format-standard has-post-thumbnail hentry category-conference-debat tag-17\">\n\t<style type=\"text\/css\">\n\t\t\n\t\t\n\t\t\n\t\t\n\t\t\t<\/style>\n\n\n\t\t\t<div class=\"fusion-flexslider flexslider fusion-flexslider-loading fusion-post-slideshow\" style=\"\">\n\t\t<ul class=\"slides\">\n\t\t\t\n\t\t\t\t\t\t\t\t\t\t\t\t\t\t<li><div  class=\"fusion-image-wrapper fusion-image-size-fixed\" aria-haspopup=\"true\">\n\t\t\t\t\t\t\t<a href=\"http:\/\/alde.lu\/?p=40229\" aria-label=\"La 5G et le droit de l&#8217;environnement\">\n\t\t\t\t\t\t\t<img decoding=\"async\" width=\"320\" height=\"202\" src=\"http:\/\/alde.lu\/wp\/wp-content\/uploads\/2021\/01\/pexels-marko-klaric-6159376-320x202.jpg\" class=\"attachment-blog-medium size-blog-medium wp-post-image\" alt=\"\" srcset=\"http:\/\/alde.lu\/wp\/wp-content\/uploads\/2021\/01\/pexels-marko-klaric-6159376-320x202.jpg 320w, http:\/\/alde.lu\/wp\/wp-content\/uploads\/2021\/01\/pexels-marko-klaric-6159376-700x441.jpg 700w\" sizes=\"(max-width: 320px) 100vw, 320px\" \/>\t\t\t<\/a>\n\t\t\t\t\t\t\t<\/div>\n<\/li>\n\t\t\t\n\t\t\t\n\t\t\t\t\t\t\t\t\t\t\t\t\t\t\t\t\t\t\t\t\t\t\t\t\t\t\t\t\t\t\t\t\t\t\t\t\t\t\t\t\t\t\t\t\t\t\t\t\t\t\t\t\t\t\t\t\t\t\t\t\t\t\t\t\t\t\t\t<\/ul>\n\t<\/div>\n\t<div class=\"fusion-post-content post-content\"><h2 class=\"blog-shortcode-post-title entry-title\"><a href=\"http:\/\/alde.lu\/?p=40229\">La 5G et le droit de l&#8217;environnement<\/a><\/h2><div class=\"fusion-post-content-container\"><p> Conf\u00e9rence-d\u00e9bat \u00ab La 5G et le droit de l\u2019environnement \u00bb Par Me Jonathan Dahmoun, avocat Jeudi, 21\u00a0 janvier 2021, \u00e0 18:00 heures, par vid\u00e9oconf\u00e9rence T\u00e9l\u00e9chargez la pr\u00e9sentation    <\/p><\/div><\/div><div class=\"fusion-clearfix\"><\/div><div class=\"fusion-meta-info\"><div class=\"fusion-alignleft\"><span class=\"vcard\" style=\"display: none;\"><span class=\"fn\"><a href=\"http:\/\/alde.lu\/?author=3\" title=\"Posts by Gerard Schockmel\" rel=\"author\">Gerard Schockmel<\/a><\/span><\/span><span class=\"updated\" style=\"display:none;\">2021-03-11T01:28:45+02:00<\/span><span>19.01.2021<\/span><span class=\"fusion-inline-sep\">|<\/span>Categories: <a href=\"http:\/\/alde.lu\/?cat=5\" rel=\"category\">Conf\u00e9rence-d\u00e9bat<\/a><span class=\"fusion-inline-sep\">|<\/span><span class=\"meta-tags\">Tags: <a href=\"http:\/\/alde.lu\/?tag=2020\" rel=\"tag\">2020<\/a><\/span><span class=\"fusion-inline-sep\">|<\/span><\/div><div class=\"fusion-alignright\"><a class=\"fusion-read-more\" href=\"http:\/\/alde.lu\/?p=40229\" aria-label=\"More on La 5G et le droit de l&#8217;environnement\">Read More<\/a><\/div><\/div><\/article>\n<article id=\"blog-1-post-39822\" class=\"fusion-post-medium post-39822 post type-post status-publish format-standard has-post-thumbnail hentry category-assemblee-generale tag-17\">\n\t<style type=\"text\/css\">\n\t\t\n\t\t\n\t\t\n\t\t\n\t\t\t<\/style>\n\n\n\t\t\t<div class=\"fusion-flexslider flexslider fusion-flexslider-loading fusion-post-slideshow\" style=\"\">\n\t\t<ul class=\"slides\">\n\t\t\t\n\t\t\t\t\t\t\t\t\t\t\t\t\t\t<li><div  class=\"fusion-image-wrapper fusion-image-size-fixed\" aria-haspopup=\"true\">\n\t\t\t\t\t\t\t<a href=\"http:\/\/alde.lu\/?p=39822\" aria-label=\"Assembl\u00e9e g\u00e9n\u00e9rale 2020\">\n\t\t\t\t\t\t\t<img decoding=\"async\" width=\"320\" height=\"202\" src=\"http:\/\/alde.lu\/wp\/wp-content\/uploads\/2018\/11\/assemble-challenge-combine-269399-cropped-320x202.jpg\" class=\"attachment-blog-medium size-blog-medium wp-post-image\" alt=\"\" srcset=\"http:\/\/alde.lu\/wp\/wp-content\/uploads\/2018\/11\/assemble-challenge-combine-269399-cropped-320x202.jpg 320w, http:\/\/alde.lu\/wp\/wp-content\/uploads\/2018\/11\/assemble-challenge-combine-269399-cropped-700x441.jpg 700w\" sizes=\"(max-width: 320px) 100vw, 320px\" \/>\t\t\t<\/a>\n\t\t\t\t\t\t\t<\/div>\n<\/li>\n\t\t\t\n\t\t\t\n\t\t\t\t\t\t\t\t\t\t\t\t\t\t\t\t\t\t\t\t\t\t\t\t\t\t\t\t\t\t\t\t\t\t\t\t\t\t\t\t\t\t\t\t\t\t\t\t\t\t\t\t\t\t\t\t\t\t\t\t\t\t\t\t\t\t\t\t<\/ul>\n\t<\/div>\n\t<div class=\"fusion-post-content post-content\"><h2 class=\"blog-shortcode-post-title entry-title\"><a href=\"http:\/\/alde.lu\/?p=39822\">Assembl\u00e9e g\u00e9n\u00e9rale 2020<\/a><\/h2><div class=\"fusion-post-content-container\"><p> Assembl\u00e9e g\u00e9n\u00e9rale ordinaire 2020  Assembl\u00e9e g\u00e9n\u00e9rale annuelle Jeudi 12 novembre 2020 \u00e0 12h30 par T\u00e9l\u00e9conf\u00e9rence  L\u2019ann\u00e9e 2020 aura \u00e9t\u00e9 une p\u00e9riode bien particuli\u00e8re pour nous tous comme pour notre association. Nous n\u2019avons pu organiser r\u00e9guli\u00e8rement comme nous l\u2019avons fait les ann\u00e9es pr\u00e9c\u00e9dentes des conf\u00e9rences dans les locaux<\/p><\/div><\/div><div class=\"fusion-clearfix\"><\/div><div class=\"fusion-meta-info\"><div class=\"fusion-alignleft\"><span class=\"vcard\" style=\"display: none;\"><span class=\"fn\"><a href=\"http:\/\/alde.lu\/?author=3\" title=\"Posts by Gerard Schockmel\" rel=\"author\">Gerard Schockmel<\/a><\/span><\/span><span class=\"updated\" style=\"display:none;\">2022-07-03T18:56:07+02:00<\/span><span>02.11.2020<\/span><span class=\"fusion-inline-sep\">|<\/span>Categories: <a href=\"http:\/\/alde.lu\/?cat=11\" rel=\"category\">Assembl\u00e9e g\u00e9n\u00e9rale<\/a><span class=\"fusion-inline-sep\">|<\/span><span class=\"meta-tags\">Tags: <a href=\"http:\/\/alde.lu\/?tag=2020\" rel=\"tag\">2020<\/a><\/span><span class=\"fusion-inline-sep\">|<\/span><\/div><div class=\"fusion-alignright\"><a class=\"fusion-read-more\" href=\"http:\/\/alde.lu\/?p=39822\" aria-label=\"More on Assembl\u00e9e g\u00e9n\u00e9rale 2020\">Read More<\/a><\/div><\/div><\/article>\n<article id=\"blog-1-post-39832\" class=\"fusion-post-medium post-39832 post type-post status-publish format-standard has-post-thumbnail hentry category-conference-debat tag-17\">\n\t<style type=\"text\/css\">\n\t\t\n\t\t\n\t\t\n\t\t\n\t\t\t<\/style>\n\n\n\t\t\t<div class=\"fusion-flexslider flexslider fusion-flexslider-loading fusion-post-slideshow\" style=\"\">\n\t\t<ul class=\"slides\">\n\t\t\t\n\t\t\t\t\t\t\t\t\t\t\t\t\t\t<li><div  class=\"fusion-image-wrapper fusion-image-size-fixed\" aria-haspopup=\"true\">\n\t\t\t\t\t\t\t<a href=\"http:\/\/alde.lu\/?p=39832\" aria-label=\"Les Urgenda Cases\">\n\t\t\t\t\t\t\t<img decoding=\"async\" width=\"320\" height=\"202\" src=\"http:\/\/alde.lu\/wp\/wp-content\/uploads\/2020\/11\/win_for_planet-320x202.jpg\" class=\"attachment-blog-medium size-blog-medium wp-post-image\" alt=\"\" srcset=\"http:\/\/alde.lu\/wp\/wp-content\/uploads\/2020\/11\/win_for_planet-320x202.jpg 320w, http:\/\/alde.lu\/wp\/wp-content\/uploads\/2020\/11\/win_for_planet-700x441.jpg 700w\" sizes=\"(max-width: 320px) 100vw, 320px\" \/>\t\t\t<\/a>\n\t\t\t\t\t\t\t<\/div>\n<\/li>\n\t\t\t\n\t\t\t\n\t\t\t\t\t\t\t\t\t\t\t\t\t\t\t\t\t\t\t\t\t\t\t\t\t\t\t\t\t\t\t\t\t\t\t\t\t\t\t\t\t\t\t\t\t\t\t\t\t\t\t\t\t\t\t\t\t\t\t\t\t\t\t\t\t\t\t\t<\/ul>\n\t<\/div>\n\t<div class=\"fusion-post-content post-content\"><h2 class=\"blog-shortcode-post-title entry-title\"><a href=\"http:\/\/alde.lu\/?p=39832\">Les Urgenda Cases<\/a><\/h2><div class=\"fusion-post-content-container\"><p> Conf\u00e9rence-d\u00e9bat \u00ab Climat: l'affaire Urgenda\u00a0\u00bb Historic, details and outcomes of the Urgenda cases in the Netherlands (EN) - Val\u00e9rie Van't Lam (advocaat) La situation au Luxembourg - Benjamin Marthoz (avocat \u00e0 la cour) Jeudi, 26 novembre 2020, \u00e0 18:00 heures, par vid\u00e9oconf\u00e9rence T\u00e9l\u00e9chargez la pr\u00e9sentation    <\/p><\/div><\/div><div class=\"fusion-clearfix\"><\/div><div class=\"fusion-meta-info\"><div class=\"fusion-alignleft\"><span class=\"vcard\" style=\"display: none;\"><span class=\"fn\"><a href=\"http:\/\/alde.lu\/?author=3\" title=\"Posts by Gerard Schockmel\" rel=\"author\">Gerard Schockmel<\/a><\/span><\/span><span class=\"updated\" style=\"display:none;\">2021-01-19T01:08:49+02:00<\/span><span>01.11.2020<\/span><span class=\"fusion-inline-sep\">|<\/span>Categories: <a href=\"http:\/\/alde.lu\/?cat=5\" rel=\"category\">Conf\u00e9rence-d\u00e9bat<\/a><span class=\"fusion-inline-sep\">|<\/span><span class=\"meta-tags\">Tags: <a href=\"http:\/\/alde.lu\/?tag=2020\" rel=\"tag\">2020<\/a><\/span><span class=\"fusion-inline-sep\">|<\/span><\/div><div class=\"fusion-alignright\"><a class=\"fusion-read-more\" href=\"http:\/\/alde.lu\/?p=39832\" aria-label=\"More on Les Urgenda Cases\">Read More<\/a><\/div><\/div><\/article>\n<article id=\"blog-1-post-856\" class=\"fusion-post-medium post-856 post type-post status-publish format-standard has-post-thumbnail hentry category-conference-debat tag-17\">\n\t<style type=\"text\/css\">\n\t\t\n\t\t\n\t\t\n\t\t\n\t\t\t<\/style>\n\n\n\t\t\t<div class=\"fusion-flexslider flexslider fusion-flexslider-loading fusion-post-slideshow\" style=\"\">\n\t\t<ul class=\"slides\">\n\t\t\t\n\t\t\t\t\t\t\t\t\t\t\t\t\t\t<li><div  class=\"fusion-image-wrapper fusion-image-size-fixed\" aria-haspopup=\"true\">\n\t\t\t\t\t\t\t<a href=\"http:\/\/alde.lu\/?p=856\" aria-label=\"La r\u00e8glementation des produits chimiques en droit de l\u2019Union europ\u00e9enne : enjeux et perspectives\">\n\t\t\t\t\t\t\t<img decoding=\"async\" width=\"320\" height=\"202\" src=\"http:\/\/alde.lu\/wp\/wp-content\/uploads\/2020\/01\/laboratory-flask-2280571-320x202.jpg\" class=\"attachment-blog-medium size-blog-medium wp-post-image\" alt=\"\" srcset=\"http:\/\/alde.lu\/wp\/wp-content\/uploads\/2020\/01\/laboratory-flask-2280571-320x202.jpg 320w, http:\/\/alde.lu\/wp\/wp-content\/uploads\/2020\/01\/laboratory-flask-2280571-700x441.jpg 700w\" sizes=\"(max-width: 320px) 100vw, 320px\" \/>\t\t\t<\/a>\n\t\t\t\t\t\t\t<\/div>\n<\/li>\n\t\t\t\n\t\t\t\n\t\t\t\t\t\t\t\t\t\t\t\t\t\t\t\t\t\t\t\t\t\t\t\t\t\t\t\t\t\t\t\t\t\t\t\t\t\t\t\t\t\t\t\t\t\t\t\t\t\t\t\t\t\t\t\t\t\t\t\t\t\t\t\t\t\t\t\t<\/ul>\n\t<\/div>\n\t<div class=\"fusion-post-content post-content\"><h2 class=\"blog-shortcode-post-title entry-title\"><a href=\"http:\/\/alde.lu\/?p=856\">La r\u00e8glementation des produits chimiques en droit de l\u2019Union europ\u00e9enne : enjeux et perspectives<\/a><\/h2><div class=\"fusion-post-content-container\"><p> Conf\u00e9rence-d\u00e9bat \u00ab La r\u00e8glementation des produits chimiques en droit de l\u2019Union europ\u00e9enne: enjeux et perspectives \u00bb par Madame Alessandra Donati, Senior Research Fellow, Max Planck Institute Luxembourg for Procedural Law Jeudi, 27 f\u00e9vrier 2020 Invitation et inscription    <\/p><\/div><\/div><div class=\"fusion-clearfix\"><\/div><div class=\"fusion-meta-info\"><div class=\"fusion-alignleft\"><span class=\"vcard\" style=\"display: none;\"><span class=\"fn\"><a href=\"http:\/\/alde.lu\/?author=3\" title=\"Posts by Gerard Schockmel\" rel=\"author\">Gerard Schockmel<\/a><\/span><\/span><span class=\"updated\" style=\"display:none;\">2020-11-02T02:45:52+02:00<\/span><span>27.01.2020<\/span><span class=\"fusion-inline-sep\">|<\/span>Categories: <a href=\"http:\/\/alde.lu\/?cat=5\" rel=\"category\">Conf\u00e9rence-d\u00e9bat<\/a><span class=\"fusion-inline-sep\">|<\/span><span class=\"meta-tags\">Tags: <a href=\"http:\/\/alde.lu\/?tag=2020\" rel=\"tag\">2020<\/a><\/span><span class=\"fusion-inline-sep\">|<\/span><\/div><div class=\"fusion-alignright\"><a class=\"fusion-read-more\" href=\"http:\/\/alde.lu\/?p=856\" aria-label=\"More on La r\u00e8glementation des produits chimiques en droit de l\u2019Union europ\u00e9enne : enjeux et perspectives\">Read More<\/a><\/div><\/div><\/article>\n<article id=\"blog-1-post-761\" class=\"fusion-post-medium post-761 post type-post status-publish format-standard has-post-thumbnail hentry category-conference-debat tag-15\">\n\t<style type=\"text\/css\">\n\t\t\n\t\t\n\t\t\n\t\t\n\t\t\t<\/style>\n\n\n\t\t\t<div class=\"fusion-flexslider flexslider fusion-flexslider-loading fusion-post-slideshow\" style=\"\">\n\t\t<ul class=\"slides\">\n\t\t\t\n\t\t\t\t\t\t\t\t\t\t\t\t\t\t<li><div  class=\"fusion-image-wrapper fusion-image-size-fixed\" aria-haspopup=\"true\">\n\t\t\t\t\t\t\t<a href=\"http:\/\/alde.lu\/?p=761\" aria-label=\"Le principe de pr\u00e9caution \u00e0 propos du glyphosate\">\n\t\t\t\t\t\t\t<img decoding=\"async\" width=\"320\" height=\"202\" src=\"http:\/\/alde.lu\/wp\/wp-content\/uploads\/2019\/09\/field-grain-harvest-5980-320x202.jpg\" class=\"attachment-blog-medium size-blog-medium wp-post-image\" alt=\"Champ de bl\u00e9\" srcset=\"http:\/\/alde.lu\/wp\/wp-content\/uploads\/2019\/09\/field-grain-harvest-5980-320x202.jpg 320w, http:\/\/alde.lu\/wp\/wp-content\/uploads\/2019\/09\/field-grain-harvest-5980-700x441.jpg 700w\" sizes=\"(max-width: 320px) 100vw, 320px\" \/>\t\t\t<\/a>\n\t\t\t\t\t\t\t<\/div>\n<\/li>\n\t\t\t\n\t\t\t\n\t\t\t\t\t\t\t\t\t\t\t\t\t\t\t\t\t\t\t\t\t\t\t\t\t\t\t\t\t\t\t\t\t\t\t\t\t\t\t\t\t\t\t\t\t\t\t\t\t\t\t\t\t\t\t\t\t\t\t\t\t\t\t\t\t\t\t\t<\/ul>\n\t<\/div>\n\t<div class=\"fusion-post-content post-content\"><h2 class=\"blog-shortcode-post-title entry-title\"><a href=\"http:\/\/alde.lu\/?p=761\">Le principe de pr\u00e9caution \u00e0 propos du glyphosate<\/a><\/h2><div class=\"fusion-post-content-container\"><p> Conf\u00e9rence-d\u00e9bat \u00ab\u00a0Le principe de pr\u00e9caution \u00e0 propos du glyphosate\u00a0\u00bb par Madame Eirini Pantelodimou, Avocate, Docteur en droit de l\u2019environnement de l\u2019Universit\u00e9 Paris 1 Panth\u00e9on-Sorbonne Jeudi, 5 d\u00e9cembre 2019 T\u00e9l\u00e9chargez le formulaire d'inscription    <\/p><\/div><\/div><div class=\"fusion-clearfix\"><\/div><div class=\"fusion-meta-info\"><div class=\"fusion-alignleft\"><span class=\"vcard\" style=\"display: none;\"><span class=\"fn\"><a href=\"http:\/\/alde.lu\/?author=3\" title=\"Posts by Gerard Schockmel\" rel=\"author\">Gerard Schockmel<\/a><\/span><\/span><span class=\"updated\" style=\"display:none;\">2019-11-25T23:14:15+02:00<\/span><span>25.11.2019<\/span><span class=\"fusion-inline-sep\">|<\/span>Categories: <a href=\"http:\/\/alde.lu\/?cat=5\" rel=\"category\">Conf\u00e9rence-d\u00e9bat<\/a><span class=\"fusion-inline-sep\">|<\/span><span class=\"meta-tags\">Tags: <a href=\"http:\/\/alde.lu\/?tag=2019\" rel=\"tag\">2019<\/a><\/span><span class=\"fusion-inline-sep\">|<\/span><\/div><div class=\"fusion-alignright\"><a class=\"fusion-read-more\" href=\"http:\/\/alde.lu\/?p=761\" aria-label=\"More on Le principe de pr\u00e9caution \u00e0 propos du glyphosate\">Read More<\/a><\/div><\/div><\/article>\n<article id=\"blog-1-post-816\" class=\"fusion-post-medium post-816 post type-post status-publish format-standard has-post-thumbnail hentry category-assemblee-generale tag-15\">\n\t<style type=\"text\/css\">\n\t\t\n\t\t\n\t\t\n\t\t\n\t\t\t<\/style>\n\n\n\t\t\t<div class=\"fusion-flexslider flexslider fusion-flexslider-loading fusion-post-slideshow\" style=\"\">\n\t\t<ul class=\"slides\">\n\t\t\t\n\t\t\t\t\t\t\t\t\t\t\t\t\t\t<li><div  class=\"fusion-image-wrapper fusion-image-size-fixed\" aria-haspopup=\"true\">\n\t\t\t\t\t\t\t<a href=\"http:\/\/alde.lu\/?p=816\" aria-label=\"Assembl\u00e9e g\u00e9n\u00e9rale 2019\">\n\t\t\t\t\t\t\t<img decoding=\"async\" width=\"320\" height=\"202\" src=\"http:\/\/alde.lu\/wp\/wp-content\/uploads\/2018\/11\/assemble-challenge-combine-269399-cropped-320x202.jpg\" class=\"attachment-blog-medium size-blog-medium wp-post-image\" alt=\"\" srcset=\"http:\/\/alde.lu\/wp\/wp-content\/uploads\/2018\/11\/assemble-challenge-combine-269399-cropped-320x202.jpg 320w, http:\/\/alde.lu\/wp\/wp-content\/uploads\/2018\/11\/assemble-challenge-combine-269399-cropped-700x441.jpg 700w\" sizes=\"(max-width: 320px) 100vw, 320px\" \/>\t\t\t<\/a>\n\t\t\t\t\t\t\t<\/div>\n<\/li>\n\t\t\t\n\t\t\t\n\t\t\t\t\t\t\t\t\t\t\t\t\t\t\t\t\t\t\t\t\t\t\t\t\t\t\t\t\t\t\t\t\t\t\t\t\t\t\t\t\t\t\t\t\t\t\t\t\t\t\t\t\t\t\t\t\t\t\t\t\t\t\t\t\t\t\t\t<\/ul>\n\t<\/div>\n\t<div class=\"fusion-post-content post-content\"><h2 class=\"blog-shortcode-post-title entry-title\"><a href=\"http:\/\/alde.lu\/?p=816\">Assembl\u00e9e g\u00e9n\u00e9rale 2019<\/a><\/h2><div class=\"fusion-post-content-container\"><p> Assembl\u00e9e g\u00e9n\u00e9rale ordinaire 2019  Assembl\u00e9e g\u00e9n\u00e9rale annuelle Jeudi 15 novembre 2018 \u00e0 18h Restaurant l'Aubergine 1, avenue Jean-Pierre Pescatore \/ 12, rue des Bains Luxembourg  Ordre du jour  Allocution de la Pr\u00e9sidente, Acceptation de l\u2019ordre du jour de l\u2019assembl\u00e9e g\u00e9n\u00e9rale, Rapport du Secr\u00e9taire sur l\u2019ann\u00e9e associative<\/p><\/div><\/div><div class=\"fusion-clearfix\"><\/div><div class=\"fusion-meta-info\"><div class=\"fusion-alignleft\"><span class=\"vcard\" style=\"display: none;\"><span class=\"fn\"><a href=\"http:\/\/alde.lu\/?author=3\" title=\"Posts by Gerard Schockmel\" rel=\"author\">Gerard Schockmel<\/a><\/span><\/span><span class=\"updated\" style=\"display:none;\">2019-11-07T18:57:17+02:00<\/span><span>07.11.2019<\/span><span class=\"fusion-inline-sep\">|<\/span>Categories: <a href=\"http:\/\/alde.lu\/?cat=11\" rel=\"category\">Assembl\u00e9e g\u00e9n\u00e9rale<\/a><span class=\"fusion-inline-sep\">|<\/span><span class=\"meta-tags\">Tags: <a href=\"http:\/\/alde.lu\/?tag=2019\" rel=\"tag\">2019<\/a><\/span><span class=\"fusion-inline-sep\">|<\/span><\/div><div class=\"fusion-alignright\"><a class=\"fusion-read-more\" href=\"http:\/\/alde.lu\/?p=816\" aria-label=\"More on Assembl\u00e9e g\u00e9n\u00e9rale 2019\">Read More<\/a><\/div><\/div><\/article>\n<article id=\"blog-1-post-783\" class=\"fusion-post-medium post-783 post type-post status-publish format-standard has-post-thumbnail hentry category-conference-debat\">\n\t<style type=\"text\/css\">\n\t\t\n\t\t\n\t\t\n\t\t\n\t\t\t<\/style>\n\n\n\t\t\t<div class=\"fusion-flexslider flexslider fusion-flexslider-loading fusion-post-slideshow\" style=\"\">\n\t\t<ul class=\"slides\">\n\t\t\t\n\t\t\t\t\t\t\t\t\t\t\t\t\t\t<li><div  class=\"fusion-image-wrapper fusion-image-size-fixed\" aria-haspopup=\"true\">\n\t\t\t\t\t\t\t<a href=\"http:\/\/alde.lu\/?p=783\" aria-label=\"Colloque &#8211; 25\u00e8me anniversaire de l&#8217;ALDE\">\n\t\t\t\t\t\t\t<img decoding=\"async\" width=\"320\" height=\"202\" src=\"http:\/\/alde.lu\/wp\/wp-content\/uploads\/2019\/11\/colloque_photo19-320x202.jpg\" class=\"attachment-blog-medium size-blog-medium wp-post-image\" alt=\"Colloque 25ans ALDE\" srcset=\"http:\/\/alde.lu\/wp\/wp-content\/uploads\/2019\/11\/colloque_photo19-320x202.jpg 320w, http:\/\/alde.lu\/wp\/wp-content\/uploads\/2019\/11\/colloque_photo19-700x441.jpg 700w\" sizes=\"(max-width: 320px) 100vw, 320px\" \/>\t\t\t<\/a>\n\t\t\t\t\t\t\t<\/div>\n<\/li>\n\t\t\t\n\t\t\t\n\t\t\t\t\t\t\t\t\t\t\t\t\t\t\t\t\t\t\t\t\t\t\t\t\t\t\t\t\t\t\t\t\t\t\t\t\t\t\t\t\t\t\t\t\t\t\t\t\t\t\t\t\t\t\t\t\t\t\t\t\t\t\t\t\t\t\t\t<\/ul>\n\t<\/div>\n\t<div class=\"fusion-post-content post-content\"><h2 class=\"blog-shortcode-post-title entry-title\"><a href=\"http:\/\/alde.lu\/?p=783\">Colloque &#8211; 25\u00e8me anniversaire de l&#8217;ALDE<\/a><\/h2><div class=\"fusion-post-content-container\"><p> Colloque - 25\u00e8me anniversaire de l'ALDE \u00ab\u00a0La protection du climat - Droits actuels et perspectives\u00a0\u00bb 26 septembre 2019 Voir le programme \u00a0   Pr\u00e9sentation \u00ab Climat litigation \u2013 the Urgenda cases in the Netherlands \u00bb par Me Val\u00e9rie van\u2019t Lam Voir la pr\u00e9sentation \u00a0   Pr\u00e9sentation \u00ab<\/p><\/div><\/div><div class=\"fusion-clearfix\"><\/div><div class=\"fusion-meta-info\"><div class=\"fusion-alignleft\"><span class=\"vcard\" style=\"display: none;\"><span class=\"fn\"><a href=\"http:\/\/alde.lu\/?author=3\" title=\"Posts by Gerard Schockmel\" rel=\"author\">Gerard Schockmel<\/a><\/span><\/span><span class=\"updated\" style=\"display:none;\">2023-02-09T18:09:08+02:00<\/span><span>01.11.2019<\/span><span class=\"fusion-inline-sep\">|<\/span>Categories: <a href=\"http:\/\/alde.lu\/?cat=5\" rel=\"category\">Conf\u00e9rence-d\u00e9bat<\/a><span class=\"fusion-inline-sep\">|<\/span><\/div><div class=\"fusion-alignright\"><a class=\"fusion-read-more\" href=\"http:\/\/alde.lu\/?p=783\" aria-label=\"More on Colloque &#8211; 25\u00e8me anniversaire de l&#8217;ALDE\">Read More<\/a><\/div><\/div><\/article>\n<article id=\"blog-1-post-731\" class=\"fusion-post-medium post-731 post type-post status-publish format-standard has-post-thumbnail hentry category-conference-debat tag-15\">\n\t<style type=\"text\/css\">\n\t\t\n\t\t\n\t\t\n\t\t\n\t\t\t<\/style>\n\n\n\t\t\t<div class=\"fusion-flexslider flexslider fusion-flexslider-loading fusion-post-slideshow\" style=\"\">\n\t\t<ul class=\"slides\">\n\t\t\t\n\t\t\t\t\t\t\t\t\t\t\t\t\t\t<li><div  class=\"fusion-image-wrapper fusion-image-size-fixed\" aria-haspopup=\"true\">\n\t\t\t\t\t\t\t<a href=\"http:\/\/alde.lu\/?p=731\" aria-label=\"La jurisprudence d&#8217;Oultremont de la Cour de justice sur la notion de plan et programme: vers une \u00e9valuation des incidences environnementales des lois et r\u00e8glements ?\">\n\t\t\t\t\t\t\t<img decoding=\"async\" width=\"320\" height=\"202\" src=\"http:\/\/alde.lu\/wp\/wp-content\/uploads\/2019\/05\/bookcase-books-bookshelves-159711-320x202.jpg\" class=\"attachment-blog-medium size-blog-medium wp-post-image\" alt=\"Books\" srcset=\"http:\/\/alde.lu\/wp\/wp-content\/uploads\/2019\/05\/bookcase-books-bookshelves-159711-320x202.jpg 320w, http:\/\/alde.lu\/wp\/wp-content\/uploads\/2019\/05\/bookcase-books-bookshelves-159711-700x441.jpg 700w\" sizes=\"(max-width: 320px) 100vw, 320px\" \/>\t\t\t<\/a>\n\t\t\t\t\t\t\t<\/div>\n<\/li>\n\t\t\t\n\t\t\t\n\t\t\t\t\t\t\t\t\t\t\t\t\t\t\t\t\t\t\t\t\t\t\t\t\t\t\t\t\t\t\t\t\t\t\t\t\t\t\t\t\t\t\t\t\t\t\t\t\t\t\t\t\t\t\t\t\t\t\t\t\t\t\t\t\t\t\t\t<\/ul>\n\t<\/div>\n\t<div class=\"fusion-post-content post-content\"><h2 class=\"blog-shortcode-post-title entry-title\"><a href=\"http:\/\/alde.lu\/?p=731\">La jurisprudence d&#8217;Oultremont de la Cour de justice sur la notion de plan et programme: vers une \u00e9valuation des incidences environnementales des lois et r\u00e8glements ?<\/a><\/h2><div class=\"fusion-post-content-container\"><p> Conf\u00e9rence-d\u00e9bat \u00ab La jurisprudence d'Oultremont de la Cour de justice sur la notion de plan et programme: vers une \u00e9valuation des incidences environnementales des lois et r\u00e8glements ?\u00a0\u00bb par Charles Hubert Born, Professeur, Facult\u00e9 de droit et de criminologie, S\u00e9minaire de recherche en droit de l'environnement et de l'urbanisme<\/p><\/div><\/div><div class=\"fusion-clearfix\"><\/div><div class=\"fusion-meta-info\"><div class=\"fusion-alignleft\"><span class=\"vcard\" style=\"display: none;\"><span class=\"fn\"><a href=\"http:\/\/alde.lu\/?author=3\" title=\"Posts by Gerard Schockmel\" rel=\"author\">Gerard Schockmel<\/a><\/span><\/span><span class=\"updated\" style=\"display:none;\">2019-06-15T21:08:55+02:00<\/span><span>26.05.2019<\/span><span class=\"fusion-inline-sep\">|<\/span>Categories: <a href=\"http:\/\/alde.lu\/?cat=5\" rel=\"category\">Conf\u00e9rence-d\u00e9bat<\/a><span class=\"fusion-inline-sep\">|<\/span><span class=\"meta-tags\">Tags: <a href=\"http:\/\/alde.lu\/?tag=2019\" rel=\"tag\">2019<\/a><\/span><span class=\"fusion-inline-sep\">|<\/span><\/div><div class=\"fusion-alignright\"><a class=\"fusion-read-more\" href=\"http:\/\/alde.lu\/?p=731\" aria-label=\"More on La jurisprudence d&#8217;Oultremont de la Cour de justice sur la notion de plan et programme: vers une \u00e9valuation des incidences environnementales des lois et r\u00e8glements ?\">Read More<\/a><\/div><\/div><\/article>\n<article id=\"blog-1-post-702\" class=\"fusion-post-medium post-702 post type-post status-publish format-standard has-post-thumbnail hentry category-conference-debat tag-15\">\n\t<style type=\"text\/css\">\n\t\t\n\t\t\n\t\t\n\t\t\n\t\t\t<\/style>\n\n\n\t\t\t<div class=\"fusion-flexslider flexslider fusion-flexslider-loading fusion-post-slideshow\" style=\"\">\n\t\t<ul class=\"slides\">\n\t\t\t\n\t\t\t\t\t\t\t\t\t\t\t\t\t\t<li><div  class=\"fusion-image-wrapper fusion-image-size-fixed\" aria-haspopup=\"true\">\n\t\t\t\t\t\t\t<a href=\"http:\/\/alde.lu\/?p=702\" aria-label=\"Introduction aux fonds verts labellis\u00e9s et leur impact sur l\u2019environnement\">\n\t\t\t\t\t\t\t<img decoding=\"async\" width=\"320\" height=\"202\" src=\"http:\/\/alde.lu\/wp\/wp-content\/uploads\/2019\/03\/alternative-energy-blur-business-1076807-320x202.jpg\" class=\"attachment-blog-medium size-blog-medium wp-post-image\" alt=\"\" srcset=\"http:\/\/alde.lu\/wp\/wp-content\/uploads\/2019\/03\/alternative-energy-blur-business-1076807-320x202.jpg 320w, http:\/\/alde.lu\/wp\/wp-content\/uploads\/2019\/03\/alternative-energy-blur-business-1076807-700x441.jpg 700w\" sizes=\"(max-width: 320px) 100vw, 320px\" \/>\t\t\t<\/a>\n\t\t\t\t\t\t\t<\/div>\n<\/li>\n\t\t\t\n\t\t\t\n\t\t\t\t\t\t\t\t\t\t\t\t\t\t\t\t\t\t\t\t\t\t\t\t\t\t\t\t\t\t\t\t\t\t\t\t\t\t\t\t\t\t\t\t\t\t\t\t\t\t\t\t\t\t\t\t\t\t\t\t\t\t\t\t\t\t\t\t<\/ul>\n\t<\/div>\n\t<div class=\"fusion-post-content post-content\"><h2 class=\"blog-shortcode-post-title entry-title\"><a href=\"http:\/\/alde.lu\/?p=702\">Introduction aux fonds verts labellis\u00e9s et leur impact sur l\u2019environnement<\/a><\/h2><div class=\"fusion-post-content-container\"><p> Conf\u00e9rence-d\u00e9bat \u00ab Introduction aux fonds verts labellis\u00e9s et leur impact sur l\u2019environnement\u00a0\u00bb par Monsieur Mario Mantrisi, G\u00e9n\u00e9ral Manager Luxflag \u00a0 \u00a0 Jeudi, 25 avril 2019  T\u00e9l\u00e9chargez l'invitation     <\/p><\/div><\/div><div class=\"fusion-clearfix\"><\/div><div class=\"fusion-meta-info\"><div class=\"fusion-alignleft\"><span class=\"vcard\" style=\"display: none;\"><span class=\"fn\"><a href=\"http:\/\/alde.lu\/?author=3\" title=\"Posts by Gerard Schockmel\" rel=\"author\">Gerard Schockmel<\/a><\/span><\/span><span class=\"updated\" style=\"display:none;\">2019-04-08T22:32:59+02:00<\/span><span>05.03.2019<\/span><span class=\"fusion-inline-sep\">|<\/span>Categories: <a href=\"http:\/\/alde.lu\/?cat=5\" rel=\"category\">Conf\u00e9rence-d\u00e9bat<\/a><span class=\"fusion-inline-sep\">|<\/span><span class=\"meta-tags\">Tags: <a href=\"http:\/\/alde.lu\/?tag=2019\" rel=\"tag\">2019<\/a><\/span><span class=\"fusion-inline-sep\">|<\/span><\/div><div class=\"fusion-alignright\"><a class=\"fusion-read-more\" href=\"http:\/\/alde.lu\/?p=702\" aria-label=\"More on Introduction aux fonds verts labellis\u00e9s et leur impact sur l\u2019environnement\">Read More<\/a><\/div><\/div><\/article>\n<article id=\"blog-1-post-655\" class=\"fusion-post-medium post-655 post type-post status-publish format-standard has-post-thumbnail hentry category-conference-debat tag-15\">\n\t<style type=\"text\/css\">\n\t\t\n\t\t\n\t\t\n\t\t\n\t\t\t<\/style>\n\n\n\t\t\t<div class=\"fusion-flexslider flexslider fusion-flexslider-loading fusion-post-slideshow\" style=\"\">\n\t\t<ul class=\"slides\">\n\t\t\t\n\t\t\t\t\t\t\t\t\t\t\t\t\t\t<li><div  class=\"fusion-image-wrapper fusion-image-size-fixed\" aria-haspopup=\"true\">\n\t\t\t\t\t\t\t<a href=\"http:\/\/alde.lu\/?p=655\" aria-label=\"Le r\u00f4le jou\u00e9 par l\u2019Administration de la Gestion de l\u2019Eau en mati\u00e8re d\u2019environnement\">\n\t\t\t\t\t\t\t<img decoding=\"async\" width=\"320\" height=\"202\" src=\"http:\/\/alde.lu\/wp\/wp-content\/uploads\/2018\/09\/planks_lake_cropped-320x202.jpg\" class=\"attachment-blog-medium size-blog-medium wp-post-image\" alt=\"\" srcset=\"http:\/\/alde.lu\/wp\/wp-content\/uploads\/2018\/09\/planks_lake_cropped-320x202.jpg 320w, http:\/\/alde.lu\/wp\/wp-content\/uploads\/2018\/09\/planks_lake_cropped-700x441.jpg 700w\" sizes=\"(max-width: 320px) 100vw, 320px\" \/>\t\t\t<\/a>\n\t\t\t\t\t\t\t<\/div>\n<\/li>\n\t\t\t\n\t\t\t\n\t\t\t\t\t\t\t\t\t\t\t\t\t\t\t\t\t\t\t\t\t\t\t\t\t\t\t\t\t\t\t\t\t\t\t\t\t\t\t\t\t\t\t\t\t\t\t\t\t\t\t\t\t\t\t\t\t\t\t\t\t\t\t\t\t\t\t\t<\/ul>\n\t<\/div>\n\t<div class=\"fusion-post-content post-content\"><h2 class=\"blog-shortcode-post-title entry-title\"><a href=\"http:\/\/alde.lu\/?p=655\">Le r\u00f4le jou\u00e9 par l\u2019Administration de la Gestion de l\u2019Eau en mati\u00e8re d\u2019environnement<\/a><\/h2><div class=\"fusion-post-content-container\"><p> Conf\u00e9rence-d\u00e9bat \u00ab\u00a0Le r\u00f4le jou\u00e9 par l\u2019Administration de la Gestion de l\u2019Eau en mati\u00e8re d\u2019environnement\u00a0\u00bb par Monsieur Lickes, Directeur de l\u2019Administration de la Gestion de l\u2019Eau Mardi, 12 f\u00e9vrier 2019 Voir la pr\u00e9sentation    <\/p><\/div><\/div><div class=\"fusion-clearfix\"><\/div><div class=\"fusion-meta-info\"><div class=\"fusion-alignleft\"><span class=\"vcard\" style=\"display: none;\"><span class=\"fn\"><a href=\"http:\/\/alde.lu\/?author=3\" title=\"Posts by Gerard Schockmel\" rel=\"author\">Gerard Schockmel<\/a><\/span><\/span><span class=\"updated\" style=\"display:none;\">2019-02-19T00:11:07+02:00<\/span><span>02.01.2019<\/span><span class=\"fusion-inline-sep\">|<\/span>Categories: <a href=\"http:\/\/alde.lu\/?cat=5\" rel=\"category\">Conf\u00e9rence-d\u00e9bat<\/a><span class=\"fusion-inline-sep\">|<\/span><span class=\"meta-tags\">Tags: <a href=\"http:\/\/alde.lu\/?tag=2019\" rel=\"tag\">2019<\/a><\/span><span class=\"fusion-inline-sep\">|<\/span><\/div><div class=\"fusion-alignright\"><a class=\"fusion-read-more\" href=\"http:\/\/alde.lu\/?p=655\" aria-label=\"More on Le r\u00f4le jou\u00e9 par l\u2019Administration de la Gestion de l\u2019Eau en mati\u00e8re d\u2019environnement\">Read More<\/a><\/div><\/div><\/article>\n<article id=\"blog-1-post-644\" class=\"fusion-post-medium post-644 post type-post status-publish format-standard has-post-thumbnail hentry category-conference-debat tag-10\">\n\t<style type=\"text\/css\">\n\t\t\n\t\t\n\t\t\n\t\t\n\t\t\t<\/style>\n\n\n\t\t\t<div class=\"fusion-flexslider flexslider fusion-flexslider-loading fusion-post-slideshow\" style=\"\">\n\t\t<ul class=\"slides\">\n\t\t\t\n\t\t\t\t\t\t\t\t\t\t\t\t\t\t<li><div  class=\"fusion-image-wrapper fusion-image-size-fixed\" aria-haspopup=\"true\">\n\t\t\t\t\t\t\t<a href=\"http:\/\/alde.lu\/?p=644\" aria-label=\"Les sites potentiellement pollu\u00e9s\">\n\t\t\t\t\t\t\t<img decoding=\"async\" width=\"320\" height=\"202\" src=\"http:\/\/alde.lu\/wp\/wp-content\/uploads\/2018\/11\/building-buildings-closed-273280-320x202.jpg\" class=\"attachment-blog-medium size-blog-medium wp-post-image\" alt=\"sites potentiellement pollu\u00e9s\" srcset=\"http:\/\/alde.lu\/wp\/wp-content\/uploads\/2018\/11\/building-buildings-closed-273280-320x202.jpg 320w, http:\/\/alde.lu\/wp\/wp-content\/uploads\/2018\/11\/building-buildings-closed-273280-700x441.jpg 700w\" sizes=\"(max-width: 320px) 100vw, 320px\" \/>\t\t\t<\/a>\n\t\t\t\t\t\t\t<\/div>\n<\/li>\n\t\t\t\n\t\t\t\n\t\t\t\t\t\t\t\t\t\t\t\t\t\t\t\t\t\t\t\t\t\t\t\t\t\t\t\t\t\t\t\t\t\t\t\t\t\t\t\t\t\t\t\t\t\t\t\t\t\t\t\t\t\t\t\t\t\t\t\t\t\t\t\t\t\t\t\t<\/ul>\n\t<\/div>\n\t<div class=\"fusion-post-content post-content\"><h2 class=\"blog-shortcode-post-title entry-title\"><a href=\"http:\/\/alde.lu\/?p=644\">Les sites potentiellement pollu\u00e9s<\/a><\/h2><div class=\"fusion-post-content-container\"><p> Conf\u00e9rence-d\u00e9bat \u00ab\u00a0Le cadastre des sites potentiellement pollu\u00e9s. Historique et perspectives\u00a0?\u00a0\u00bb \u00a0 par Sophie Capus, Charg\u00e9e d\u2019\u00e9tudes dirigeante aupr\u00e8s de l\u2019Administration de l\u2019environnement, Service des Sites contamin\u00e9s Jeudi 15 novembre 2018 Consultez la pr\u00e9sentation    <\/p><\/div><\/div><div class=\"fusion-clearfix\"><\/div><div class=\"fusion-meta-info\"><div class=\"fusion-alignleft\"><span class=\"vcard\" style=\"display: none;\"><span class=\"fn\"><a href=\"http:\/\/alde.lu\/?author=3\" title=\"Posts by Gerard Schockmel\" rel=\"author\">Gerard Schockmel<\/a><\/span><\/span><span class=\"updated\" style=\"display:none;\">2018-11-18T22:20:48+02:00<\/span><span>18.11.2018<\/span><span class=\"fusion-inline-sep\">|<\/span>Categories: <a href=\"http:\/\/alde.lu\/?cat=5\" rel=\"category\">Conf\u00e9rence-d\u00e9bat<\/a><span class=\"fusion-inline-sep\">|<\/span><span class=\"meta-tags\">Tags: <a href=\"http:\/\/alde.lu\/?tag=2018\" rel=\"tag\">2018<\/a><\/span><span class=\"fusion-inline-sep\">|<\/span><\/div><div class=\"fusion-alignright\"><a class=\"fusion-read-more\" href=\"http:\/\/alde.lu\/?p=644\" aria-label=\"More on Les sites potentiellement pollu\u00e9s\">Read More<\/a><\/div><\/div><\/article>\n<article id=\"blog-1-post-548\" class=\"fusion-post-medium post-548 post type-post status-publish format-standard has-post-thumbnail hentry category-assemblee-generale tag-10\">\n\t<style type=\"text\/css\">\n\t\t\n\t\t\n\t\t\n\t\t\n\t\t\t<\/style>\n\n\n\t\t\t<div class=\"fusion-flexslider flexslider fusion-flexslider-loading fusion-post-slideshow\" style=\"\">\n\t\t<ul class=\"slides\">\n\t\t\t\n\t\t\t\t\t\t\t\t\t\t\t\t\t\t<li><div  class=\"fusion-image-wrapper fusion-image-size-fixed\" aria-haspopup=\"true\">\n\t\t\t\t\t\t\t<a href=\"http:\/\/alde.lu\/?p=548\" aria-label=\"Assembl\u00e9e g\u00e9n\u00e9rale 2018\">\n\t\t\t\t\t\t\t<img decoding=\"async\" width=\"320\" height=\"202\" src=\"http:\/\/alde.lu\/wp\/wp-content\/uploads\/2018\/11\/assemble-challenge-combine-269399-cropped-320x202.jpg\" class=\"attachment-blog-medium size-blog-medium wp-post-image\" alt=\"\" srcset=\"http:\/\/alde.lu\/wp\/wp-content\/uploads\/2018\/11\/assemble-challenge-combine-269399-cropped-320x202.jpg 320w, http:\/\/alde.lu\/wp\/wp-content\/uploads\/2018\/11\/assemble-challenge-combine-269399-cropped-700x441.jpg 700w\" sizes=\"(max-width: 320px) 100vw, 320px\" \/>\t\t\t<\/a>\n\t\t\t\t\t\t\t<\/div>\n<\/li>\n\t\t\t\n\t\t\t\n\t\t\t\t\t\t\t\t\t\t\t\n\t\t\t\t\t\n\t\t\t\t\t\t\t\t\t\t\t<li>\n\t\t\t\t\t\t\t<div class=\"fusion-image-wrapper\">\n\t\t\t\t\t\t\t\t<a href=\"http:\/\/alde.lu\/?p=548\" aria-label=\"Assembl\u00e9e g\u00e9n\u00e9rale 2018\">\n\t\t\t\t\t\t\t\t\t<img decoding=\"async\" width=\"320\" height=\"202\" src=\"http:\/\/alde.lu\/wp\/wp-content\/uploads\/2018\/11\/auditorium-chairs-conference-722708-320x202.jpg\" alt=\"\" class=\"wp-image-553\" role=\"presentation\" srcset=\"http:\/\/alde.lu\/wp\/wp-content\/uploads\/2018\/11\/auditorium-chairs-conference-722708-320x202.jpg 320w, http:\/\/alde.lu\/wp\/wp-content\/uploads\/2018\/11\/auditorium-chairs-conference-722708-700x441.jpg 700w\" sizes=\"(max-width: 320px) 100vw, 320px\" \/>\t\t\t\t\t\t\t\t<\/a>\n\t\t\t\t\t\t\t\t<a style=\"display:none;\" href=\"http:\/\/alde.lu\/wp\/wp-content\/uploads\/2018\/11\/auditorium-chairs-conference-722708.jpg\" data-rel=\"iLightbox[gallery548]\"  title=\"\" data-title=\"AG2018\" data-caption=\"\">\n\t\t\t\t\t\t\t\t\t\t\t\t\t\t\t\t\t<\/a>\n\t\t\t\t\t\t\t<\/div>\n\t\t\t\t\t\t<\/li>\n\t\t\t\t\t\t\t\t\t\t\t\t\t\t\t\t\t\t\t\t\t\t\t\t\t\t\t\t\t\t\t\t\t\t\t\t\t\t\t\t\t\t\t\t\t\t\t\t\t\t\t\t\t\t\t\t\t\t\t\t\t\t\t\t\t\t<\/ul>\n\t<\/div>\n\t<div class=\"fusion-post-content post-content\"><h2 class=\"blog-shortcode-post-title entry-title\"><a href=\"http:\/\/alde.lu\/?p=548\">Assembl\u00e9e g\u00e9n\u00e9rale 2018<\/a><\/h2><div class=\"fusion-post-content-container\"><p> Assembl\u00e9e g\u00e9n\u00e9rale 2018  Assembl\u00e9e g\u00e9n\u00e9rale annuelle Jeudi 15 novembre 2018 \u00e0 18h B\u00e2timent \u00ab Weicker \u00bb de la Facult\u00e9 de Droit, d\u2019Economie et de Finance de l\u2019Universit\u00e9 de Luxembourg, 4, rue Alphonse Weicker Salle C013  Ordre du jour  Allocution de la Pr\u00e9sidente, Acceptation de l\u2019ordre du<\/p><\/div><\/div><div class=\"fusion-clearfix\"><\/div><div class=\"fusion-meta-info\"><div class=\"fusion-alignleft\"><span class=\"vcard\" style=\"display: none;\"><span class=\"fn\"><a href=\"http:\/\/alde.lu\/?author=3\" title=\"Posts by Gerard Schockmel\" rel=\"author\">Gerard Schockmel<\/a><\/span><\/span><span class=\"updated\" style=\"display:none;\">2018-11-05T01:31:20+02:00<\/span><span>04.11.2018<\/span><span class=\"fusion-inline-sep\">|<\/span>Categories: <a href=\"http:\/\/alde.lu\/?cat=11\" rel=\"category\">Assembl\u00e9e g\u00e9n\u00e9rale<\/a><span class=\"fusion-inline-sep\">|<\/span><span class=\"meta-tags\">Tags: <a href=\"http:\/\/alde.lu\/?tag=2018\" rel=\"tag\">2018<\/a><\/span><span class=\"fusion-inline-sep\">|<\/span><\/div><div class=\"fusion-alignright\"><a class=\"fusion-read-more\" href=\"http:\/\/alde.lu\/?p=548\" aria-label=\"More on Assembl\u00e9e g\u00e9n\u00e9rale 2018\">Read More<\/a><\/div><\/div><\/article>\n<article id=\"blog-1-post-528\" class=\"fusion-post-medium post-528 post type-post status-publish format-standard has-post-thumbnail hentry category-conference-debat tag-10\">\n\t<style type=\"text\/css\">\n\t\t\n\t\t\n\t\t\n\t\t\n\t\t\t<\/style>\n\n\n\t\t\t<div class=\"fusion-flexslider flexslider fusion-flexslider-loading fusion-post-slideshow\" style=\"\">\n\t\t<ul class=\"slides\">\n\t\t\t\n\t\t\t\t\t\t\t\t\t\t\t\t\t\t<li><div  class=\"fusion-image-wrapper fusion-image-size-fixed\" aria-haspopup=\"true\">\n\t\t\t\t\t\t\t<a href=\"http:\/\/alde.lu\/?p=528\" aria-label=\"Aspects pratiques des proc\u00e9dures \u201ccommodo \u2013 incommodo\u201d\">\n\t\t\t\t\t\t\t<img decoding=\"async\" width=\"320\" height=\"202\" src=\"http:\/\/alde.lu\/wp\/wp-content\/uploads\/2018\/09\/leaves_cropped-320x202.jpg\" class=\"attachment-blog-medium size-blog-medium wp-post-image\" alt=\"\" srcset=\"http:\/\/alde.lu\/wp\/wp-content\/uploads\/2018\/09\/leaves_cropped-320x202.jpg 320w, http:\/\/alde.lu\/wp\/wp-content\/uploads\/2018\/09\/leaves_cropped-700x441.jpg 700w\" sizes=\"(max-width: 320px) 100vw, 320px\" \/>\t\t\t<\/a>\n\t\t\t\t\t\t\t<\/div>\n<\/li>\n\t\t\t\n\t\t\t\n\t\t\t\t\t\t\t\t\t\t\t\t\t\t\t\t\t\t\t\t\t\t\t\t\t\t\t\t\t\t\t\t\t\t\t\t\t\t\t\t\t\t\t\t\t\t\t\t\t\t\t\t\t\t\t\t\t\t\t\t\t\t\t\t\t\t\t\t<\/ul>\n\t<\/div>\n\t<div class=\"fusion-post-content post-content\"><h2 class=\"blog-shortcode-post-title entry-title\"><a href=\"http:\/\/alde.lu\/?p=528\">Aspects pratiques des proc\u00e9dures \u201ccommodo \u2013 incommodo\u201d<\/a><\/h2><div class=\"fusion-post-content-container\"><p> Aspects pratiques des proc\u00e9dures \u201ccommodo \u2013 incommodo\u201d  par Carine Kolber, Ing\u00e9nieur Environnement - Associ\u00e9e D\u00e9partement QSE chez Simon-Christiansen &amp; Associ\u00e9s Ing\u00e9nieurs-Conseils S.A. 28 juin 2018 Consultez la pr\u00e9sentation    <\/p><\/div><\/div><div class=\"fusion-clearfix\"><\/div><div class=\"fusion-meta-info\"><div class=\"fusion-alignleft\"><span class=\"vcard\" style=\"display: none;\"><span class=\"fn\"><a href=\"http:\/\/alde.lu\/?author=3\" title=\"Posts by Gerard Schockmel\" rel=\"author\">Gerard Schockmel<\/a><\/span><\/span><span class=\"updated\" style=\"display:none;\">2018-09-25T00:10:30+02:00<\/span><span>25.09.2018<\/span><span class=\"fusion-inline-sep\">|<\/span>Categories: <a href=\"http:\/\/alde.lu\/?cat=5\" rel=\"category\">Conf\u00e9rence-d\u00e9bat<\/a><span class=\"fusion-inline-sep\">|<\/span><span class=\"meta-tags\">Tags: <a href=\"http:\/\/alde.lu\/?tag=2018\" rel=\"tag\">2018<\/a><\/span><span class=\"fusion-inline-sep\">|<\/span><\/div><div class=\"fusion-alignright\"><a class=\"fusion-read-more\" href=\"http:\/\/alde.lu\/?p=528\" aria-label=\"More on Aspects pratiques des proc\u00e9dures \u201ccommodo \u2013 incommodo\u201d\">Read More<\/a><\/div><\/div><\/article>\n<article id=\"blog-1-post-522\" class=\"fusion-post-medium post-522 post type-post status-publish format-standard has-post-thumbnail hentry category-conference-debat tag-10\">\n\t<style type=\"text\/css\">\n\t\t\n\t\t\n\t\t\n\t\t\n\t\t\t<\/style>\n\n\n\t\t\t<div class=\"fusion-flexslider flexslider fusion-flexslider-loading fusion-post-slideshow\" style=\"\">\n\t\t<ul class=\"slides\">\n\t\t\t\n\t\t\t\t\t\t\t\t\t\t\t\t\t\t<li><div  class=\"fusion-image-wrapper fusion-image-size-fixed\" aria-haspopup=\"true\">\n\t\t\t\t\t\t\t<a href=\"http:\/\/alde.lu\/?p=522\" aria-label=\"La refonte de la loi sur l\u2019am\u00e9nagement du territoire\">\n\t\t\t\t\t\t\t<img decoding=\"async\" width=\"320\" height=\"202\" src=\"http:\/\/alde.lu\/wp\/wp-content\/uploads\/2018\/09\/irches_croppped-320x202.jpg\" class=\"attachment-blog-medium size-blog-medium wp-post-image\" alt=\"\" srcset=\"http:\/\/alde.lu\/wp\/wp-content\/uploads\/2018\/09\/irches_croppped-320x202.jpg 320w, http:\/\/alde.lu\/wp\/wp-content\/uploads\/2018\/09\/irches_croppped-700x441.jpg 700w\" sizes=\"(max-width: 320px) 100vw, 320px\" \/>\t\t\t<\/a>\n\t\t\t\t\t\t\t<\/div>\n<\/li>\n\t\t\t\n\t\t\t\n\t\t\t\t\t\t\t\t\t\t\t\t\t\t\t\t\t\t\t\t\t\t\t\t\t\t\t\t\t\t\t\t\t\t\t\t\t\t\t\t\t\t\t\t\t\t\t\t\t\t\t\t\t\t\t\t\t\t\t\t\t\t\t\t\t\t\t\t<\/ul>\n\t<\/div>\n\t<div class=\"fusion-post-content post-content\"><h2 class=\"blog-shortcode-post-title entry-title\"><a href=\"http:\/\/alde.lu\/?p=522\">La refonte de la loi sur l\u2019am\u00e9nagement du territoire<\/a><\/h2><div class=\"fusion-post-content-container\"><p> La refonte de la loi sur l\u2019am\u00e9nagement du territoire par Me Marie Bena, avocat 27 f\u00e9vrier 2018 Consultez la pr\u00e9sentation    <\/p><\/div><\/div><div class=\"fusion-clearfix\"><\/div><div class=\"fusion-meta-info\"><div class=\"fusion-alignleft\"><span class=\"vcard\" style=\"display: none;\"><span class=\"fn\"><a href=\"http:\/\/alde.lu\/?author=3\" title=\"Posts by Gerard Schockmel\" rel=\"author\">Gerard Schockmel<\/a><\/span><\/span><span class=\"updated\" style=\"display:none;\">2018-09-25T00:01:39+02:00<\/span><span>24.09.2018<\/span><span class=\"fusion-inline-sep\">|<\/span>Categories: <a href=\"http:\/\/alde.lu\/?cat=5\" rel=\"category\">Conf\u00e9rence-d\u00e9bat<\/a><span class=\"fusion-inline-sep\">|<\/span><span class=\"meta-tags\">Tags: <a href=\"http:\/\/alde.lu\/?tag=2018\" rel=\"tag\">2018<\/a><\/span><span class=\"fusion-inline-sep\">|<\/span><\/div><div class=\"fusion-alignright\"><a class=\"fusion-read-more\" href=\"http:\/\/alde.lu\/?p=522\" aria-label=\"More on La refonte de la loi sur l\u2019am\u00e9nagement du territoire\">Read More<\/a><\/div><\/div><\/article>\n<article id=\"blog-1-post-517\" class=\"fusion-post-medium post-517 post type-post status-publish format-standard has-post-thumbnail hentry category-conference-debat tag-10\">\n\t<style type=\"text\/css\">\n\t\t\n\t\t\n\t\t\n\t\t\n\t\t\t<\/style>\n\n\n\t\t\t<div class=\"fusion-flexslider flexslider fusion-flexslider-loading fusion-post-slideshow\" style=\"\">\n\t\t<ul class=\"slides\">\n\t\t\t\n\t\t\t\t\t\t\t\t\t\t\t\t\t\t<li><div  class=\"fusion-image-wrapper fusion-image-size-fixed\" aria-haspopup=\"true\">\n\t\t\t\t\t\t\t<a href=\"http:\/\/alde.lu\/?p=517\" aria-label=\"Pr\u00e9sentation du fonctionnement du G\u00e9oportail\">\n\t\t\t\t\t\t\t<img decoding=\"async\" width=\"320\" height=\"202\" src=\"http:\/\/alde.lu\/wp\/wp-content\/uploads\/2018\/09\/geoportail_cropped-320x202.jpg\" class=\"attachment-blog-medium size-blog-medium wp-post-image\" alt=\"\" srcset=\"http:\/\/alde.lu\/wp\/wp-content\/uploads\/2018\/09\/geoportail_cropped-320x202.jpg 320w, http:\/\/alde.lu\/wp\/wp-content\/uploads\/2018\/09\/geoportail_cropped-700x441.jpg 700w\" sizes=\"(max-width: 320px) 100vw, 320px\" \/>\t\t\t<\/a>\n\t\t\t\t\t\t\t<\/div>\n<\/li>\n\t\t\t\n\t\t\t\n\t\t\t\t\t\t\t\t\t\t\t\t\t\t\t\t\t\t\t\t\t\t\t\t\t\t\t\t\t\t\t\t\t\t\t\t\t\t\t\t\t\t\t\t\t\t\t\t\t\t\t\t\t\t\t\t\t\t\t\t\t\t\t\t\t\t\t\t<\/ul>\n\t<\/div>\n\t<div class=\"fusion-post-content post-content\"><h2 class=\"blog-shortcode-post-title entry-title\"><a href=\"http:\/\/alde.lu\/?p=517\">Pr\u00e9sentation du fonctionnement du G\u00e9oportail<\/a><\/h2><div class=\"fusion-post-content-container\"><p> Pr\u00e9sentation du fonctionnement du G\u00e9oportail par Monsieur Jeff Konnen, Pr\u00e9pos\u00e9 du service du G\u00e9oportail 25 janvier 2018 Consultez la pr\u00e9sentation    <\/p><\/div><\/div><div class=\"fusion-clearfix\"><\/div><div class=\"fusion-meta-info\"><div class=\"fusion-alignleft\"><span class=\"vcard\" style=\"display: none;\"><span class=\"fn\"><a href=\"http:\/\/alde.lu\/?author=3\" title=\"Posts by Gerard Schockmel\" rel=\"author\">Gerard Schockmel<\/a><\/span><\/span><span class=\"updated\" style=\"display:none;\">2018-09-25T00:03:06+02:00<\/span><span>24.09.2018<\/span><span class=\"fusion-inline-sep\">|<\/span>Categories: <a href=\"http:\/\/alde.lu\/?cat=5\" rel=\"category\">Conf\u00e9rence-d\u00e9bat<\/a><span class=\"fusion-inline-sep\">|<\/span><span class=\"meta-tags\">Tags: <a href=\"http:\/\/alde.lu\/?tag=2018\" rel=\"tag\">2018<\/a><\/span><span class=\"fusion-inline-sep\">|<\/span><\/div><div class=\"fusion-alignright\"><a class=\"fusion-read-more\" href=\"http:\/\/alde.lu\/?p=517\" aria-label=\"More on Pr\u00e9sentation du fonctionnement du G\u00e9oportail\">Read More<\/a><\/div><\/div><\/article>\n<article id=\"blog-1-post-206\" class=\"fusion-post-medium post-206 post type-post status-publish format-standard has-post-thumbnail hentry category-promenade tag-6\">\n\t<style type=\"text\/css\">\n\t\t\n\t\t\n\t\t\n\t\t\n\t\t\t<\/style>\n\n\n\t\t\t<div class=\"fusion-flexslider flexslider fusion-flexslider-loading fusion-post-slideshow\" style=\"\">\n\t\t<ul class=\"slides\">\n\t\t\t\n\t\t\t\t\t\t\t\t\t\t\t\t\t\t<li><div  class=\"fusion-image-wrapper fusion-image-size-fixed\" aria-haspopup=\"true\">\n\t\t\t\t\t\t\t<a href=\"http:\/\/alde.lu\/?p=206\" aria-label=\"Promenade: Au fil de l&#8217;eau\">\n\t\t\t\t\t\t\t<img decoding=\"async\" width=\"320\" height=\"166\" src=\"http:\/\/alde.lu\/wp\/wp-content\/uploads\/2017\/10\/pexels-photo-414586.jpg\" class=\"attachment-blog-medium size-blog-medium wp-post-image\" alt=\"\" srcset=\"http:\/\/alde.lu\/wp\/wp-content\/uploads\/2017\/10\/pexels-photo-414586-300x156.jpg 300w, http:\/\/alde.lu\/wp\/wp-content\/uploads\/2017\/10\/pexels-photo-414586-768x399.jpg 768w, http:\/\/alde.lu\/wp\/wp-content\/uploads\/2017\/10\/pexels-photo-414586-1024x532.jpg 1024w, http:\/\/alde.lu\/wp\/wp-content\/uploads\/2017\/10\/pexels-photo-414586.jpg 3000w\" sizes=\"(max-width: 320px) 100vw, 320px\" \/>\t\t\t<\/a>\n\t\t\t\t\t\t\t<\/div>\n<\/li>\n\t\t\t\n\t\t\t\n\t\t\t\t\t\t\t\t\t\t\t\t\t\t\t\t\t\t\t\t\t\t\t\t\t\t\t\t\t\t\t\t\t\t\t\t\t\t\t\t\t\t\t\t\t\t\t\t\t\t\t\t\t\t\t\t\t\t\t\t\t\t\t\t\t\t\t\t<\/ul>\n\t<\/div>\n\t<div class=\"fusion-post-content post-content\"><h2 class=\"blog-shortcode-post-title entry-title\"><a href=\"http:\/\/alde.lu\/?p=206\">Promenade: Au fil de l&#8217;eau<\/a><\/h2><div class=\"fusion-post-content-container\"><p> Au fil de l'eau Promenade Samedi, 17 juin 2017 Edgar Arendt, bourgmestre de la commune de Betzdorf, pr\u00e9sident du partenariat de cours d'eau de Syre et ancien secr\u00e9taire de notre association, nous fera d\u00e9couvrir lors de cette promenade le parcours de l'eau, de la source \u00e0 la station d'\u00e9puration.<\/p><\/div><\/div><div class=\"fusion-clearfix\"><\/div><div class=\"fusion-meta-info\"><div class=\"fusion-alignleft\"><span class=\"vcard\" style=\"display: none;\"><span class=\"fn\"><a href=\"http:\/\/alde.lu\/?author=3\" title=\"Posts by Gerard Schockmel\" rel=\"author\">Gerard Schockmel<\/a><\/span><\/span><span class=\"updated\" style=\"display:none;\">2018-09-20T00:20:13+02:00<\/span><span>03.10.2017<\/span><span class=\"fusion-inline-sep\">|<\/span>Categories: <a href=\"http:\/\/alde.lu\/?cat=7\" rel=\"category\">Promenade<\/a><span class=\"fusion-inline-sep\">|<\/span><span class=\"meta-tags\">Tags: <a href=\"http:\/\/alde.lu\/?tag=2017\" rel=\"tag\">2017<\/a><\/span><span class=\"fusion-inline-sep\">|<\/span><\/div><div class=\"fusion-alignright\"><a class=\"fusion-read-more\" href=\"http:\/\/alde.lu\/?p=206\" aria-label=\"More on Promenade: Au fil de l&#8217;eau\">Read More<\/a><\/div><\/div><\/article>\n<article id=\"blog-1-post-198\" class=\"fusion-post-medium post-198 post type-post status-publish format-standard has-post-thumbnail hentry category-conference-debat tag-6\">\n\t<style type=\"text\/css\">\n\t\t\n\t\t\n\t\t\n\t\t\n\t\t\t<\/style>\n\n\n\t\t\t<div class=\"fusion-flexslider flexslider fusion-flexslider-loading fusion-post-slideshow\" style=\"\">\n\t\t<ul class=\"slides\">\n\t\t\t\n\t\t\t\t\t\t\t\t\t\t\t\t\t\t<li><div  class=\"fusion-image-wrapper fusion-image-size-fixed\" aria-haspopup=\"true\">\n\t\t\t\t\t\t\t<a href=\"http:\/\/alde.lu\/?p=198\" aria-label=\"Les \u00e9valuations environnementales\">\n\t\t\t\t\t\t\t<img decoding=\"async\" width=\"320\" height=\"202\" src=\"http:\/\/alde.lu\/wp\/wp-content\/uploads\/2018\/09\/flowerroad_cropped-320x202.jpg\" class=\"attachment-blog-medium size-blog-medium wp-post-image\" alt=\"\" srcset=\"http:\/\/alde.lu\/wp\/wp-content\/uploads\/2018\/09\/flowerroad_cropped-320x202.jpg 320w, http:\/\/alde.lu\/wp\/wp-content\/uploads\/2018\/09\/flowerroad_cropped-700x441.jpg 700w\" sizes=\"(max-width: 320px) 100vw, 320px\" \/>\t\t\t<\/a>\n\t\t\t\t\t\t\t<\/div>\n<\/li>\n\t\t\t\n\t\t\t\n\t\t\t\t\t\t\t\t\t\t\t\t\t\t\t\t\t\t\t\t\t\t\t\t\t\t\t\t\t\t\t\t\t\t\t\t\t\t\t\t\t\t\t\t\t\t\t\t\t\t\t\t\t\t\t\t\t\t\t\t\t\t\t\t\t\t\t\t<\/ul>\n\t<\/div>\n\t<div class=\"fusion-post-content post-content\"><h2 class=\"blog-shortcode-post-title entry-title\"><a href=\"http:\/\/alde.lu\/?p=198\">Les \u00e9valuations environnementales<\/a><\/h2><div class=\"fusion-post-content-container\"><p>Les \u00e9valuations environnementales \u00a0par Me Serge Marx, avocat \u00a0 Conf\u00e9rence - d\u00e9bat Jeudi, 23 mars 2017 \u00e0 12h15 \u00a0<\/p><\/div><\/div><div class=\"fusion-clearfix\"><\/div><div class=\"fusion-meta-info\"><div class=\"fusion-alignleft\"><span class=\"vcard\" style=\"display: none;\"><span class=\"fn\"><a href=\"http:\/\/alde.lu\/?author=3\" title=\"Posts by Gerard Schockmel\" rel=\"author\">Gerard Schockmel<\/a><\/span><\/span><span class=\"updated\" style=\"display:none;\">2018-09-20T11:05:38+02:00<\/span><span>03.10.2017<\/span><span class=\"fusion-inline-sep\">|<\/span>Categories: <a href=\"http:\/\/alde.lu\/?cat=5\" rel=\"category\">Conf\u00e9rence-d\u00e9bat<\/a><span class=\"fusion-inline-sep\">|<\/span><span class=\"meta-tags\">Tags: <a href=\"http:\/\/alde.lu\/?tag=2017\" rel=\"tag\">2017<\/a><\/span><span class=\"fusion-inline-sep\">|<\/span><\/div><div class=\"fusion-alignright\"><a class=\"fusion-read-more\" href=\"http:\/\/alde.lu\/?p=198\" aria-label=\"More on Les \u00e9valuations environnementales\">Read More<\/a><\/div><\/div><\/article>\n<article id=\"blog-1-post-177\" class=\"fusion-post-medium post-177 post type-post status-publish format-standard has-post-thumbnail hentry category-conference-debat tag-6\">\n\t<style type=\"text\/css\">\n\t\t\n\t\t\n\t\t\n\t\t\n\t\t\t<\/style>\n\n\n\t\t\t<div class=\"fusion-flexslider flexslider fusion-flexslider-loading fusion-post-slideshow\" style=\"\">\n\t\t<ul class=\"slides\">\n\t\t\t\n\t\t\t\t\t\t\t\t\t\t\t\t\t\t<li><div  class=\"fusion-image-wrapper fusion-image-size-fixed\" aria-haspopup=\"true\">\n\t\t\t\t\t\t\t<a href=\"http:\/\/alde.lu\/?p=177\" aria-label=\"Examen de la loi Omnibus\">\n\t\t\t\t\t\t\t<img decoding=\"async\" width=\"320\" height=\"202\" src=\"http:\/\/alde.lu\/wp\/wp-content\/uploads\/2019\/01\/architecture-bridge-city-621886-cropped-320x202.jpg\" class=\"attachment-blog-medium size-blog-medium wp-post-image\" alt=\"\" srcset=\"http:\/\/alde.lu\/wp\/wp-content\/uploads\/2019\/01\/architecture-bridge-city-621886-cropped-320x202.jpg 320w, http:\/\/alde.lu\/wp\/wp-content\/uploads\/2019\/01\/architecture-bridge-city-621886-cropped-700x441.jpg 700w\" sizes=\"(max-width: 320px) 100vw, 320px\" \/>\t\t\t<\/a>\n\t\t\t\t\t\t\t<\/div>\n<\/li>\n\t\t\t\n\t\t\t\n\t\t\t\t\t\t\t\t\t\t\t\t\t\t\t\t\t\t\t\t\t\t\t\t\t\t\t\t\t\t\t\t\t\t\t\t\t\t\t\t\t\t\t\t\t\t\t\t\t\t\t\t\t\t\t\t\t\t\t\t\t\t\t\t\t\t\t\t<\/ul>\n\t<\/div>\n\t<div class=\"fusion-post-content post-content\"><h2 class=\"blog-shortcode-post-title entry-title\"><a href=\"http:\/\/alde.lu\/?p=177\">Examen de la loi Omnibus<\/a><\/h2><div class=\"fusion-post-content-container\"><p> Examen de la loi Omnibus, en ce qu\u2019elle modifie les principales lois impactant l\u2019am\u00e9nagement communal et le d\u00e9veloppement urbain par Julien Havet, Charg\u00e9 de direction, Cellule de facilitation urbanisme et environnement, Minist\u00e8re de la Fonction publique et de la r\u00e9forme administrative Conf\u00e9rence-d\u00e9bat Jeudi, 27 avril 2017 \u00e0 12h15 T\u00e9l\u00e9chargez<\/p><\/div><\/div><div class=\"fusion-clearfix\"><\/div><div class=\"fusion-meta-info\"><div class=\"fusion-alignleft\"><span class=\"vcard\" style=\"display: none;\"><span class=\"fn\"><a href=\"http:\/\/alde.lu\/?author=3\" title=\"Posts by Gerard Schockmel\" rel=\"author\">Gerard Schockmel<\/a><\/span><\/span><span class=\"updated\" style=\"display:none;\">2019-01-28T22:45:53+02:00<\/span><span>02.10.2017<\/span><span class=\"fusion-inline-sep\">|<\/span>Categories: <a href=\"http:\/\/alde.lu\/?cat=5\" rel=\"category\">Conf\u00e9rence-d\u00e9bat<\/a><span class=\"fusion-inline-sep\">|<\/span><span class=\"meta-tags\">Tags: <a href=\"http:\/\/alde.lu\/?tag=2017\" rel=\"tag\">2017<\/a><\/span><span class=\"fusion-inline-sep\">|<\/span><\/div><div class=\"fusion-alignright\"><a class=\"fusion-read-more\" href=\"http:\/\/alde.lu\/?p=177\" aria-label=\"More on Examen de la loi Omnibus\">Read More<\/a><\/div><\/div><\/article>\n<article id=\"blog-1-post-166\" class=\"fusion-post-medium post-166 post type-post status-publish format-standard has-post-thumbnail hentry category-conference-debat tag-6\">\n\t<style type=\"text\/css\">\n\t\t\n\t\t\n\t\t\n\t\t\n\t\t\t<\/style>\n\n\n\t\t\t<div class=\"fusion-flexslider flexslider fusion-flexslider-loading fusion-post-slideshow\" style=\"\">\n\t\t<ul class=\"slides\">\n\t\t\t\n\t\t\t\t\t\t\t\t\t\t\t\t\t\t<li><div  class=\"fusion-image-wrapper fusion-image-size-fixed\" aria-haspopup=\"true\">\n\t\t\t\t\t\t\t<a href=\"http:\/\/alde.lu\/?p=166\" aria-label=\"Les antennes relais du r\u00e9seau de t\u00e9l\u00e9phonie mobile\">\n\t\t\t\t\t\t\t<img decoding=\"async\" width=\"320\" height=\"202\" src=\"http:\/\/alde.lu\/wp\/wp-content\/uploads\/2018\/09\/mobile_antennae_cropped-320x202.jpg\" class=\"attachment-blog-medium size-blog-medium wp-post-image\" alt=\"\" srcset=\"http:\/\/alde.lu\/wp\/wp-content\/uploads\/2018\/09\/mobile_antennae_cropped-320x202.jpg 320w, http:\/\/alde.lu\/wp\/wp-content\/uploads\/2018\/09\/mobile_antennae_cropped-700x441.jpg 700w\" sizes=\"(max-width: 320px) 100vw, 320px\" \/>\t\t\t<\/a>\n\t\t\t\t\t\t\t<\/div>\n<\/li>\n\t\t\t\n\t\t\t\n\t\t\t\t\t\t\t\t\t\t\t\t\t\t\t\t\t\t\t\t\t\t\t\t\t\t\t\t\t\t\t\t\t\t\t\t\t\t\t\t\t\t\t\t\t\t\t\t\t\t\t\t\t\t\t\t\t\t\t\t\t\t\t\t\t\t\t\t<\/ul>\n\t<\/div>\n\t<div class=\"fusion-post-content post-content\"><h2 class=\"blog-shortcode-post-title entry-title\"><a href=\"http:\/\/alde.lu\/?p=166\">Les antennes relais du r\u00e9seau de t\u00e9l\u00e9phonie mobile<\/a><\/h2><div class=\"fusion-post-content-container\"><p> Les antennes relais du r\u00e9seau de t\u00e9l\u00e9phonie mobile : Les autorisations d\u2019implantation, les d\u00e9cisions des propri\u00e9taires, le contentieux de l\u2019urbanisme. Aper\u00e7u des r\u00e9glementations et de la jurisprudence en France et au Luxembourg Conf\u00e9rence - d\u00e9bat Jeudi, 29 juin 2017 \u00e0 12h15 Nous recevrons \u00e0 l\u2019occasion de cette conf\u00e9rence Monsieur<\/p><\/div><\/div><div class=\"fusion-clearfix\"><\/div><div class=\"fusion-meta-info\"><div class=\"fusion-alignleft\"><span class=\"vcard\" style=\"display: none;\"><span class=\"fn\"><a href=\"http:\/\/alde.lu\/?author=3\" title=\"Posts by Gerard Schockmel\" rel=\"author\">Gerard Schockmel<\/a><\/span><\/span><span class=\"updated\" style=\"display:none;\">2018-09-23T14:11:43+02:00<\/span><span>02.10.2017<\/span><span class=\"fusion-inline-sep\">|<\/span>Categories: <a href=\"http:\/\/alde.lu\/?cat=5\" rel=\"category\">Conf\u00e9rence-d\u00e9bat<\/a><span class=\"fusion-inline-sep\">|<\/span><span class=\"meta-tags\">Tags: <a href=\"http:\/\/alde.lu\/?tag=2017\" rel=\"tag\">2017<\/a><\/span><span class=\"fusion-inline-sep\">|<\/span><\/div><div class=\"fusion-alignright\"><a class=\"fusion-read-more\" href=\"http:\/\/alde.lu\/?p=166\" aria-label=\"More on Les antennes relais du r\u00e9seau de t\u00e9l\u00e9phonie mobile\">Read More<\/a><\/div><\/div><\/article>\n<\/div><\/div><div class=\"fusion-clearfix\"><\/div><\/div><\/div><\/div><\/div>\n","protected":false},"excerpt":{"rendered":"","protected":false},"author":3,"featured_media":0,"parent":468,"menu_order":20,"comment_status":"closed","ping_status":"closed","template":"100-width.php","meta":{"footnotes":""},"class_list":["post-474","page","type-page","status-publish","hentry"],"_links":{"self":[{"href":"http:\/\/alde.lu\/index.php?rest_route=\/wp\/v2\/pages\/474","targetHints":{"allow":["GET"]}}],"collection":[{"href":"http:\/\/alde.lu\/index.php?rest_route=\/wp\/v2\/pages"}],"about":[{"href":"http:\/\/alde.lu\/index.php?rest_route=\/wp\/v2\/types\/page"}],"author":[{"embeddable":true,"href":"http:\/\/alde.lu\/index.php?rest_route=\/wp\/v2\/users\/3"}],"replies":[{"embeddable":true,"href":"http:\/\/alde.lu\/index.php?rest_route=%2Fwp%2Fv2%2Fcomments&post=474"}],"version-history":[{"count":6,"href":"http:\/\/alde.lu\/index.php?rest_route=\/wp\/v2\/pages\/474\/revisions"}],"predecessor-version":[{"id":536,"href":"http:\/\/alde.lu\/index.php?rest_route=\/wp\/v2\/pages\/474\/revisions\/536"}],"up":[{"embeddable":true,"href":"http:\/\/alde.lu\/index.php?rest_route=\/wp\/v2\/pages\/468"}],"wp:attachment":[{"href":"http:\/\/alde.lu\/index.php?rest_route=%2Fwp%2Fv2%2Fmedia&parent=474"}],"curies":[{"name":"wp","href":"https:\/\/api.w.org\/{rel}","templated":true}]}}