{"id":7,"date":"2017-09-24T23:07:31","date_gmt":"2017-09-24T21:07:31","guid":{"rendered":"http:\/\/alde.lu\/wp\/?page_id=7"},"modified":"2026-04-01T01:40:04","modified_gmt":"2026-03-31T23:40:04","slug":"main","status":"publish","type":"page","link":"https:\/\/alde.lu\/","title":{"rendered":"Main"},"content":{"rendered":"<p><div class=\"fusion-fullwidth fullwidth-box fusion-builder-row-1 fusion-flex-container has-pattern-background has-mask-background nonhundred-percent-fullwidth non-hundred-percent-height-scrolling\" style=\"--awb-border-radius-top-left:0px;--awb-border-radius-top-right:0px;--awb-border-radius-bottom-right:0px;--awb-border-radius-bottom-left:0px;--awb-flex-wrap:wrap;\" ><div class=\"fusion-builder-row fusion-row fusion-flex-align-items-flex-start fusion-flex-content-wrap\" style=\"max-width:1144px;margin-left: calc(-4% \/ 2 );margin-right: calc(-4% \/ 2 );\"><div class=\"fusion-layout-column fusion_builder_column fusion-builder-column-0 fusion_builder_column_1_1 1_1 fusion-flex-column\" style=\"--awb-bg-size:cover;--awb-width-large:100%;--awb-margin-top-large:0px;--awb-spacing-right-large:1.92%;--awb-margin-bottom-large:20px;--awb-spacing-left-large:1.92%;--awb-width-medium:100%;--awb-order-medium:0;--awb-spacing-right-medium:1.92%;--awb-spacing-left-medium:1.92%;--awb-width-small:100%;--awb-order-small:0;--awb-spacing-right-small:1.92%;--awb-spacing-left-small:1.92%;\"><div class=\"fusion-column-wrapper fusion-column-has-shadow fusion-flex-justify-content-flex-start fusion-content-layout-column\"><div class=\"fusion-title title fusion-title-1 fusion-title-text fusion-title-size-one\" style=\"--awb-margin-top:40px;--awb-margin-bottom:40px;--awb-sep-color:#9dc55f;\"><div class=\"title-sep-container title-sep-container-left fusion-no-large-visibility fusion-no-medium-visibility fusion-no-small-visibility\"><div class=\"title-sep sep-double sep-solid\" style=\"border-color:#9dc55f;\"><\/div><\/div><span class=\"awb-title-spacer fusion-no-large-visibility fusion-no-medium-visibility fusion-no-small-visibility\"><\/span><h1 class=\"fusion-title-heading title-heading-left fusion-responsive-typography-calculated\" style=\"margin:0;--fontSize:44;line-height:1.4;\"><p style=\"text-align: left;\">Rapport du secr\u00e9taire &#8211; Assembl\u00e9e g\u00e9n\u00e9rale ordinaire 2025<\/p><\/h1><span class=\"awb-title-spacer\"><\/span><div class=\"title-sep-container title-sep-container-right\"><div class=\"title-sep sep-double sep-solid\" style=\"border-color:#9dc55f;\"><\/div><\/div><\/div><div class=\"fusion-text fusion-text-1\"><p>Mesdames, Messieurs,<br \/>\nChers membres,<\/p>\n<p>Permettez-moi de vous pr\u00e9senter, en lieu et place de notre secr\u00e9taire actuellement \u00e0 l\u2019\u00e9tranger, le rapport d\u2019activit\u00e9s de l\u2019ALDE pour l\u2019ann\u00e9e \u00e9coul\u00e9e 2024.<\/p>\n<p><strong>I. Objet social de l\u2019ALDE<\/strong><\/p>\n<p>L\u2019article 4 de nos statuts stipule, et cela ne changera pas avec la refonte propos\u00e9e, \u00a0que l\u2019ALDE est une association sans but lucratif \u00e0 caract\u00e8re scientifique, ayant pour mission de promouvoir la connaissance, le d\u00e9veloppement, l\u2019application et la diffusion du droit de l\u2019environnement.<\/p>\n<p>Notre action vise ainsi \u00e0 contribuer \u00e0 l\u2019\u00e9laboration et la diffusion de normes juridiques garantissant \u00e0 la fois la protection de l\u2019homme et de son environnement physique contre la pollution, une gestion responsable des ressources naturelles et \u00e9nerg\u00e9tiques, un am\u00e9nagement \u00e9quilibr\u00e9 du territoire, ainsi que la conservation de la faune et de la flore.<\/p>\n<p>C\u2019est principalement par l\u2019organisation r\u00e9guli\u00e8re de conf\u00e9rences-d\u00e9bats que nous mettons en \u0153uvre, de mani\u00e8re concr\u00e8te, notre objet social de l\u2019ALDE. Ces conf\u00e9rences sont con\u00e7ues pour favoriser la diffusion de savoirs et l\u2019\u00e9change d\u2019exp\u00e9riences entre juristes, scientifiques, acteurs de terrain et, plus g\u00e9n\u00e9ralement, citoyens int\u00e9ress\u00e9s.<\/p>\n<p><strong>II. Activit\u00e9 principale : les conf\u00e9rences-d\u00e9bats<\/strong><\/p>\n<p>En 2024, nous avons organis\u00e9 sept conf\u00e9rences, ce qui correspond \u00e0 notre rythme de croisi\u00e8re, avec un \u00e9v\u00e8nement environ toutes les cinq \u00e0 six semaines, entre janvier et juin, puis \u00e0 nouveau en fin d\u2019ann\u00e9e, nous observons une pause pendant les vacances d\u2019\u00e9t\u00e9.<\/p>\n<p>La plupart des conf\u00e9rences suit le format suivant\u00a0: \u00a0un expos\u00e9 d\u2019une heure environ, donn\u00e9 par un intervenant reconnu dans son domaine, suivi d\u2019une s\u00e9ance d\u2019\u00e9change avec le public.<\/p>\n<p>Voici, dans l\u2019ordre chronologique, un aper\u00e7u des th\u00e8mes abord\u00e9s et des intervenants invit\u00e9s au cours de l\u2019ann\u00e9e \u00e9coul\u00e9e :<\/p>\n<ul>\n<li><strong>Janvier 2024<\/strong><\/li>\n<\/ul>\n<p>Nous avons ouvert l\u2019ann\u00e9e 2024 avec une conf\u00e9rence en droit constitutionnel de l\u2019environnement. Ma\u00eetre Hicham Rassafi-Guibal, docteur en droit et avocat, nous a propos\u00e9 une r\u00e9flexion approfondie sur les fondements constitutionnels du droit de l\u2019environnement, \u00e0 l\u2019aube de la nouvelle constitution luxembourgeoise.<\/p>\n<ul>\n<li><strong>F\u00e9vrier 2024<\/strong><\/li>\n<\/ul>\n<p>La question technique et juridique de la <strong>d\u00e9pollution des terrains<\/strong> lors de la cessation d\u2019activit\u00e9 d\u2019un \u00e9tablissement class\u00e9 a \u00e9t\u00e9 trait\u00e9e \u00e0 deux voix : par La\u00ebtitia Sehad, hydrog\u00e9ologue et la mienne, en qualit\u00e9 d\u2019avocat.<\/p>\n<ul>\n<li><strong>Mars 2024<\/strong><\/li>\n<\/ul>\n<p>\u00c0 l\u2019occasion de notre assembl\u00e9e g\u00e9n\u00e9rale annuelle statuant sur les comptes 2023, une conf\u00e9rence-d\u00e9bat a \u00e9t\u00e9 consacr\u00e9e \u00e0 la <strong>proposition de directive relative \u00e0 la protection de l\u2019environnement par le droit p\u00e9nal<\/strong>. Ma\u00eetre Joris Fontaine, avocat, y a dress\u00e9 un panorama de l\u2019\u00e9tat du texte et des enjeux en pr\u00e9sence \u2014 texte qui, a depuis \u00e9t\u00e9 publi\u00e9.<\/p>\n<ul>\n<li><strong>Mai 2024<\/strong><\/li>\n<\/ul>\n<p>En collaboration avec la Conf\u00e9rence du Jeune Barreau de Luxembourg, nous avons organis\u00e9 une conf\u00e9rence plus \u00e9toff\u00e9e et donc plus longue qu\u2019\u00e0 l\u2019accoutum\u00e9e, sur le th\u00e8me \u00ab <strong>La nature, sujet de droit\u00a0?<\/strong> \u00bb. Les interventions du professeur et avocat Charles-Hubert Born (UCLouvain), bien connu de notre association, et du docteur en droit Matthias Petel ont permis d\u2019explorer les bases th\u00e9oriques et pratiques de cette question.<\/p>\n<ul>\n<li><strong>Juin 2024<\/strong><\/li>\n<\/ul>\n<p>Le professeur David Hiez (Universit\u00e9 du Luxembourg) a pris la parole pour une conf\u00e9rence intitul\u00e9e <strong>\u00ab La d\u00e9croissance et le droit de l\u2019environnement : au-del\u00e0 du droit de l\u2019environnement, un droit \u00e9cologique \u00bb<\/strong>.<\/p>\n<ul>\n<li><strong>Novembre 2024<\/strong><\/li>\n<\/ul>\n<p>L\u2019arr\u00eat du 9 avril 2024 de la Cour europ\u00e9enne des droits de l\u2019homme dans l\u2019affaire <strong>Verein KlimaSeniorinnen c\/ Suisse<\/strong> a naturellement attir\u00e9 notre attention. Me Vincent Richard, avocat \u00e0 la Cour, a analys\u00e9 pour nous cette d\u00e9cision marquante, qui affirme la recevabilit\u00e9 d\u2019un contentieux climatique au titre du droit \u00e0 la vie priv\u00e9e et familiale garanti par la Convention europ\u00e9enne des droits de l\u2019Homme.<\/p>\n<ul>\n<li><strong>D\u00e9cembre 2024<\/strong><\/li>\n<\/ul>\n<p>L\u2019ann\u00e9e s\u2019est cl\u00f4tur\u00e9e par une conf\u00e9rence sur le projet de directive <strong>\u00ab Green Claims \u00bb<\/strong>, visant \u00e0 encadrer la fiabilit\u00e9 des all\u00e9gations environnementales dans la communication commerciale. J\u2019ai eu le plaisir d\u2019en assurer l\u2019intervention.<\/p>\n<p><strong>***<\/strong><\/p>\n<p>L\u2019ann\u00e9e 2024 aura ainsi permis, une fois encore, de maintenir un programme dense et rigoureux, fid\u00e8le \u00e0 la vocation scientifique de l\u2019ALDE. A travers les th\u00e8mes abord\u00e9s, l\u2019ALDE a poursuivi son engagement \u00e0 faire vivre le droit de l\u2019environnement dans ses dimensions les plus concr\u00e8tes comme les plus th\u00e9oriques, sans jamais perdre de vue l\u2019exigence de neutralit\u00e9 qui fonde notre approche.<\/p>\n<p>Nous remercions l\u2019ensemble des intervenants pour la qualit\u00e9 de leurs contributions, ainsi que tous nos membres pour leur fid\u00e8le participation.<\/p>\n<p>Je vous souhaite \u00e0 toutes et tous une tr\u00e8s bonne assembl\u00e9e g\u00e9n\u00e9rale.<\/p>\n<\/div><\/div><\/div><\/div><\/div><div class=\"fusion-fullwidth fullwidth-box fusion-builder-row-2 has-pattern-background has-mask-background nonhundred-percent-fullwidth non-hundred-percent-height-scrolling\" style=\"--awb-border-radius-top-left:0px;--awb-border-radius-top-right:0px;--awb-border-radius-bottom-right:0px;--awb-border-radius-bottom-left:0px;--awb-background-color:#333333;--awb-flex-wrap:wrap;\" ><div class=\"fusion-builder-row fusion-row\"><div class=\"fusion-layout-column fusion_builder_column fusion-builder-column-1 fusion_builder_column_1_1 1_1 fusion-one-full fusion-column-first fusion-column-last\" style=\"--awb-bg-size:cover;\"><div class=\"fusion-column-wrapper fusion-flex-column-wrapper-legacy\"><div class=\"fusion-column-content-centered\"><div class=\"fusion-column-content\"><div class=\"fusion-title title fusion-title-2 fusion-title-text fusion-title-size-one\" style=\"--awb-margin-top:5%;--awb-margin-bottom:5%;--awb-sep-color:#9dc55f;\"><h1 class=\"fusion-title-heading title-heading-left fusion-responsive-typography-calculated\" style=\"margin:0;--fontSize:44;line-height:1.4;\"><span style=\"color: #9dc55f;\">Activit\u00e9s<\/span><\/h1><span class=\"awb-title-spacer\"><\/span><div class=\"title-sep-container\"><div class=\"title-sep sep-double sep-solid\" style=\"border-color:#9dc55f;\"><\/div><\/div><\/div><div class=\"fusion-blog-shortcode fusion-blog-shortcode-1 fusion-blog-archive fusion-blog-layout-grid-wrapper fusion-blog-infinite\"><style type=\"text\/css\">.fusion-blog-shortcode-1 .fusion-blog-layout-grid .fusion-post-grid{padding:20px;}.fusion-blog-shortcode-1 .fusion-posts-container{margin-left: -20px !important; margin-right:-20px !important;}<\/style><div class=\"fusion-posts-container fusion-posts-container-infinite fusion-posts-container-load-more fusion-blog-layout-grid fusion-blog-layout-grid-3 isotope fusion-blog-equal-heights\" data-pages=\"17\" data-grid-col-space=\"40\" style=\"margin: -20px -20px 0;min-height:500px;\"><article id=\"blog-1-post-43213\" class=\"fusion-post-grid post-43213 post type-post status-publish format-standard has-post-thumbnail hentry category-conference-debat tag-24\">\n<div class=\"fusion-post-wrapper\" style=\"background-color:rgba(235,235,210,1);border:1px solid #ebeaea;border-bottom-width:3px;\">\n\n\t\t\t<div class=\"fusion-flexslider flexslider fusion-flexslider-loading fusion-post-slideshow\" style=\"border-color:#ebeaea;\">\n\t\t<ul class=\"slides\">\n\t\t\t\n\t\t\t\t\t\t\t\t\t\t\t\t\t\t<li><div  class=\"fusion-image-wrapper\" aria-haspopup=\"true\">\n\t\t\t\t\t\t\t<a href=\"https:\/\/alde.lu\/?p=43213\" aria-label=\"GREEN CITIES AND SUSTAINABLE URBANISM : Yesterday, Today, and Tomorrow\">\n\t\t\t\t\t\t\t<img decoding=\"async\" width=\"1097\" height=\"577\" src=\"https:\/\/alde.lu\/wp\/wp-content\/uploads\/2026\/04\/A9k8xjjr_2q0c8g_284s.png\" class=\"attachment-full size-full wp-post-image\" alt=\"\" srcset=\"https:\/\/alde.lu\/wp\/wp-content\/uploads\/2026\/04\/A9k8xjjr_2q0c8g_284s-200x105.png 200w, https:\/\/alde.lu\/wp\/wp-content\/uploads\/2026\/04\/A9k8xjjr_2q0c8g_284s-400x210.png 400w, https:\/\/alde.lu\/wp\/wp-content\/uploads\/2026\/04\/A9k8xjjr_2q0c8g_284s-600x316.png 600w, https:\/\/alde.lu\/wp\/wp-content\/uploads\/2026\/04\/A9k8xjjr_2q0c8g_284s-800x421.png 800w, https:\/\/alde.lu\/wp\/wp-content\/uploads\/2026\/04\/A9k8xjjr_2q0c8g_284s.png 1097w\" sizes=\"(min-width: 2200px) 100vw, (min-width: 784px) 340px, (min-width: 712px) 510px, (min-width: 640px) 712px, \" \/>\t\t\t<\/a>\n\t\t\t\t\t\t\t<\/div>\n<\/li>\n\t\t\t\n\t\t\t\n\t\t\t\t\t\t\t\t\t\t\t\t\t\t\t\t\t\t\t\t\t\t\t\t\t\t\t\t\t\t\t\t\t\t\t\t\t\t\t\t\t\t\t\t\t\t\t\t\t\t\t\t\t\t\t\t\t\t\t\t\t\t\t\t\t\t\t\t<\/ul>\n\t<\/div>\n\t<div class=\"fusion-post-content-wrapper\" style=\"padding:30px 25px 20px 25px;\"><div class=\"fusion-post-content post-content\"><h2 class=\"blog-shortcode-post-title entry-title\"><a href=\"https:\/\/alde.lu\/?p=43213\">GREEN CITIES AND SUSTAINABLE URBANISM : Yesterday, Today, and Tomorrow<\/a><\/h2><p class=\"fusion-single-line-meta\"><span class=\"vcard\" style=\"display: none;\"><span class=\"fn\"><a href=\"https:\/\/alde.lu\/?author=3\" title=\"Posts by Gerard Schockmel\" rel=\"author\">Gerard Schockmel<\/a><\/span><\/span><span class=\"updated\" style=\"display:none;\">2026-04-01T01:41:06+02:00<\/span><a href=\"https:\/\/alde.lu\/?cat=5\" rel=\"category\">Conf\u00e9rence-d\u00e9bat<\/a><span class=\"fusion-inline-sep\">|<\/span><\/p><div class=\"fusion-content-sep sep-double sep-solid\"><\/div><div class=\"fusion-post-content-container\"><p> Conf\u00e9rence \u00ab\u00a0GREEN CITIES AND SUSTAINABLE URBANISM : Yesterday, Today, and Tomorrow\u00a0\u00bb Inscription\u00a0: Les personnes qui d\u00e9sirent participer \u00e0 cette conf\u00e9rence sont pri\u00e9es d\u2019utiliser le lien figurant sur le formulaire d\u2019inscription en annexe ou en<\/p><\/div><\/div><div class=\"fusion-meta-info\"><div class=\"fusion-alignleft\"><a class=\"fusion-read-more\" href=\"https:\/\/alde.lu\/?p=43213\" aria-label=\"More on GREEN CITIES AND SUSTAINABLE URBANISM : Yesterday, Today, and Tomorrow\">Read More<\/a><\/div><\/div><\/div><div class=\"fusion-clearfix\"><\/div><\/div>\n<\/article>\n<article id=\"blog-1-post-43197\" class=\"fusion-post-grid post-43197 post type-post status-publish format-standard has-post-thumbnail hentry category-conference-debat tag-24\">\n<div class=\"fusion-post-wrapper\" style=\"background-color:rgba(235,235,210,1);border:1px solid #ebeaea;border-bottom-width:3px;\">\n\n\t\t\t<div class=\"fusion-flexslider flexslider fusion-flexslider-loading fusion-post-slideshow\" style=\"border-color:#ebeaea;\">\n\t\t<ul class=\"slides\">\n\t\t\t\n\t\t\t\t\t\t\t\t\t\t\t\t\t\t<li><div  class=\"fusion-image-wrapper\" aria-haspopup=\"true\">\n\t\t\t\t\t\t\t<a href=\"https:\/\/alde.lu\/?p=43197\" aria-label=\"La place de l\u2019environnement dans la Constitution\">\n\t\t\t\t\t\t\t<img decoding=\"async\" width=\"1535\" height=\"806\" src=\"https:\/\/alde.lu\/wp\/wp-content\/uploads\/2026\/04\/c86ed165-be52-40df-8c2d-3e431867b838.png\" class=\"attachment-full size-full wp-post-image\" alt=\"\" srcset=\"https:\/\/alde.lu\/wp\/wp-content\/uploads\/2026\/04\/c86ed165-be52-40df-8c2d-3e431867b838-200x105.png 200w, https:\/\/alde.lu\/wp\/wp-content\/uploads\/2026\/04\/c86ed165-be52-40df-8c2d-3e431867b838-400x210.png 400w, https:\/\/alde.lu\/wp\/wp-content\/uploads\/2026\/04\/c86ed165-be52-40df-8c2d-3e431867b838-600x315.png 600w, https:\/\/alde.lu\/wp\/wp-content\/uploads\/2026\/04\/c86ed165-be52-40df-8c2d-3e431867b838-800x420.png 800w, https:\/\/alde.lu\/wp\/wp-content\/uploads\/2026\/04\/c86ed165-be52-40df-8c2d-3e431867b838-1200x630.png 1200w, https:\/\/alde.lu\/wp\/wp-content\/uploads\/2026\/04\/c86ed165-be52-40df-8c2d-3e431867b838.png 1535w\" sizes=\"(min-width: 2200px) 100vw, (min-width: 784px) 340px, (min-width: 712px) 510px, (min-width: 640px) 712px, \" \/>\t\t\t<\/a>\n\t\t\t\t\t\t\t<\/div>\n<\/li>\n\t\t\t\n\t\t\t\n\t\t\t\t\t\t\t\t\t\t\t\t\t\t\t\t\t\t\t\t\t\t\t\t\t\t\t\t\t\t\t\t\t\t\t\t\t\t\t\t\t\t\t\t\t\t\t\t\t\t\t\t\t\t\t\t\t\t\t\t\t\t\t\t\t\t\t\t<\/ul>\n\t<\/div>\n\t<div class=\"fusion-post-content-wrapper\" style=\"padding:30px 25px 20px 25px;\"><div class=\"fusion-post-content post-content\"><h2 class=\"blog-shortcode-post-title entry-title\"><a href=\"https:\/\/alde.lu\/?p=43197\">La place de l\u2019environnement dans la Constitution<\/a><\/h2><p class=\"fusion-single-line-meta\"><span class=\"vcard\" style=\"display: none;\"><span class=\"fn\"><a href=\"https:\/\/alde.lu\/?author=3\" title=\"Posts by Gerard Schockmel\" rel=\"author\">Gerard Schockmel<\/a><\/span><\/span><span class=\"updated\" style=\"display:none;\">2026-04-29T07:13:43+02:00<\/span><a href=\"https:\/\/alde.lu\/?cat=5\" rel=\"category\">Conf\u00e9rence-d\u00e9bat<\/a><span class=\"fusion-inline-sep\">|<\/span><\/p><div class=\"fusion-content-sep sep-double sep-solid\"><\/div><div class=\"fusion-post-content-container\"><p> Conf\u00e9rence \u00ab\u00a0La place de l\u2019environnement dans la Constitution Aspects compar\u00e9s : examen des Constitutions allemande, belge, fran\u00e7aise et luxembourgeoise\u00a0\u00bb \u00a0 Pr\u00e9sentation par : Pour le droit luxembourgeois\u00a0:\u00a0\u00a0 Monsieur Hicham Rassafi-Guibal Avocat \u00e0 la Cour<\/p><\/div><\/div><div class=\"fusion-meta-info\"><div class=\"fusion-alignleft\"><a class=\"fusion-read-more\" href=\"https:\/\/alde.lu\/?p=43197\" aria-label=\"More on La place de l\u2019environnement dans la Constitution\">Read More<\/a><\/div><\/div><\/div><div class=\"fusion-clearfix\"><\/div><\/div>\n<\/article>\n<article id=\"blog-1-post-43140\" class=\"fusion-post-grid post-43140 post type-post status-publish format-standard has-post-thumbnail hentry category-conference-debat tag-24\">\n<div class=\"fusion-post-wrapper\" style=\"background-color:rgba(235,235,210,1);border:1px solid #ebeaea;border-bottom-width:3px;\">\n\n\t\t\t<div class=\"fusion-flexslider flexslider fusion-flexslider-loading fusion-post-slideshow\" style=\"border-color:#ebeaea;\">\n\t\t<ul class=\"slides\">\n\t\t\t\n\t\t\t\t\t\t\t\t\t\t\t\t\t\t<li><div  class=\"fusion-image-wrapper\" aria-haspopup=\"true\">\n\t\t\t\t\t\t\t<a href=\"https:\/\/alde.lu\/?p=43140\" aria-label=\"G\u00e9oportail : fonctions essentielles et nouveaut\u00e9s\">\n\t\t\t\t\t\t\t<img decoding=\"async\" width=\"2560\" height=\"1333\" src=\"https:\/\/alde.lu\/wp\/wp-content\/uploads\/2021\/09\/210923-Gepoprtail-scaled.jpg\" class=\"attachment-full size-full wp-post-image\" alt=\"\" srcset=\"https:\/\/alde.lu\/wp\/wp-content\/uploads\/2021\/09\/210923-Gepoprtail-200x104.jpg 200w, https:\/\/alde.lu\/wp\/wp-content\/uploads\/2021\/09\/210923-Gepoprtail-400x208.jpg 400w, https:\/\/alde.lu\/wp\/wp-content\/uploads\/2021\/09\/210923-Gepoprtail-600x312.jpg 600w, https:\/\/alde.lu\/wp\/wp-content\/uploads\/2021\/09\/210923-Gepoprtail-800x417.jpg 800w, https:\/\/alde.lu\/wp\/wp-content\/uploads\/2021\/09\/210923-Gepoprtail-1200x625.jpg 1200w, https:\/\/alde.lu\/wp\/wp-content\/uploads\/2021\/09\/210923-Gepoprtail-scaled.jpg 2560w\" sizes=\"(min-width: 2200px) 100vw, (min-width: 784px) 340px, (min-width: 712px) 510px, (min-width: 640px) 712px, \" \/>\t\t\t<\/a>\n\t\t\t\t\t\t\t<\/div>\n<\/li>\n\t\t\t\n\t\t\t\n\t\t\t\t\t\t\t\t\t\t\t\t\t\t\t\t\t\t\t\t\t\t\t\t\t\t\t\t\t\t\t\t\t\t\t\t\t\t\t\t\t\t\t\t\t\t\t\t\t\t\t\t\t\t\t\t\t\t\t\t\t\t\t\t\t\t\t\t<\/ul>\n\t<\/div>\n\t<div class=\"fusion-post-content-wrapper\" style=\"padding:30px 25px 20px 25px;\"><div class=\"fusion-post-content post-content\"><h2 class=\"blog-shortcode-post-title entry-title\"><a href=\"https:\/\/alde.lu\/?p=43140\">G\u00e9oportail : fonctions essentielles et nouveaut\u00e9s<\/a><\/h2><p class=\"fusion-single-line-meta\"><span class=\"vcard\" style=\"display: none;\"><span class=\"fn\"><a href=\"https:\/\/alde.lu\/?author=3\" title=\"Posts by Gerard Schockmel\" rel=\"author\">Gerard Schockmel<\/a><\/span><\/span><span class=\"updated\" style=\"display:none;\">2026-03-18T11:46:04+02:00<\/span><a href=\"https:\/\/alde.lu\/?cat=5\" rel=\"category\">Conf\u00e9rence-d\u00e9bat<\/a><span class=\"fusion-inline-sep\">|<\/span><\/p><div class=\"fusion-content-sep sep-double sep-solid\"><\/div><div class=\"fusion-post-content-container\"><p> Conf\u00e9rence \u00ab G\u00e9oportail : fonctions essentielles et nouveaut\u00e9s \u00bb \u00a0 Pr\u00e9sentation par Madame Danielle HORPER Charg\u00e9e de gestion, Responsable du contenu du G\u00e9oportail aupr\u00e8s de l\u2019Administration du Cadastre et de la Topographie Monsieur Jeff<\/p><\/div><\/div><div class=\"fusion-meta-info\"><div class=\"fusion-alignleft\"><a class=\"fusion-read-more\" href=\"https:\/\/alde.lu\/?p=43140\" aria-label=\"More on G\u00e9oportail : fonctions essentielles et nouveaut\u00e9s\">Read More<\/a><\/div><\/div><\/div><div class=\"fusion-clearfix\"><\/div><\/div>\n<\/article>\n<div class=\"fusion-clearfix\"><\/div><\/div><div class=\"fusion-infinite-scroll-trigger\"><\/div><div class=\"pagination infinite-scroll clearfix\" style=\"display:none;\"><span class=\"current\">1<\/span><a href=\"https:\/\/alde.lu\/index.php?rest_route=%2Fwp%2Fv2%2Fpages%2F7&#038;paged=2\" class=\"inactive\">2<\/a><a class=\"pagination-next\" rel=\"next\" href=\"https:\/\/alde.lu\/index.php?rest_route=%2Fwp%2Fv2%2Fpages%2F7&#038;paged=2\"><span class=\"page-text\">Next<\/span><span class=\"page-next\"><\/span><\/a><\/div><div class=\"fusion-clearfix\"><\/div><button class=\"fusion-load-more-button fusion-blog-button fusion-clearfix\">Load More Posts<\/button><\/div><\/div><\/div><div class=\"fusion-clearfix\"><\/div><\/div><\/div><\/div><\/div><div class=\"fusion-fullwidth fullwidth-box fusion-builder-row-3 nonhundred-percent-fullwidth non-hundred-percent-height-scrolling\" style=\"--awb-border-radius-top-left:0px;--awb-border-radius-top-right:0px;--awb-border-radius-bottom-right:0px;--awb-border-radius-bottom-left:0px;--awb-flex-wrap:wrap;\" ><div class=\"fusion-builder-row fusion-row\"><div class=\"fusion-layout-column fusion_builder_column fusion-builder-column-2 fusion_builder_column_1_1 1_1 fusion-one-full fusion-column-first fusion-column-last\" style=\"--awb-bg-size:cover;--awb-margin-bottom:0px;\"><div class=\"fusion-column-wrapper fusion-flex-column-wrapper-legacy\">\n<div class=\"fusion-slider-revolution rev_slider_wrapper\">\t\t\t<!-- START Devenir Membre REVOLUTION SLIDER 6.7.40 --><p class=\"rs-p-wp-fix\"><\/p>\n\t\t\t<rs-module-wrap id=\"rev_slider_13_1_wrapper\" data-source=\"gallery\" style=\"visibility:hidden;background:transparent;padding:0;\">\n\t\t\t\t<rs-module id=\"rev_slider_13_1\" style=\"\" data-version=\"6.7.40\">\n\t\t\t\t\t<rs-slides style=\"overflow: hidden; position: absolute;\">\n\t\t\t\t\t\t<rs-slide style=\"position: absolute;\" data-key=\"rs-22\" data-title=\"Intro\" data-anim=\"ms:-20;\" data-in=\"y:100%;e:power3.inOut;\" data-out=\"e:power3.inOut;\">\n\t\t\t\t\t\t\t<img decoding=\"async\" src=\"\/\/alde.lu\/wp\/wp-content\/plugins\/revslider\/sr6\/assets\/assets\/dummy.png\" alt=\"\" title=\"tp_vid_clouds-1.jpg\" width=\"1920\" height=\"1080\" class=\"rev-slidebg tp-rs-img rs-lazyload\" data-lazyload=\"\/\/alde.lu\/wp\/wp-content\/uploads\/revslider\/innovation\/tp_vid_clouds-1.jpg\" data-parallax=\"5\" data-no-retina>\n\t\t\t\t\t\t\t<rs-bgvideo \n\t\t\t\t\t\t\t\tdata-video=\"w:100%;h:100%;nse:false;l:loop;ptimer:true;vfc:true;\"\n\t\t\t\t\t\t\t\tdata-mp4=\"\/\/alde.lu\/wp\/wp-content\/uploads\/revslider\/innovation\/tp_vid_clouds.mp4\"\n\t\t\t\t\t\t\t><\/rs-bgvideo>\n<!--\n\t\t\t\t\t\t\t--><rs-layer\n\t\t\t\t\t\t\t\tid=\"slider-13-slide-22-layer-1\" \n\t\t\t\t\t\t\t\tclass=\"tp-shape tp-shapewrapper\"\n\t\t\t\t\t\t\t\tdata-type=\"shape\"\n\t\t\t\t\t\t\t\tdata-rsp_ch=\"on\"\n\t\t\t\t\t\t\t\tdata-xy=\"x:c;xo:1px;y:m;yo:1px;\"\n\t\t\t\t\t\t\t\tdata-dim=\"w:100%;h:100%;\"\n\t\t\t\t\t\t\t\tdata-basealign=\"slide\"\n\t\t\t\t\t\t\t\tdata-frame_0=\"tp:600;\"\n\t\t\t\t\t\t\t\tdata-frame_1=\"tp:600;st:0;sp:1000;\"\n\t\t\t\t\t\t\t\tdata-frame_999=\"y:top;tp:600;st:w;sp:2200;sR:8000.00061035;\"\n\t\t\t\t\t\t\t\tstyle=\"z-index:5;background-color:rgba(38,43,57,0.65);\"\n\t\t\t\t\t\t\t> \n\t\t\t\t\t\t\t<\/rs-layer><!--\n\n\t\t\t\t\t\t\t--><rs-layer\n\t\t\t\t\t\t\t\tid=\"slider-13-slide-22-layer-3\" \n\t\t\t\t\t\t\t\tclass=\"tp-giveeffect\"\n\t\t\t\t\t\t\t\tdata-type=\"text\"\n\t\t\t\t\t\t\t\tdata-color=\"rgba(255, 255, 255, 1)\"\n\t\t\t\t\t\t\t\tdata-rsp_ch=\"on\"\n\t\t\t\t\t\t\t\tdata-xy=\"xo:227px,165px,-4px,111px;yo:480px,422px,458px,236px;\"\n\t\t\t\t\t\t\t\tdata-text=\"w:normal;s:60,60,50,36;l:70,70,60,50;fw:300;a:center;\"\n\t\t\t\t\t\t\t\tdata-dim=\"w:317px,317px,400px,271px;h:210px,210px,auto,156px;\"\n\t\t\t\t\t\t\t\tdata-frame_0=\"y:50px;tp:600;\"\n\t\t\t\t\t\t\t\tdata-frame_1=\"tp:600;e:power4.out;st:1250;sp:2500;sR:1250;\"\n\t\t\t\t\t\t\t\tdata-frame_999=\"o:0;tp:600;e:power4.in;st:w;sp:1500;sR:5250.00061035;\"\n\t\t\t\t\t\t\t\tstyle=\"z-index:6;font-family:'Lato';\"\n\t\t\t\t\t\t\t>Devenez<br\/>\nmembre<br \/>\nde l'ALDE \n\t\t\t\t\t\t\t<\/rs-layer><!--\n\n\t\t\t\t\t\t\t--><rs-layer\n\t\t\t\t\t\t\t\tid=\"slider-13-slide-22-layer-5\" \n\t\t\t\t\t\t\t\tclass=\"tp-giveeffect\"\n\t\t\t\t\t\t\t\tdata-type=\"text\"\n\t\t\t\t\t\t\t\tdata-color=\"rgba(255, 255, 255, 1)\"\n\t\t\t\t\t\t\t\tdata-rsp_ch=\"on\"\n\t\t\t\t\t\t\t\tdata-xy=\"xo:712px,575px,459px,141px;yo:529px,447px,495px,484px;\"\n\t\t\t\t\t\t\t\tdata-text=\"s:32,25,25,25;l:24;a:center;\"\n\t\t\t\t\t\t\t\tdata-actions='o:click;a:simplelink;target:_self;url:http:\/\/alde.lu\/wp\/?page_id=155;'\n\t\t\t\t\t\t\t\tdata-frame_0=\"y:10px;tp:600;\"\n\t\t\t\t\t\t\t\tdata-frame_1=\"tp:600;e:power3.out;st:2250;sp:1500;sR:2250;\"\n\t\t\t\t\t\t\t\tdata-frame_999=\"o:0;tp:600;e:power4.in;st:w;sp:1500;sR:5250.00061035;\"\n\t\t\t\t\t\t\t\tdata-frame_hover=\"c:#e1e15a;oX:50;oY:50;e:power1.inOut;\"\n\t\t\t\t\t\t\t\tstyle=\"z-index:7;font-family:'Lato';cursor:pointer;\"\n\t\t\t\t\t\t\t>Personne physique <i class=\"fa-angle-right\" style=\"margin-left:2px;\"><\/i> \n\t\t\t\t\t\t\t<\/rs-layer><!--\n\n\t\t\t\t\t\t\t--><rs-layer\n\t\t\t\t\t\t\t\tid=\"slider-13-slide-22-layer-10\" \n\t\t\t\t\t\t\t\tdata-type=\"text\"\n\t\t\t\t\t\t\t\tdata-rsp_ch=\"on\"\n\t\t\t\t\t\t\t\tdata-xy=\"xo:711px,575px,461px,152px;yo:605px,527px,581px,588px;\"\n\t\t\t\t\t\t\t\tdata-text=\"s:32,25,25,25;l:24;a:inherit;\"\n\t\t\t\t\t\t\t\tdata-actions='o:click;a:simplelink;target:_self;url:http:\/\/alde.lu\/wp\/?page_id=157;'\n\t\t\t\t\t\t\t\tdata-frame_0=\"tp:600;\"\n\t\t\t\t\t\t\t\tdata-frame_1=\"tp:600;st:2250;sp:1500;sR:2250;\"\n\t\t\t\t\t\t\t\tdata-frame_999=\"o:0;tp:600;st:w;sp:1510;sR:5250.00061035;\"\n\t\t\t\t\t\t\t\tdata-frame_hover=\"c:#e1e15a;bor:0px,0px,0px,0px;oX:50;oY:50;e:power1.inOut;\"\n\t\t\t\t\t\t\t\tstyle=\"z-index:8;font-family:'Lato';cursor:pointer;\"\n\t\t\t\t\t\t\t>Personne morale <i class=\"fa-angle-right\" style=\"margin-left:2px;\"><\/i> \n\t\t\t\t\t\t\t<\/rs-layer><!--\n\n\t\t\t\t\t\t\t--><rs-layer\n\t\t\t\t\t\t\t\tid=\"slider-13-slide-22-layer-14\" \n\t\t\t\t\t\t\t\tdata-type=\"image\"\n\t\t\t\t\t\t\t\tdata-rsp_ch=\"on\"\n\t\t\t\t\t\t\t\tdata-xy=\"xo:170px,7px,16px,14px;yo:88px,14px,32px,21px;\"\n\t\t\t\t\t\t\t\tdata-text=\"l:22;a:inherit;\"\n\t\t\t\t\t\t\t\tdata-dim=\"w:892px,892px,765px,451px;h:322px,322px,276px,163px;\"\n\t\t\t\t\t\t\t\tdata-frame_0=\"tp:600;\"\n\t\t\t\t\t\t\t\tdata-frame_1=\"tp:600;st:0;sp:9420;\"\n\t\t\t\t\t\t\t\tdata-frame_999=\"o:0;tp:600;st:w;sp:2190;sR:-419.999389648;\"\n\t\t\t\t\t\t\t\tstyle=\"z-index:9;\"\n\t\t\t\t\t\t\t><img decoding=\"async\" src=\"\/\/alde.lu\/wp\/wp-content\/plugins\/revslider\/sr6\/assets\/assets\/dummy.png\" alt=\"\" class=\"tp-rs-img rs-lazyload\" width=\"892\" height=\"322\" data-lazyload=\"\/\/alde.lu\/wp\/wp-content\/uploads\/2018\/09\/logo_inverted_2x.png\" data-no-retina> \n\t\t\t\t\t\t\t<\/rs-layer><!--\n-->\t\t\t\t\t<\/rs-slide>\n\t\t\t\t\t<\/rs-slides>\n\t\t\t\t\t<rs-static-layers class=\"rs-stl-visible\"><!--\n\n\t\t\t\t\t\t\t--><rs-layer\n\t\t\t\t\t\t\t\tid=\"slider-13-slide-10-layer-10\" \n\t\t\t\t\t\t\t\tclass=\"rs-svg rs-layer-static\"\n\t\t\t\t\t\t\t\tdata-type=\"svg\"\n\t\t\t\t\t\t\t\tdata-color=\"rgba(255, 255, 255, 1)\"\n\t\t\t\t\t\t\t\tdata-xy=\"x:c;y:b;yo:20px;\"\n\t\t\t\t\t\t\t\tdata-dim=\"w:50px;h:50px;\"\n\t\t\t\t\t\t\t\tdata-actions='o:click;a:scrollbelow;sp:300;e:none;'\n\t\t\t\t\t\t\t\tdata-svg_src=\"\/\/alde.lu\/wp\/wp-content\/plugins\/revslider\/public\/assets\/svg\/hardware\/ic_keyboard_arrow_down_24px.svg\"\n\t\t\t\t\t\t\t\tdata-svgi=\"c:rgba(255, 255, 255, 1);\"\n\t\t\t\t\t\t\t\tdata-basealign=\"slide\"\n\t\t\t\t\t\t\t\tdata-rsp_o=\"off\"\n\t\t\t\t\t\t\t\tdata-rsp_bd=\"off\"\n\t\t\t\t\t\t\t\tdata-onslides=\"s:1;\"\n\t\t\t\t\t\t\t\tdata-frame_0=\"y:50px;tp:600;\"\n\t\t\t\t\t\t\t\tdata-frame_1=\"tp:600;st:2500;sp:2000;sR:2500;\"\n\t\t\t\t\t\t\t\tdata-frame_999=\"o:0;tp:600;e:nothing;st:w;sR:4500.00061035;\"\n\t\t\t\t\t\t\t\tdata-loop_0=\"y:-5;\"\n\t\t\t\t\t\t\t\tdata-loop_999=\"y:5;sp:2000;e:power1.inOut;yym:t;yys:t;yyf:t;\"\n\t\t\t\t\t\t\t\tstyle=\"z-index:18;font-family:'';cursor:pointer;\"\n\t\t\t\t\t\t\t> \n\t\t\t\t\t\t\t<\/rs-layer><!--\n\t\t\t\t\t--><\/rs-static-layers>\n\t\t\t\t<\/rs-module>\n\t\t\t\t<script>\n\t\t\t\t\tsetREVStartSize({c: 'rev_slider_13_1',rl:[1240,1024,768,480],el:[],gw:[1240,1024,778,480],gh:[868,768,960,720],type:'standard',justify:'',layout:'fullscreen',offsetContainer:'',offset:'',mh:\"0\"});if (window.RS_MODULES!==undefined && window.RS_MODULES.modules!==undefined && window.RS_MODULES.modules[\"revslider131\"]!==undefined) {window.RS_MODULES.modules[\"revslider131\"].once = false;window.revapi13 = undefined;if (window.RS_MODULES.checkMinimal!==undefined) window.RS_MODULES.checkMinimal()}\n\t\t\t\t<\/script>\n\t\t\t<\/rs-module-wrap>\n\t\t\t<!-- END REVOLUTION SLIDER -->\n<\/div><div class=\"fusion-clearfix\"><\/div><\/div><\/div><\/div><\/div><\/p>\n","protected":false},"excerpt":{"rendered":"","protected":false},"author":3,"featured_media":0,"parent":0,"menu_order":0,"comment_status":"closed","ping_status":"closed","template":"100-width.php","meta":{"footnotes":""},"class_list":["post-7","page","type-page","status-publish","hentry"],"_links":{"self":[{"href":"https:\/\/alde.lu\/index.php?rest_route=\/wp\/v2\/pages\/7","targetHints":{"allow":["GET"]}}],"collection":[{"href":"https:\/\/alde.lu\/index.php?rest_route=\/wp\/v2\/pages"}],"about":[{"href":"https:\/\/alde.lu\/index.php?rest_route=\/wp\/v2\/types\/page"}],"author":[{"embeddable":true,"href":"https:\/\/alde.lu\/index.php?rest_route=\/wp\/v2\/users\/3"}],"replies":[{"embeddable":true,"href":"https:\/\/alde.lu\/index.php?rest_route=%2Fwp%2Fv2%2Fcomments&post=7"}],"version-history":[{"count":117,"href":"https:\/\/alde.lu\/index.php?rest_route=\/wp\/v2\/pages\/7\/revisions"}],"predecessor-version":[{"id":43221,"href":"https:\/\/alde.lu\/index.php?rest_route=\/wp\/v2\/pages\/7\/revisions\/43221"}],"wp:attachment":[{"href":"https:\/\/alde.lu\/index.php?rest_route=%2Fwp%2Fv2%2Fmedia&parent=7"}],"curies":[{"name":"wp","href":"https:\/\/api.w.org\/{rel}","templated":true}]}}